{"id":236,"date":"2021-05-18T20:00:37","date_gmt":"2021-05-18T20:00:37","guid":{"rendered":"https:\/\/venezuelaprimero.org\/website\/?page_id=236"},"modified":"2025-12-02T11:17:22","modified_gmt":"2025-12-02T15:17:22","slug":"escuela-dominical-y-discipulado","status":"publish","type":"page","link":"https:\/\/venezuelaprimero.org\/website\/escuela-dominical-y-discipulado\/","title":{"rendered":"ESCUELA DOMINICAL Y DISCIPULADO"},"content":{"rendered":"<p>[et_pb_section fb_built=&#8221;1&#8243; next_background_color=&#8221;#ffffff&#8221; _builder_version=&#8221;4.16&#8243; _module_preset=&#8221;default&#8221; background_enable_color=&#8221;off&#8221; use_background_color_gradient=&#8221;on&#8221; background_color_gradient_type=&#8221;circular&#8221; background_color_gradient_stops=&#8221;rgba(0,0,0,0.31) 0%|rgba(0,0,0,0) 100%&#8221; background_color_gradient_overlays_image=&#8221;on&#8221; background_color_gradient_start=&#8221;rgba(0,0,0,0.31)&#8221; background_color_gradient_end=&#8221;rgba(0,0,0,0)&#8221; background_image=&#8221;https:\/\/venezuelaprimero.org\/website\/wp-content\/uploads\/2021\/05\/miedd-1.jpg&#8221; height=&#8221;457px&#8221; bottom_divider_style=&#8221;curve&#8221; bottom_divider_height=&#8221;160px&#8221; bottom_divider_flip=&#8221;vertical&#8221; global_colors_info=&#8221;{}&#8221;][et_pb_row _builder_version=&#8221;4.16&#8243; _module_preset=&#8221;default&#8221; global_colors_info=&#8221;{}&#8221;][et_pb_column type=&#8221;4_4&#8243; _builder_version=&#8221;4.16&#8243; _module_preset=&#8221;default&#8221; global_colors_info=&#8221;{}&#8221;][et_pb_image src=&#8221;https:\/\/venezuelaprimero.org\/website\/wp-content\/uploads\/2023\/01\/dni-black-2.jpg&#8221; title_text=&#8221;dni-black&#8221; align=&#8221;center&#8221; module_class=&#8221;redonda&#8221; _builder_version=&#8221;4.19.2&#8243; _dynamic_attributes=&#8221;background_image&#8221; _module_preset=&#8221;default&#8221; background_image=&#8221;@ET-DC@eyJkeW5hbWljIjp0cnVlLCJjb250ZW50IjoicG9zdF9mZWF0dXJlZF9pbWFnZSIsInNldHRpbmdzIjp7fX0=@&#8221; width=&#8221;350px&#8221; width_tablet=&#8221;&#8221; width_phone=&#8221;100%&#8221; width_last_edited=&#8221;on|desktop&#8221; module_alignment=&#8221;center&#8221; min_height=&#8221;350px&#8221; height=&#8221;350px&#8221; custom_css_main_element=&#8221;border-radius:100%;&#8221; border_radii=&#8221;on|100%|100%|100%|100%&#8221; global_colors_info=&#8221;{}&#8221;][\/et_pb_image][\/et_pb_column][\/et_pb_row][\/et_pb_section][et_pb_section fb_built=&#8221;1&#8243; _builder_version=&#8221;4.16&#8243; _module_preset=&#8221;default&#8221; custom_margin=&#8221;||2px|||&#8221; custom_padding=&#8221;56px|||||&#8221; global_colors_info=&#8221;{}&#8221;][et_pb_row column_structure=&#8221;2_3,1_3&#8243; _builder_version=&#8221;4.16&#8243; _module_preset=&#8221;default&#8221; global_colors_info=&#8221;{}&#8221;][et_pb_column type=&#8221;2_3&#8243; _builder_version=&#8221;4.16&#8243; _module_preset=&#8221;default&#8221; global_colors_info=&#8221;{}&#8221;][et_pb_text _builder_version=&#8221;4.16&#8243; _module_preset=&#8221;default&#8221; header_2_text_color=&#8221;#0C71C3&#8243; header_2_font_size=&#8221;35px&#8221; global_colors_info=&#8221;{}&#8221;]<\/p>\n<h2 class=\"elementor-heading-title elementor-size-default\">Discipulado Nazareno Internacional<br \/>\n<\/h2>\n<p>[\/et_pb_text][et_pb_text _builder_version=&#8221;4.16&#8243; _module_preset=&#8221;default&#8221; global_colors_info=&#8221;{}&#8221;]<\/p>\n<div class=\"elementor-element elementor-element-f0a0186 elementor-widget elementor-widget-text-editor\" data-id=\"f0a0186\" data-element_type=\"widget\" data-widget_type=\"text-editor.default\">\n<div class=\"elementor-widget-container\">\n<div class=\"elementor-text-editor elementor-clearfix\">\n<p>Ministerios\u00a0Internacionales\u00a0de Escuela Dominical y Discipulado\u00a0(MIEDD) en la Regi\u00f3n Am\u00e9rica del Sur es un ministerio de la Iglesia del Nazareno conformado por muchos ministerios dirigidos a las personas de diferentes edades. La misi\u00f3n de MIEDD consiste en:<\/p>\n<p>Cumplir la Gran Comisi\u00f3n entre los ni\u00f1os, j\u00f3venes y adultos a fin de prepararlos para una vida de santidad cristiana.<br \/> Como iglesia del Se\u00f1or, por medio de la Gran Comisi\u00f3n, entendemos que debemos ir a TODOS, hacerlos DISC\u00cdPULOS, ense\u00f1arles TODA la Palabra de Dios y confiar en que\u00a0Dios estar\u00e1 con nosotros SIEMPRE.<span style=\"font-size: 18px;\">\u00a0<\/span><\/p>\n<\/div>\n<\/div>\n<\/div>\n<p>[\/et_pb_text][\/et_pb_column][et_pb_column type=&#8221;1_3&#8243; _builder_version=&#8221;4.16&#8243; _module_preset=&#8221;default&#8221; global_colors_info=&#8221;{}&#8221;][et_pb_team_member name=&#8221;Moraf Jim\u00e9nez&#8221; position=&#8221;Coordinadora Distrital de DNI&#8221; image_url=&#8221;https:\/\/venezuelaprimero.org\/website\/wp-content\/uploads\/2025\/12\/MORAF-1.png&#8221; module_class=&#8221;imagenTeam&#8221; _builder_version=&#8221;4.20.2&#8243; _module_preset=&#8221;default&#8221; header_font=&#8221;|700||on|||||&#8221; header_text_align=&#8221;center&#8221; header_font_size=&#8221;18px&#8221; body_text_align=&#8221;center&#8221; body_font_size=&#8221;17px&#8221; position_text_align=&#8221;center&#8221; width=&#8221;100%&#8221; max_width=&#8221;100%&#8221; module_alignment=&#8221;center&#8221; custom_margin=&#8221;|0px||0px|false|true&#8221; custom_padding=&#8221;|0px||0px|false|false&#8221; hover_enabled=&#8221;0&#8243; locked=&#8221;off&#8221; global_colors_info=&#8221;{}&#8221; sticky_enabled=&#8221;0&#8243;]<\/p>\n<p><a href=\"mailto:Morafjimenez@gmail.com\">Morafjimenez@gmail.com<\/a><\/p>\n<p>[\/et_pb_team_member][\/et_pb_column][\/et_pb_row][et_pb_row _builder_version=&#8221;4.16&#8243; _module_preset=&#8221;default&#8221; custom_padding=&#8221;3px|||||&#8221; global_colors_info=&#8221;{}&#8221;][et_pb_column type=&#8221;4_4&#8243; _builder_version=&#8221;4.16&#8243; _module_preset=&#8221;default&#8221; global_colors_info=&#8221;{}&#8221;][et_pb_text _builder_version=&#8221;4.16&#8243; _module_preset=&#8221;default&#8221; global_colors_info=&#8221;{}&#8221;]<\/p>\n<div class=\"elementor-element elementor-element-f0a0186 elementor-widget elementor-widget-text-editor\" data-id=\"f0a0186\" data-element_type=\"widget\" data-widget_type=\"text-editor.default\">\n<div class=\"elementor-widget-container\">\n<div class=\"elementor-text-editor elementor-clearfix\">\n<p>De esta misi\u00f3n se desprenden seis prop\u00f3sitos importantes:<span style=\"font-size: 18px;\">\u00a0<\/span><\/p>\n<\/div>\n<\/div>\n<\/div>\n<p>[\/et_pb_text][\/et_pb_column][\/et_pb_row][et_pb_row column_structure=&#8221;1_3,1_3,1_3&#8243; _builder_version=&#8221;4.16&#8243; _module_preset=&#8221;default&#8221; custom_padding=&#8221;3px|||||&#8221; global_colors_info=&#8221;{}&#8221;][et_pb_column type=&#8221;1_3&#8243; _builder_version=&#8221;4.16&#8243; _module_preset=&#8221;default&#8221; global_colors_info=&#8221;{}&#8221;][et_pb_text _builder_version=&#8221;4.16&#8243; _module_preset=&#8221;default&#8221; text_text_color=&#8221;#FFFFFF&#8221; use_background_color_gradient=&#8221;on&#8221; background_color_gradient_stops=&#8221;rgba(43,135,218,0.86) 0%|rgba(41,196,169,0.71) 100%&#8221; background_color_gradient_start=&#8221;rgba(43,135,218,0.86)&#8221; background_color_gradient_end=&#8221;rgba(41,196,169,0.71)&#8221; custom_padding=&#8221;20px|20px|20px|20px|true|false&#8221; text_text_shadow_style=&#8221;preset1&#8243; global_colors_info=&#8221;{}&#8221;]<\/p>\n<div class=\"elementor-element elementor-element-f0a0186 elementor-widget elementor-widget-text-editor\" data-id=\"f0a0186\" data-element_type=\"widget\" data-widget_type=\"text-editor.default\">\n<div class=\"elementor-widget-container\">\n<div class=\"elementor-text-editor elementor-clearfix\">\n<p>1. Localizar y ganar para Cristo, el mayor n\u00famero posible de personas que no asisten a la iglesia.<\/p>\n<\/div>\n<\/div>\n<\/div>\n<p>[\/et_pb_text][\/et_pb_column][et_pb_column type=&#8221;1_3&#8243; _builder_version=&#8221;4.16&#8243; _module_preset=&#8221;default&#8221; global_colors_info=&#8221;{}&#8221;][et_pb_text _builder_version=&#8221;4.16&#8243; _module_preset=&#8221;default&#8221; text_text_color=&#8221;#FFFFFF&#8221; use_background_color_gradient=&#8221;on&#8221; background_color_gradient_stops=&#8221;rgba(43,135,218,0.86) 0%|rgba(41,196,169,0.71) 100%&#8221; background_color_gradient_start=&#8221;rgba(43,135,218,0.86)&#8221; background_color_gradient_end=&#8221;rgba(41,196,169,0.71)&#8221; custom_padding=&#8221;20px|20px|20px|20px|true|false&#8221; text_text_shadow_style=&#8221;preset1&#8243; global_colors_info=&#8221;{}&#8221;]<\/p>\n<div class=\"elementor-element elementor-element-f0a0186 elementor-widget elementor-widget-text-editor\" data-id=\"f0a0186\" data-element_type=\"widget\" data-widget_type=\"text-editor.default\">\n<div class=\"elementor-widget-container\">\n<div class=\"elementor-text-editor elementor-clearfix\">\n<p>2. Lograr que las personas nuevas sean integradas al compa\u00f1erismo de la iglesia.<\/p>\n<\/div>\n<\/div>\n<\/div>\n<p>[\/et_pb_text][\/et_pb_column][et_pb_column type=&#8221;1_3&#8243; _builder_version=&#8221;4.16&#8243; _module_preset=&#8221;default&#8221; global_colors_info=&#8221;{}&#8221;][et_pb_text _builder_version=&#8221;4.16&#8243; _module_preset=&#8221;default&#8221; text_text_color=&#8221;#FFFFFF&#8221; use_background_color_gradient=&#8221;on&#8221; background_color_gradient_stops=&#8221;rgba(43,135,218,0.86) 0%|rgba(41,196,169,0.71) 100%&#8221; background_color_gradient_start=&#8221;rgba(43,135,218,0.86)&#8221; background_color_gradient_end=&#8221;rgba(41,196,169,0.71)&#8221; custom_padding=&#8221;20px|20px|20px|20px|true|false&#8221; text_text_shadow_style=&#8221;preset1&#8243; global_colors_info=&#8221;{}&#8221;]<\/p>\n<div class=\"elementor-element elementor-element-f0a0186 elementor-widget elementor-widget-text-editor\" data-id=\"f0a0186\" data-element_type=\"widget\" data-widget_type=\"text-editor.default\">\n<div class=\"elementor-widget-container\">\n<div class=\"elementor-text-editor elementor-clearfix\">\n<p>3. Ense\u00f1ar la Palabra de Dios en forma efectiva, para conducir a las personas a la salvaci\u00f3n y\u00a0a la experiencia de la Entera Santificaci\u00f3n.<\/p>\n<\/div>\n<\/div>\n<\/div>\n<p>[\/et_pb_text][\/et_pb_column][\/et_pb_row][et_pb_row column_structure=&#8221;1_3,1_3,1_3&#8243; _builder_version=&#8221;4.16&#8243; _module_preset=&#8221;default&#8221; custom_padding=&#8221;3px|||||&#8221; global_colors_info=&#8221;{}&#8221;][et_pb_column type=&#8221;1_3&#8243; _builder_version=&#8221;4.16&#8243; _module_preset=&#8221;default&#8221; global_colors_info=&#8221;{}&#8221;][et_pb_text _builder_version=&#8221;4.16&#8243; _module_preset=&#8221;default&#8221; text_text_color=&#8221;#FFFFFF&#8221; use_background_color_gradient=&#8221;on&#8221; background_color_gradient_stops=&#8221;rgba(43,135,218,0.86) 0%|rgba(41,196,169,0.71) 100%&#8221; background_color_gradient_start=&#8221;rgba(43,135,218,0.86)&#8221; background_color_gradient_end=&#8221;rgba(41,196,169,0.71)&#8221; custom_padding=&#8221;20px|20px|20px|20px|true|false&#8221; text_text_shadow_style=&#8221;preset1&#8243; global_colors_info=&#8221;{}&#8221;]<\/p>\n<div class=\"elementor-element elementor-element-f0a0186 elementor-widget elementor-widget-text-editor\" data-id=\"f0a0186\" data-element_type=\"widget\" data-widget_type=\"text-editor.default\">\n<div class=\"elementor-widget-container\">\n<div class=\"elementor-text-editor elementor-clearfix\">\n<p>4. Motivar y equipar a los creyentes para participar de un ministerio de discipulado.<\/p>\n<\/div>\n<\/div>\n<\/div>\n<p>[\/et_pb_text][\/et_pb_column][et_pb_column type=&#8221;1_3&#8243; _builder_version=&#8221;4.16&#8243; _module_preset=&#8221;default&#8221; global_colors_info=&#8221;{}&#8221;][et_pb_text _builder_version=&#8221;4.16&#8243; _module_preset=&#8221;default&#8221; text_text_color=&#8221;#FFFFFF&#8221; use_background_color_gradient=&#8221;on&#8221; background_color_gradient_stops=&#8221;rgba(43,135,218,0.86) 0%|rgba(41,196,169,0.71) 100%&#8221; background_color_gradient_start=&#8221;rgba(43,135,218,0.86)&#8221; background_color_gradient_end=&#8221;rgba(41,196,169,0.71)&#8221; custom_padding=&#8221;20px|20px|20px|20px|true|false&#8221; text_text_shadow_style=&#8221;preset1&#8243; global_colors_info=&#8221;{}&#8221;]<\/p>\n<div class=\"elementor-element elementor-element-f0a0186 elementor-widget elementor-widget-text-editor\" data-id=\"f0a0186\" data-element_type=\"widget\" data-widget_type=\"text-editor.default\">\n<div class=\"elementor-widget-container\">\n<div class=\"elementor-text-editor elementor-clearfix\">\n<p>5. Ense\u00f1ar las doctrinas de la fe cristiana reveladas en la Biblia e interpretadas en los Art\u00edculos de Fe de la Iglesia del Nazareno.<\/p>\n<\/div>\n<\/div>\n<\/div>\n<p>[\/et_pb_text][\/et_pb_column][et_pb_column type=&#8221;1_3&#8243; _builder_version=&#8221;4.16&#8243; _module_preset=&#8221;default&#8221; global_colors_info=&#8221;{}&#8221;][et_pb_text _builder_version=&#8221;4.16&#8243; _module_preset=&#8221;default&#8221; text_text_color=&#8221;#FFFFFF&#8221; use_background_color_gradient=&#8221;on&#8221; background_color_gradient_stops=&#8221;rgba(43,135,218,0.86) 0%|rgba(41,196,169,0.71) 100%&#8221; background_color_gradient_start=&#8221;rgba(43,135,218,0.86)&#8221; background_color_gradient_end=&#8221;rgba(41,196,169,0.71)&#8221; custom_padding=&#8221;20px|20px|20px|20px|true|false&#8221; text_text_shadow_style=&#8221;preset1&#8243; global_colors_info=&#8221;{}&#8221;]<\/p>\n<div class=\"elementor-element elementor-element-f0a0186 elementor-widget elementor-widget-text-editor\" data-id=\"f0a0186\" data-element_type=\"widget\" data-widget_type=\"text-editor.default\">\n<div class=\"elementor-widget-container\">\n<div class=\"elementor-text-editor elementor-clearfix\">\n<p>6. Preparar a los creyentes para entrar en la membres\u00eda de la Iglesia del Nazareno.<\/p>\n<\/div>\n<\/div>\n<\/div>\n<p>[\/et_pb_text][\/et_pb_column][\/et_pb_row][et_pb_row _builder_version=&#8221;4.16&#8243; _module_preset=&#8221;default&#8221; custom_padding=&#8221;3px|||||&#8221; global_colors_info=&#8221;{}&#8221;][et_pb_column type=&#8221;4_4&#8243; _builder_version=&#8221;4.16&#8243; _module_preset=&#8221;default&#8221; global_colors_info=&#8221;{}&#8221;][et_pb_text _builder_version=&#8221;4.16&#8243; _module_preset=&#8221;default&#8221; global_colors_info=&#8221;{}&#8221;]<\/p>\n<div class=\"elementor-element elementor-element-f0a0186 elementor-widget elementor-widget-text-editor\" data-id=\"f0a0186\" data-element_type=\"widget\" data-widget_type=\"text-editor.default\">\n<div class=\"elementor-widget-container\">\n<div class=\"elementor-text-editor elementor-clearfix\">\n<p>Para cumplir estos prop\u00f3sitos MIEDD se dividi\u00f3 en tres ministerios b\u00e1sicos:\u00a0Ministerio entre Ni\u00f1os, Ministerio de J\u00f3venes y Ministerio entre Adultos. Estos ministerios nos ayudar\u00e1n a cumplir la misi\u00f3n que Dios nos encomend\u00f3 con los diferentes grupos de edades.<\/p>\n<\/div>\n<\/div>\n<\/div>\n<p>[\/et_pb_text][\/et_pb_column][\/et_pb_row][\/et_pb_section]<\/p>\n","protected":false},"excerpt":{"rendered":"<p>Discipulado Nazareno Internacional Ministerios\u00a0Internacionales\u00a0de Escuela Dominical y Discipulado\u00a0(MIEDD) en la Regi\u00f3n Am\u00e9rica del Sur es un ministerio de la Iglesia del Nazareno conformado por muchos ministerios dirigidos a las personas de diferentes edades. La misi\u00f3n de MIEDD consiste en: Cumplir la Gran Comisi\u00f3n entre los ni\u00f1os, j\u00f3venes y adultos a fin de prepararlos para una [&hellip;]<\/p>\n","protected":false},"author":1,"featured_media":0,"parent":0,"menu_order":0,"comment_status":"closed","ping_status":"closed","template":"","meta":{"_acf_changed":false,"_et_pb_use_builder":"on","_et_pb_old_content":"","_et_gb_content_width":"","footnotes":""},"class_list":["post-236","page","type-page","status-publish","hentry"],"acf":[],"yoast_head":"<!-- This site is optimized with the Yoast SEO plugin v23.5 - https:\/\/yoast.com\/wordpress\/plugins\/seo\/ -->\n<title>ESCUELA DOMINICAL Y DISCIPULADO - Venezuela primero<\/title>\n<meta name=\"robots\" content=\"index, follow, max-snippet:-1, max-image-preview:large, max-video-preview:-1\" \/>\n<link rel=\"canonical\" href=\"https:\/\/venezuelaprimero.org\/website\/escuela-dominical-y-discipulado\/\" \/>\n<meta property=\"og:locale\" content=\"es_ES\" \/>\n<meta property=\"og:type\" content=\"article\" \/>\n<meta property=\"og:title\" content=\"ESCUELA DOMINICAL Y DISCIPULADO - Venezuela primero\" \/>\n<meta property=\"og:description\" content=\"Discipulado Nazareno Internacional Ministerios\u00a0Internacionales\u00a0de Escuela Dominical y Discipulado\u00a0(MIEDD) en la Regi\u00f3n Am\u00e9rica del Sur es un ministerio de la Iglesia del Nazareno conformado por muchos ministerios dirigidos a las personas de diferentes edades. La misi\u00f3n de MIEDD consiste en: Cumplir la Gran Comisi\u00f3n entre los ni\u00f1os, j\u00f3venes y adultos a fin de prepararlos para una [&hellip;]\" \/>\n<meta property=\"og:url\" content=\"https:\/\/venezuelaprimero.org\/website\/escuela-dominical-y-discipulado\/\" \/>\n<meta property=\"og:site_name\" content=\"Venezuela primero\" \/>\n<meta property=\"article:modified_time\" content=\"2025-12-02T15:17:22+00:00\" \/>\n<meta name=\"twitter:card\" content=\"summary_large_image\" \/>\n<meta name=\"twitter:label1\" content=\"Tiempo de lectura\" \/>\n\t<meta name=\"twitter:data1\" content=\"6 minutos\" \/>\n<script type=\"application\/ld+json\" class=\"yoast-schema-graph\">{\"@context\":\"https:\/\/schema.org\",\"@graph\":[{\"@type\":\"WebPage\",\"@id\":\"https:\/\/venezuelaprimero.org\/website\/escuela-dominical-y-discipulado\/\",\"url\":\"https:\/\/venezuelaprimero.org\/website\/escuela-dominical-y-discipulado\/\",\"name\":\"ESCUELA DOMINICAL Y DISCIPULADO - Venezuela primero\",\"isPartOf\":{\"@id\":\"https:\/\/venezuelaprimero.org\/website\/#website\"},\"datePublished\":\"2021-05-18T20:00:37+00:00\",\"dateModified\":\"2025-12-02T15:17:22+00:00\",\"breadcrumb\":{\"@id\":\"https:\/\/venezuelaprimero.org\/website\/escuela-dominical-y-discipulado\/#breadcrumb\"},\"inLanguage\":\"es\",\"potentialAction\":[{\"@type\":\"ReadAction\",\"target\":[\"https:\/\/venezuelaprimero.org\/website\/escuela-dominical-y-discipulado\/\"]}]},{\"@type\":\"BreadcrumbList\",\"@id\":\"https:\/\/venezuelaprimero.org\/website\/escuela-dominical-y-discipulado\/#breadcrumb\",\"itemListElement\":[{\"@type\":\"ListItem\",\"position\":1,\"name\":\"Portada\",\"item\":\"https:\/\/venezuelaprimero.org\/website\/\"},{\"@type\":\"ListItem\",\"position\":2,\"name\":\"ESCUELA DOMINICAL Y DISCIPULADO\"}]},{\"@type\":\"WebSite\",\"@id\":\"https:\/\/venezuelaprimero.org\/website\/#website\",\"url\":\"https:\/\/venezuelaprimero.org\/website\/\",\"name\":\"Pagina web del distrito Venezuela Primero\",\"description\":\"Iglesia del nazareno venezuela\",\"publisher\":{\"@id\":\"https:\/\/venezuelaprimero.org\/website\/#organization\"},\"potentialAction\":[{\"@type\":\"SearchAction\",\"target\":{\"@type\":\"EntryPoint\",\"urlTemplate\":\"https:\/\/venezuelaprimero.org\/website\/?s={search_term_string}\"},\"query-input\":{\"@type\":\"PropertyValueSpecification\",\"valueRequired\":true,\"valueName\":\"search_term_string\"}}],\"inLanguage\":\"es\"},{\"@type\":\"Organization\",\"@id\":\"https:\/\/venezuelaprimero.org\/website\/#organization\",\"name\":\"Pagina web del distrito Venezulea Primero- Iglesia del Nazareno\",\"url\":\"https:\/\/venezuelaprimero.org\/website\/\",\"logo\":{\"@type\":\"ImageObject\",\"inLanguage\":\"es\",\"@id\":\"https:\/\/venezuelaprimero.org\/website\/#\/schema\/logo\/image\/\",\"url\":\"https:\/\/venezuelaprimero.org\/website\/wp-content\/uploads\/2021\/05\/logo-2.png\",\"contentUrl\":\"https:\/\/venezuelaprimero.org\/website\/wp-content\/uploads\/2021\/05\/logo-2.png\",\"width\":1318,\"height\":383,\"caption\":\"Pagina web del distrito Venezulea Primero- Iglesia del Nazareno\"},\"image\":{\"@id\":\"https:\/\/venezuelaprimero.org\/website\/#\/schema\/logo\/image\/\"}}]}<\/script>\n<!-- \/ Yoast SEO plugin. -->","yoast_head_json":{"title":"ESCUELA DOMINICAL Y DISCIPULADO - Venezuela primero","robots":{"index":"index","follow":"follow","max-snippet":"max-snippet:-1","max-image-preview":"max-image-preview:large","max-video-preview":"max-video-preview:-1"},"canonical":"https:\/\/venezuelaprimero.org\/website\/escuela-dominical-y-discipulado\/","og_locale":"es_ES","og_type":"article","og_title":"ESCUELA DOMINICAL Y DISCIPULADO - Venezuela primero","og_description":"Discipulado Nazareno Internacional Ministerios\u00a0Internacionales\u00a0de Escuela Dominical y Discipulado\u00a0(MIEDD) en la Regi\u00f3n Am\u00e9rica del Sur es un ministerio de la Iglesia del Nazareno conformado por muchos ministerios dirigidos a las personas de diferentes edades. La misi\u00f3n de MIEDD consiste en: Cumplir la Gran Comisi\u00f3n entre los ni\u00f1os, j\u00f3venes y adultos a fin de prepararlos para una [&hellip;]","og_url":"https:\/\/venezuelaprimero.org\/website\/escuela-dominical-y-discipulado\/","og_site_name":"Venezuela primero","article_modified_time":"2025-12-02T15:17:22+00:00","twitter_card":"summary_large_image","twitter_misc":{"Tiempo de lectura":"6 minutos"},"schema":{"@context":"https:\/\/schema.org","@graph":[{"@type":"WebPage","@id":"https:\/\/venezuelaprimero.org\/website\/escuela-dominical-y-discipulado\/","url":"https:\/\/venezuelaprimero.org\/website\/escuela-dominical-y-discipulado\/","name":"ESCUELA DOMINICAL Y DISCIPULADO - Venezuela primero","isPartOf":{"@id":"https:\/\/venezuelaprimero.org\/website\/#website"},"datePublished":"2021-05-18T20:00:37+00:00","dateModified":"2025-12-02T15:17:22+00:00","breadcrumb":{"@id":"https:\/\/venezuelaprimero.org\/website\/escuela-dominical-y-discipulado\/#breadcrumb"},"inLanguage":"es","potentialAction":[{"@type":"ReadAction","target":["https:\/\/venezuelaprimero.org\/website\/escuela-dominical-y-discipulado\/"]}]},{"@type":"BreadcrumbList","@id":"https:\/\/venezuelaprimero.org\/website\/escuela-dominical-y-discipulado\/#breadcrumb","itemListElement":[{"@type":"ListItem","position":1,"name":"Portada","item":"https:\/\/venezuelaprimero.org\/website\/"},{"@type":"ListItem","position":2,"name":"ESCUELA DOMINICAL Y DISCIPULADO"}]},{"@type":"WebSite","@id":"https:\/\/venezuelaprimero.org\/website\/#website","url":"https:\/\/venezuelaprimero.org\/website\/","name":"Pagina web del distrito Venezuela Primero","description":"Iglesia del nazareno venezuela","publisher":{"@id":"https:\/\/venezuelaprimero.org\/website\/#organization"},"potentialAction":[{"@type":"SearchAction","target":{"@type":"EntryPoint","urlTemplate":"https:\/\/venezuelaprimero.org\/website\/?s={search_term_string}"},"query-input":{"@type":"PropertyValueSpecification","valueRequired":true,"valueName":"search_term_string"}}],"inLanguage":"es"},{"@type":"Organization","@id":"https:\/\/venezuelaprimero.org\/website\/#organization","name":"Pagina web del distrito Venezulea Primero- Iglesia del Nazareno","url":"https:\/\/venezuelaprimero.org\/website\/","logo":{"@type":"ImageObject","inLanguage":"es","@id":"https:\/\/venezuelaprimero.org\/website\/#\/schema\/logo\/image\/","url":"https:\/\/venezuelaprimero.org\/website\/wp-content\/uploads\/2021\/05\/logo-2.png","contentUrl":"https:\/\/venezuelaprimero.org\/website\/wp-content\/uploads\/2021\/05\/logo-2.png","width":1318,"height":383,"caption":"Pagina web del distrito Venezulea Primero- Iglesia del Nazareno"},"image":{"@id":"https:\/\/venezuelaprimero.org\/website\/#\/schema\/logo\/image\/"}}]}},"_links":{"self":[{"href":"https:\/\/venezuelaprimero.org\/website\/wp-json\/wp\/v2\/pages\/236","targetHints":{"allow":["GET"]}}],"collection":[{"href":"https:\/\/venezuelaprimero.org\/website\/wp-json\/wp\/v2\/pages"}],"about":[{"href":"https:\/\/venezuelaprimero.org\/website\/wp-json\/wp\/v2\/types\/page"}],"author":[{"embeddable":true,"href":"https:\/\/venezuelaprimero.org\/website\/wp-json\/wp\/v2\/users\/1"}],"replies":[{"embeddable":true,"href":"https:\/\/venezuelaprimero.org\/website\/wp-json\/wp\/v2\/comments?post=236"}],"version-history":[{"count":14,"href":"https:\/\/venezuelaprimero.org\/website\/wp-json\/wp\/v2\/pages\/236\/revisions"}],"predecessor-version":[{"id":36335,"href":"https:\/\/venezuelaprimero.org\/website\/wp-json\/wp\/v2\/pages\/236\/revisions\/36335"}],"wp:attachment":[{"href":"https:\/\/venezuelaprimero.org\/website\/wp-json\/wp\/v2\/media?parent=236"}],"curies":[{"name":"wp","href":"https:\/\/api.w.org\/{rel}","templated":true}]}}