{"id":243,"date":"2021-05-18T20:03:02","date_gmt":"2021-05-18T20:03:02","guid":{"rendered":"https:\/\/venezuelaprimero.org\/website\/?page_id=243"},"modified":"2023-03-02T12:03:45","modified_gmt":"2023-03-02T16:03:45","slug":"estudios-teologicos","status":"publish","type":"page","link":"https:\/\/venezuelaprimero.org\/website\/estudios-teologicos\/","title":{"rendered":"ESTUDIOS TEOL\u00d3GICOS"},"content":{"rendered":"<p>[et_pb_section fb_built=&#8221;1&#8243; next_background_color=&#8221;#ffffff&#8221; _builder_version=&#8221;4.16&#8243; _module_preset=&#8221;default&#8221; background_enable_color=&#8221;off&#8221; use_background_color_gradient=&#8221;on&#8221; background_color_gradient_type=&#8221;circular&#8221; background_color_gradient_stops=&#8221;rgba(0,0,0,0.31) 0%|rgba(0,0,0,0) 100%&#8221; background_color_gradient_overlays_image=&#8221;on&#8221; background_color_gradient_start=&#8221;rgba(0,0,0,0.31)&#8221; background_color_gradient_end=&#8221;rgba(0,0,0,0)&#8221; background_image=&#8221;https:\/\/venezuelaprimero.org\/website\/wp-content\/uploads\/2021\/05\/teologia.jpg&#8221; height=&#8221;457px&#8221; bottom_divider_style=&#8221;curve&#8221; bottom_divider_height=&#8221;160px&#8221; bottom_divider_flip=&#8221;vertical&#8221; global_colors_info=&#8221;{}&#8221;][et_pb_row _builder_version=&#8221;4.16&#8243; _module_preset=&#8221;default&#8221; global_colors_info=&#8221;{}&#8221;][et_pb_column type=&#8221;4_4&#8243; _builder_version=&#8221;4.16&#8243; _module_preset=&#8221;default&#8221; global_colors_info=&#8221;{}&#8221;][et_pb_image src=&#8221;https:\/\/venezuelaprimero.org\/website\/wp-content\/uploads\/2022\/02\/eteddd.jpg&#8221; title_text=&#8221;eteddd&#8221; align=&#8221;center&#8221; module_class=&#8221;redonda&#8221; _builder_version=&#8221;4.16&#8243; _dynamic_attributes=&#8221;background_image&#8221; _module_preset=&#8221;default&#8221; background_color=&#8221;#FFFFFF&#8221; background_image=&#8221;@ET-DC@eyJkeW5hbWljIjp0cnVlLCJjb250ZW50IjoicG9zdF9mZWF0dXJlZF9pbWFnZSIsInNldHRpbmdzIjp7fX0=@&#8221; width=&#8221;350px&#8221; width_tablet=&#8221;&#8221; width_phone=&#8221;100%&#8221; width_last_edited=&#8221;on|desktop&#8221; module_alignment=&#8221;center&#8221; min_height=&#8221;350px&#8221; height=&#8221;350px&#8221; custom_css_main_element=&#8221;border-radius:100%;&#8221; border_radii=&#8221;on|100%|100%|100%|100%&#8221; global_colors_info=&#8221;{}&#8221;][\/et_pb_image][\/et_pb_column][\/et_pb_row][\/et_pb_section][et_pb_section fb_built=&#8221;1&#8243; _builder_version=&#8221;4.16&#8243; _module_preset=&#8221;default&#8221; custom_margin=&#8221;||2px|||&#8221; custom_padding=&#8221;56px|||||&#8221; global_colors_info=&#8221;{}&#8221;][et_pb_row column_structure=&#8221;2_3,1_3&#8243; _builder_version=&#8221;4.16&#8243; _module_preset=&#8221;default&#8221; global_colors_info=&#8221;{}&#8221;][et_pb_column type=&#8221;2_3&#8243; _builder_version=&#8221;4.16&#8243; _module_preset=&#8221;default&#8221; global_colors_info=&#8221;{}&#8221;][et_pb_text _builder_version=&#8221;4.16&#8243; _module_preset=&#8221;default&#8221; header_2_text_color=&#8221;#0C71C3&#8243; header_2_font_size=&#8221;35px&#8221; global_colors_info=&#8221;{}&#8221;]<\/p>\n<h2 class=\"elementor-heading-title elementor-size-default\">ESTUDIOS TEOL\u00d3GICOS<\/h2>\n<p>[\/et_pb_text][et_pb_text _builder_version=&#8221;4.16&#8243; _module_preset=&#8221;default&#8221; global_colors_info=&#8221;{}&#8221;]<\/p>\n<div class=\"elementor-element elementor-element-f0a0186 elementor-widget elementor-widget-text-editor\" data-id=\"f0a0186\" data-element_type=\"widget\" data-widget_type=\"text-editor.default\"><\/div>\n<div class=\"elementor-element elementor-element-f0a0186 elementor-widget elementor-widget-text-editor\" data-id=\"f0a0186\" data-element_type=\"widget\" data-widget_type=\"text-editor.default\">\n<div class=\"elementor-widget-container\">\n<div class=\"elementor-text-editor elementor-clearfix\">\n<div class=\"elementor-column elementor-col-66 elementor-top-column elementor-element elementor-element-3a0f359\" data-id=\"3a0f359\" data-element_type=\"column\">\n<div class=\"elementor-column-wrap elementor-element-populated\">\n<div class=\"elementor-widget-wrap\">\n<div class=\"elementor-element elementor-element-5025f66 elementor-widget elementor-widget-text-editor\" data-id=\"5025f66\" data-element_type=\"widget\" data-widget_type=\"text-editor.default\">\n<div class=\"elementor-widget-container\">\n<div class=\"elementor-text-editor elementor-clearfix\">\n<p>Ministerio de Educaci\u00f3n Teol\u00f3gica en Venezuela se lleva a cabo mediante los estudios<br \/>descentralizados donde la sede principal est\u00e1 ubicada en el Seminario Nazareno en Quito, Ecuador.<\/p>\n<p><span style=\"font-size: 18px;\">Este es un nivel avanzado de discipulado que busca equipar a cada miembro de la Iglesia del Nazareno en Am\u00e9rica del Sur para el cumplimiento de su ministerio a nivel de la iglesia local. Consta de 10 cursos-talleres que incluyen cuatro cursos comunes y seis cursos de especializaci\u00f3n seg\u00fan el ministerio de cada persona.<\/span><\/p>\n<\/div>\n<\/div>\n<\/div>\n<\/div>\n<\/div>\n<\/div>\n<div class=\"elementor-column elementor-col-33 elementor-top-column elementor-element elementor-element-bf5f0ba\" data-id=\"bf5f0ba\" data-element_type=\"column\">\n<div class=\"elementor-column-wrap elementor-element-populated\">\n<div class=\"elementor-widget-wrap\">\n<div class=\"elementor-element elementor-element-7cec272 elementor-widget elementor-widget-image\" data-id=\"7cec272\" data-element_type=\"widget\" data-widget_type=\"image.default\">\n<div class=\"elementor-widget-container\"><\/div>\n<\/div>\n<\/div>\n<\/div>\n<\/div>\n<\/div>\n<\/div>\n<\/div>\n<p>[\/et_pb_text][\/et_pb_column][et_pb_column type=&#8221;1_3&#8243; _builder_version=&#8221;4.16&#8243; _module_preset=&#8221;default&#8221; global_colors_info=&#8221;{}&#8221;][et_pb_team_member name=&#8221;Rev. mar\u00eda de monsalve&#8221; position=&#8221;Coordinadora Distrital de ETED&#8221; image_url=&#8221;https:\/\/venezuelaprimero.org\/website\/wp-content\/uploads\/2023\/03\/maria-elena.jpg&#8221; module_class=&#8221;imagenTeam&#8221; _builder_version=&#8221;4.19.2&#8243; _module_preset=&#8221;default&#8221; header_font=&#8221;|700||on|||||&#8221; header_text_align=&#8221;center&#8221; header_font_size=&#8221;18px&#8221; body_text_align=&#8221;center&#8221; body_font_size=&#8221;17px&#8221; position_text_align=&#8221;center&#8221; width=&#8221;100%&#8221; max_width=&#8221;100%&#8221; module_alignment=&#8221;center&#8221; custom_margin=&#8221;|0px||0px|false|true&#8221; custom_padding=&#8221;|0px||0px|false|false&#8221; hover_enabled=&#8221;0&#8243; locked=&#8221;off&#8221; global_colors_info=&#8221;{}&#8221; sticky_enabled=&#8221;0&#8243; title_text=&#8221;maria-elena&#8221;][\/et_pb_team_member][\/et_pb_column][\/et_pb_row][et_pb_row _builder_version=&#8221;4.16&#8243; _module_preset=&#8221;default&#8221; custom_padding=&#8221;2px|||||&#8221; global_colors_info=&#8221;{}&#8221;][et_pb_column type=&#8221;4_4&#8243; _builder_version=&#8221;4.16&#8243; _module_preset=&#8221;default&#8221; global_colors_info=&#8221;{}&#8221;][et_pb_text _builder_version=&#8221;4.16&#8243; _module_preset=&#8221;default&#8221; global_colors_info=&#8221;{}&#8221;]<\/p>\n<p>Se destacan proyectos educativos, de los cuales algunos contin\u00faan en desarrollo:<\/p>\n<p>[\/et_pb_text][\/et_pb_column][\/et_pb_row][et_pb_row column_structure=&#8221;1_3,1_3,1_3&#8243; _builder_version=&#8221;4.16&#8243; _module_preset=&#8221;default&#8221; custom_padding=&#8221;2px|||||&#8221; global_colors_info=&#8221;{}&#8221;][et_pb_column type=&#8221;1_3&#8243; _builder_version=&#8221;4.16&#8243; _module_preset=&#8221;default&#8221; global_colors_info=&#8221;{}&#8221;][et_pb_text _builder_version=&#8221;4.16&#8243; _module_preset=&#8221;default&#8221; text_text_color=&#8221;#FFFFFF&#8221; use_background_color_gradient=&#8221;on&#8221; background_color_gradient_stops=&#8221;rgba(43,135,218,0.68) 0%|rgba(41,196,169,0.74) 100%&#8221; background_color_gradient_start=&#8221;rgba(43,135,218,0.68)&#8221; background_color_gradient_end=&#8221;rgba(41,196,169,0.74)&#8221; text_orientation=&#8221;center&#8221; custom_padding=&#8221;10px|5px|10px|5px|true|true&#8221; text_text_shadow_style=&#8221;preset1&#8243; global_colors_info=&#8221;{}&#8221;]<\/p>\n<p>Capacitaci\u00f3n<\/p>\n<p>[\/et_pb_text][\/et_pb_column][et_pb_column type=&#8221;1_3&#8243; _builder_version=&#8221;4.16&#8243; _module_preset=&#8221;default&#8221; global_colors_info=&#8221;{}&#8221;][et_pb_text _builder_version=&#8221;4.16&#8243; _module_preset=&#8221;default&#8221; text_text_color=&#8221;#FFFFFF&#8221; use_background_color_gradient=&#8221;on&#8221; background_color_gradient_stops=&#8221;rgba(43,135,218,0.68) 0%|rgba(41,196,169,0.74) 100%&#8221; background_color_gradient_start=&#8221;rgba(43,135,218,0.68)&#8221; background_color_gradient_end=&#8221;rgba(41,196,169,0.74)&#8221; text_orientation=&#8221;center&#8221; custom_padding=&#8221;10px|5px|10px|5px|true|true&#8221; text_text_shadow_style=&#8221;preset1&#8243; global_colors_info=&#8221;{}&#8221;]<\/p>\n<p>Programas Acad\u00e9micos<\/p>\n<p>[\/et_pb_text][\/et_pb_column][et_pb_column type=&#8221;1_3&#8243; _builder_version=&#8221;4.16&#8243; _module_preset=&#8221;default&#8221; global_colors_info=&#8221;{}&#8221;][et_pb_text _builder_version=&#8221;4.16&#8243; _module_preset=&#8221;default&#8221; text_text_color=&#8221;#FFFFFF&#8221; use_background_color_gradient=&#8221;on&#8221; background_color_gradient_stops=&#8221;rgba(43,135,218,0.68) 0%|rgba(41,196,169,0.74) 100%&#8221; background_color_gradient_start=&#8221;rgba(43,135,218,0.68)&#8221; background_color_gradient_end=&#8221;rgba(41,196,169,0.74)&#8221; text_orientation=&#8221;center&#8221; custom_padding=&#8221;10px|5px|10px|5px|true|true&#8221; text_text_shadow_style=&#8221;preset1&#8243; global_colors_info=&#8221;{}&#8221;]<\/p>\n<p>Facultad Descentralizada<\/p>\n<p>[\/et_pb_text][\/et_pb_column][\/et_pb_row][et_pb_row column_structure=&#8221;1_3,1_3,1_3&#8243; _builder_version=&#8221;4.16&#8243; _module_preset=&#8221;default&#8221; custom_padding=&#8221;2px|||||&#8221; global_colors_info=&#8221;{}&#8221;][et_pb_column type=&#8221;1_3&#8243; _builder_version=&#8221;4.16&#8243; _module_preset=&#8221;default&#8221; global_colors_info=&#8221;{}&#8221;][et_pb_text _builder_version=&#8221;4.16&#8243; _module_preset=&#8221;default&#8221; text_text_color=&#8221;#FFFFFF&#8221; use_background_color_gradient=&#8221;on&#8221; background_color_gradient_stops=&#8221;rgba(43,135,218,0.68) 0%|rgba(41,196,169,0.74) 100%&#8221; background_color_gradient_start=&#8221;rgba(43,135,218,0.68)&#8221; background_color_gradient_end=&#8221;rgba(41,196,169,0.74)&#8221; text_orientation=&#8221;center&#8221; custom_padding=&#8221;10px|5px|10px|5px|true|true&#8221; text_text_shadow_style=&#8221;preset1&#8243; global_colors_info=&#8221;{}&#8221;]<\/p>\n<p>ETED<\/p>\n<p>[\/et_pb_text][\/et_pb_column][et_pb_column type=&#8221;1_3&#8243; _builder_version=&#8221;4.16&#8243; _module_preset=&#8221;default&#8221; global_colors_info=&#8221;{}&#8221;][et_pb_text _builder_version=&#8221;4.16&#8243; _module_preset=&#8221;default&#8221; text_text_color=&#8221;#FFFFFF&#8221; use_background_color_gradient=&#8221;on&#8221; background_color_gradient_stops=&#8221;rgba(43,135,218,0.68) 0%|rgba(41,196,169,0.74) 100%&#8221; background_color_gradient_start=&#8221;rgba(43,135,218,0.68)&#8221; background_color_gradient_end=&#8221;rgba(41,196,169,0.74)&#8221; text_orientation=&#8221;center&#8221; custom_padding=&#8221;10px|5px|10px|5px|true|true&#8221; text_text_shadow_style=&#8221;preset1&#8243; global_colors_info=&#8221;{}&#8221;]<\/p>\n<p>Modalidad Virtual<\/p>\n<p>[\/et_pb_text][\/et_pb_column][et_pb_column type=&#8221;1_3&#8243; _builder_version=&#8221;4.16&#8243; _module_preset=&#8221;default&#8221; global_colors_info=&#8221;{}&#8221;][et_pb_text _builder_version=&#8221;4.16&#8243; _module_preset=&#8221;default&#8221; text_text_color=&#8221;#FFFFFF&#8221; use_background_color_gradient=&#8221;on&#8221; background_color_gradient_stops=&#8221;rgba(43,135,218,0.68) 0%|rgba(41,196,169,0.74) 100%&#8221; background_color_gradient_start=&#8221;rgba(43,135,218,0.68)&#8221; background_color_gradient_end=&#8221;rgba(41,196,169,0.74)&#8221; text_orientation=&#8221;center&#8221; custom_padding=&#8221;10px|5px|10px|5px|true|true&#8221; text_text_shadow_style=&#8221;preset1&#8243; global_colors_info=&#8221;{}&#8221;]<\/p>\n<p>Recursos<\/p>\n<p>[\/et_pb_text][\/et_pb_column][\/et_pb_row][et_pb_row _builder_version=&#8221;4.16&#8243; _module_preset=&#8221;default&#8221; custom_padding=&#8221;0px|||||&#8221; global_colors_info=&#8221;{}&#8221;][et_pb_column type=&#8221;4_4&#8243; _builder_version=&#8221;4.16&#8243; _module_preset=&#8221;default&#8221; global_colors_info=&#8221;{}&#8221;][et_pb_text _builder_version=&#8221;4.16&#8243; _module_preset=&#8221;default&#8221; custom_margin=&#8221;0px|||||&#8221; global_colors_info=&#8221;{}&#8221;]<\/p>\n<div class=\"elementor-element elementor-element-f0a0186 elementor-widget elementor-widget-text-editor\" data-id=\"f0a0186\" data-element_type=\"widget\" data-widget_type=\"text-editor.default\">\n<div class=\"elementor-widget-container\">\n<div class=\"elementor-text-editor elementor-clearfix\">\n<div class=\"elementor-column elementor-col-66 elementor-top-column elementor-element elementor-element-3a0f359\" data-id=\"3a0f359\" data-element_type=\"column\">\n<div class=\"elementor-column-wrap elementor-element-populated\">\n<div class=\"elementor-widget-wrap\">\n<div class=\"elementor-element elementor-element-5025f66 elementor-widget elementor-widget-text-editor\" data-id=\"5025f66\" data-element_type=\"widget\" data-widget_type=\"text-editor.default\">\n<div class=\"elementor-widget-container\">\n<div class=\"elementor-text-editor elementor-clearfix\">\n<p><span style=\"font-size: 18px;\"><\/span><\/p>\n<p>El crecimiento sostenido de la Iglesia del Nazareno en Am\u00e9rica del Sur en los \u00faltimos a\u00f1os, ha generado la necesidad de reafirmar m\u00e1s que nunca la identidad nazarena en la nueva generaci\u00f3n de creyentes.<\/p>\n<p>Como wesleyanos creemos en la importancia del discipulado cristiano y la educaci\u00f3n ministerial como elementos decisivos para mantener la integridad de nuestra iglesia y asegurar el futuro de nuestras pr\u00f3ximas generaciones de nazarenos.<\/p>\n<\/div>\n<\/div>\n<\/div>\n<\/div>\n<\/div>\n<\/div>\n<div class=\"elementor-column elementor-col-33 elementor-top-column elementor-element elementor-element-bf5f0ba\" data-id=\"bf5f0ba\" data-element_type=\"column\">\n<div class=\"elementor-column-wrap elementor-element-populated\">\n<div class=\"elementor-widget-wrap\">\n<div class=\"elementor-element elementor-element-7cec272 elementor-widget elementor-widget-image\" data-id=\"7cec272\" data-element_type=\"widget\" data-widget_type=\"image.default\">\n<div class=\"elementor-widget-container\"><\/div>\n<\/div>\n<\/div>\n<\/div>\n<\/div>\n<\/div>\n<\/div>\n<\/div>\n<p>[\/et_pb_text][\/et_pb_column][\/et_pb_row][\/et_pb_section]<\/p>\n","protected":false},"excerpt":{"rendered":"<p>ESTUDIOS TEOL\u00d3GICOS Ministerio de Educaci\u00f3n Teol\u00f3gica en Venezuela se lleva a cabo mediante los estudiosdescentralizados donde la sede principal est\u00e1 ubicada en el Seminario Nazareno en Quito, Ecuador. Este es un nivel avanzado de discipulado que busca equipar a cada miembro de la Iglesia del Nazareno en Am\u00e9rica del Sur para el cumplimiento de su [&hellip;]<\/p>\n","protected":false},"author":1,"featured_media":0,"parent":0,"menu_order":0,"comment_status":"closed","ping_status":"closed","template":"","meta":{"_acf_changed":false,"_et_pb_use_builder":"on","_et_pb_old_content":"","_et_gb_content_width":"","footnotes":""},"class_list":["post-243","page","type-page","status-publish","hentry"],"acf":[],"yoast_head":"<!-- This site is optimized with the Yoast SEO plugin v23.5 - https:\/\/yoast.com\/wordpress\/plugins\/seo\/ -->\n<title>ESTUDIOS TEOL\u00d3GICOS - Venezuela primero<\/title>\n<meta name=\"robots\" content=\"index, follow, max-snippet:-1, max-image-preview:large, max-video-preview:-1\" \/>\n<link rel=\"canonical\" href=\"https:\/\/venezuelaprimero.org\/website\/estudios-teologicos\/\" \/>\n<meta property=\"og:locale\" content=\"es_ES\" \/>\n<meta property=\"og:type\" content=\"article\" \/>\n<meta property=\"og:title\" content=\"ESTUDIOS TEOL\u00d3GICOS - Venezuela primero\" \/>\n<meta property=\"og:description\" content=\"ESTUDIOS TEOL\u00d3GICOS Ministerio de Educaci\u00f3n Teol\u00f3gica en Venezuela se lleva a cabo mediante los estudiosdescentralizados donde la sede principal est\u00e1 ubicada en el Seminario Nazareno en Quito, Ecuador. Este es un nivel avanzado de discipulado que busca equipar a cada miembro de la Iglesia del Nazareno en Am\u00e9rica del Sur para el cumplimiento de su [&hellip;]\" \/>\n<meta property=\"og:url\" content=\"https:\/\/venezuelaprimero.org\/website\/estudios-teologicos\/\" \/>\n<meta property=\"og:site_name\" content=\"Venezuela primero\" \/>\n<meta property=\"article:modified_time\" content=\"2023-03-02T16:03:45+00:00\" \/>\n<meta name=\"twitter:card\" content=\"summary_large_image\" \/>\n<meta name=\"twitter:label1\" content=\"Tiempo de lectura\" \/>\n\t<meta name=\"twitter:data1\" content=\"6 minutos\" \/>\n<script type=\"application\/ld+json\" class=\"yoast-schema-graph\">{\"@context\":\"https:\/\/schema.org\",\"@graph\":[{\"@type\":\"WebPage\",\"@id\":\"https:\/\/venezuelaprimero.org\/website\/estudios-teologicos\/\",\"url\":\"https:\/\/venezuelaprimero.org\/website\/estudios-teologicos\/\",\"name\":\"ESTUDIOS TEOL\u00d3GICOS - Venezuela primero\",\"isPartOf\":{\"@id\":\"https:\/\/venezuelaprimero.org\/website\/#website\"},\"datePublished\":\"2021-05-18T20:03:02+00:00\",\"dateModified\":\"2023-03-02T16:03:45+00:00\",\"breadcrumb\":{\"@id\":\"https:\/\/venezuelaprimero.org\/website\/estudios-teologicos\/#breadcrumb\"},\"inLanguage\":\"es\",\"potentialAction\":[{\"@type\":\"ReadAction\",\"target\":[\"https:\/\/venezuelaprimero.org\/website\/estudios-teologicos\/\"]}]},{\"@type\":\"BreadcrumbList\",\"@id\":\"https:\/\/venezuelaprimero.org\/website\/estudios-teologicos\/#breadcrumb\",\"itemListElement\":[{\"@type\":\"ListItem\",\"position\":1,\"name\":\"Portada\",\"item\":\"https:\/\/venezuelaprimero.org\/website\/\"},{\"@type\":\"ListItem\",\"position\":2,\"name\":\"ESTUDIOS TEOL\u00d3GICOS\"}]},{\"@type\":\"WebSite\",\"@id\":\"https:\/\/venezuelaprimero.org\/website\/#website\",\"url\":\"https:\/\/venezuelaprimero.org\/website\/\",\"name\":\"Pagina web del distrito Venezuela Primero\",\"description\":\"Iglesia del nazareno venezuela\",\"publisher\":{\"@id\":\"https:\/\/venezuelaprimero.org\/website\/#organization\"},\"potentialAction\":[{\"@type\":\"SearchAction\",\"target\":{\"@type\":\"EntryPoint\",\"urlTemplate\":\"https:\/\/venezuelaprimero.org\/website\/?s={search_term_string}\"},\"query-input\":{\"@type\":\"PropertyValueSpecification\",\"valueRequired\":true,\"valueName\":\"search_term_string\"}}],\"inLanguage\":\"es\"},{\"@type\":\"Organization\",\"@id\":\"https:\/\/venezuelaprimero.org\/website\/#organization\",\"name\":\"Pagina web del distrito Venezulea Primero- Iglesia del Nazareno\",\"url\":\"https:\/\/venezuelaprimero.org\/website\/\",\"logo\":{\"@type\":\"ImageObject\",\"inLanguage\":\"es\",\"@id\":\"https:\/\/venezuelaprimero.org\/website\/#\/schema\/logo\/image\/\",\"url\":\"https:\/\/venezuelaprimero.org\/website\/wp-content\/uploads\/2021\/05\/logo-2.png\",\"contentUrl\":\"https:\/\/venezuelaprimero.org\/website\/wp-content\/uploads\/2021\/05\/logo-2.png\",\"width\":1318,\"height\":383,\"caption\":\"Pagina web del distrito Venezulea Primero- Iglesia del Nazareno\"},\"image\":{\"@id\":\"https:\/\/venezuelaprimero.org\/website\/#\/schema\/logo\/image\/\"}}]}<\/script>\n<!-- \/ Yoast SEO plugin. -->","yoast_head_json":{"title":"ESTUDIOS TEOL\u00d3GICOS - Venezuela primero","robots":{"index":"index","follow":"follow","max-snippet":"max-snippet:-1","max-image-preview":"max-image-preview:large","max-video-preview":"max-video-preview:-1"},"canonical":"https:\/\/venezuelaprimero.org\/website\/estudios-teologicos\/","og_locale":"es_ES","og_type":"article","og_title":"ESTUDIOS TEOL\u00d3GICOS - Venezuela primero","og_description":"ESTUDIOS TEOL\u00d3GICOS Ministerio de Educaci\u00f3n Teol\u00f3gica en Venezuela se lleva a cabo mediante los estudiosdescentralizados donde la sede principal est\u00e1 ubicada en el Seminario Nazareno en Quito, Ecuador. Este es un nivel avanzado de discipulado que busca equipar a cada miembro de la Iglesia del Nazareno en Am\u00e9rica del Sur para el cumplimiento de su [&hellip;]","og_url":"https:\/\/venezuelaprimero.org\/website\/estudios-teologicos\/","og_site_name":"Venezuela primero","article_modified_time":"2023-03-02T16:03:45+00:00","twitter_card":"summary_large_image","twitter_misc":{"Tiempo de lectura":"6 minutos"},"schema":{"@context":"https:\/\/schema.org","@graph":[{"@type":"WebPage","@id":"https:\/\/venezuelaprimero.org\/website\/estudios-teologicos\/","url":"https:\/\/venezuelaprimero.org\/website\/estudios-teologicos\/","name":"ESTUDIOS TEOL\u00d3GICOS - Venezuela primero","isPartOf":{"@id":"https:\/\/venezuelaprimero.org\/website\/#website"},"datePublished":"2021-05-18T20:03:02+00:00","dateModified":"2023-03-02T16:03:45+00:00","breadcrumb":{"@id":"https:\/\/venezuelaprimero.org\/website\/estudios-teologicos\/#breadcrumb"},"inLanguage":"es","potentialAction":[{"@type":"ReadAction","target":["https:\/\/venezuelaprimero.org\/website\/estudios-teologicos\/"]}]},{"@type":"BreadcrumbList","@id":"https:\/\/venezuelaprimero.org\/website\/estudios-teologicos\/#breadcrumb","itemListElement":[{"@type":"ListItem","position":1,"name":"Portada","item":"https:\/\/venezuelaprimero.org\/website\/"},{"@type":"ListItem","position":2,"name":"ESTUDIOS TEOL\u00d3GICOS"}]},{"@type":"WebSite","@id":"https:\/\/venezuelaprimero.org\/website\/#website","url":"https:\/\/venezuelaprimero.org\/website\/","name":"Pagina web del distrito Venezuela Primero","description":"Iglesia del nazareno venezuela","publisher":{"@id":"https:\/\/venezuelaprimero.org\/website\/#organization"},"potentialAction":[{"@type":"SearchAction","target":{"@type":"EntryPoint","urlTemplate":"https:\/\/venezuelaprimero.org\/website\/?s={search_term_string}"},"query-input":{"@type":"PropertyValueSpecification","valueRequired":true,"valueName":"search_term_string"}}],"inLanguage":"es"},{"@type":"Organization","@id":"https:\/\/venezuelaprimero.org\/website\/#organization","name":"Pagina web del distrito Venezulea Primero- Iglesia del Nazareno","url":"https:\/\/venezuelaprimero.org\/website\/","logo":{"@type":"ImageObject","inLanguage":"es","@id":"https:\/\/venezuelaprimero.org\/website\/#\/schema\/logo\/image\/","url":"https:\/\/venezuelaprimero.org\/website\/wp-content\/uploads\/2021\/05\/logo-2.png","contentUrl":"https:\/\/venezuelaprimero.org\/website\/wp-content\/uploads\/2021\/05\/logo-2.png","width":1318,"height":383,"caption":"Pagina web del distrito Venezulea Primero- Iglesia del Nazareno"},"image":{"@id":"https:\/\/venezuelaprimero.org\/website\/#\/schema\/logo\/image\/"}}]}},"_links":{"self":[{"href":"https:\/\/venezuelaprimero.org\/website\/wp-json\/wp\/v2\/pages\/243","targetHints":{"allow":["GET"]}}],"collection":[{"href":"https:\/\/venezuelaprimero.org\/website\/wp-json\/wp\/v2\/pages"}],"about":[{"href":"https:\/\/venezuelaprimero.org\/website\/wp-json\/wp\/v2\/types\/page"}],"author":[{"embeddable":true,"href":"https:\/\/venezuelaprimero.org\/website\/wp-json\/wp\/v2\/users\/1"}],"replies":[{"embeddable":true,"href":"https:\/\/venezuelaprimero.org\/website\/wp-json\/wp\/v2\/comments?post=243"}],"version-history":[{"count":9,"href":"https:\/\/venezuelaprimero.org\/website\/wp-json\/wp\/v2\/pages\/243\/revisions"}],"predecessor-version":[{"id":35328,"href":"https:\/\/venezuelaprimero.org\/website\/wp-json\/wp\/v2\/pages\/243\/revisions\/35328"}],"wp:attachment":[{"href":"https:\/\/venezuelaprimero.org\/website\/wp-json\/wp\/v2\/media?parent=243"}],"curies":[{"name":"wp","href":"https:\/\/api.w.org\/{rel}","templated":true}]}}