{"id":258,"date":"2021-05-18T20:09:37","date_gmt":"2021-05-18T20:09:37","guid":{"rendered":"https:\/\/venezuelaprimero.org\/website\/?page_id=258"},"modified":"2025-12-01T23:39:10","modified_gmt":"2025-12-02T03:39:10","slug":"juventud-nazarena-internacional","status":"publish","type":"page","link":"https:\/\/venezuelaprimero.org\/website\/juventud-nazarena-internacional\/","title":{"rendered":"JUVENTUD NAZARENA INTERNACIONAL"},"content":{"rendered":"<p>[et_pb_section fb_built=&#8221;1&#8243; next_background_color=&#8221;#ffffff&#8221; _builder_version=&#8221;4.16&#8243; _module_preset=&#8221;default&#8221; background_enable_color=&#8221;off&#8221; use_background_color_gradient=&#8221;on&#8221; background_color_gradient_type=&#8221;circular&#8221; background_color_gradient_stops=&#8221;rgba(0,0,0,0.31) 0%|rgba(0,0,0,0) 100%&#8221; background_color_gradient_overlays_image=&#8221;on&#8221; background_color_gradient_start=&#8221;rgba(0,0,0,0.31)&#8221; background_color_gradient_end=&#8221;rgba(0,0,0,0)&#8221; background_image=&#8221;https:\/\/venezuelaprimero.org\/website\/wp-content\/uploads\/2021\/05\/icetex.jpg&#8221; height=&#8221;457px&#8221; bottom_divider_style=&#8221;curve&#8221; bottom_divider_height=&#8221;160px&#8221; bottom_divider_flip=&#8221;vertical&#8221; global_colors_info=&#8221;{}&#8221;][et_pb_row _builder_version=&#8221;4.16&#8243; _module_preset=&#8221;default&#8221; global_colors_info=&#8221;{}&#8221;][et_pb_column type=&#8221;4_4&#8243; _builder_version=&#8221;4.16&#8243; _module_preset=&#8221;default&#8221; global_colors_info=&#8221;{}&#8221;][et_pb_image src=&#8221;https:\/\/venezuelaprimero.org\/website\/wp-content\/uploads\/2021\/06\/jni.png&#8221; title_text=&#8221;jni&#8221; align=&#8221;center&#8221; module_class=&#8221;redonda&#8221; _builder_version=&#8221;4.16&#8243; _dynamic_attributes=&#8221;background_image&#8221; _module_preset=&#8221;default&#8221; background_color=&#8221;#FFFFFF&#8221; background_image=&#8221;@ET-DC@eyJkeW5hbWljIjp0cnVlLCJjb250ZW50IjoicG9zdF9mZWF0dXJlZF9pbWFnZSIsInNldHRpbmdzIjp7fX0=@&#8221; width=&#8221;350px&#8221; width_tablet=&#8221;&#8221; width_phone=&#8221;100%&#8221; width_last_edited=&#8221;on|desktop&#8221; module_alignment=&#8221;center&#8221; min_height=&#8221;350px&#8221; height=&#8221;350px&#8221; custom_css_main_element=&#8221;border-radius:100%;&#8221; border_radii=&#8221;on|100%|100%|100%|100%&#8221; global_colors_info=&#8221;{}&#8221;][\/et_pb_image][\/et_pb_column][\/et_pb_row][\/et_pb_section][et_pb_section fb_built=&#8221;1&#8243; _builder_version=&#8221;4.16&#8243; _module_preset=&#8221;default&#8221; custom_margin=&#8221;||2px|||&#8221; custom_padding=&#8221;56px|||||&#8221; global_colors_info=&#8221;{}&#8221;][et_pb_row column_structure=&#8221;2_3,1_3&#8243; _builder_version=&#8221;4.16&#8243; _module_preset=&#8221;default&#8221; global_colors_info=&#8221;{}&#8221;][et_pb_column type=&#8221;2_3&#8243; _builder_version=&#8221;4.16&#8243; _module_preset=&#8221;default&#8221; global_colors_info=&#8221;{}&#8221;][et_pb_text _builder_version=&#8221;4.16&#8243; _module_preset=&#8221;default&#8221; header_2_text_color=&#8221;#0C71C3&#8243; header_2_font_size=&#8221;35px&#8221; global_colors_info=&#8221;{}&#8221;]<\/p>\n<h2 class=\"elementor-heading-title elementor-size-default\">JUVENTUD NAZARENA INTERNACIONAL<\/h2>\n<p>[\/et_pb_text][et_pb_text _builder_version=&#8221;4.16&#8243; _module_preset=&#8221;default&#8221; global_colors_info=&#8221;{}&#8221;]<\/p>\n<div class=\"elementor-element elementor-element-f0a0186 elementor-widget elementor-widget-text-editor\" data-id=\"f0a0186\" data-element_type=\"widget\" data-widget_type=\"text-editor.default\"><\/div>\n<div class=\"elementor-element elementor-element-f0a0186 elementor-widget elementor-widget-text-editor\" data-id=\"f0a0186\" data-element_type=\"widget\" data-widget_type=\"text-editor.default\">\n<div class=\"elementor-widget-container\">\n<div class=\"elementor-text-editor elementor-clearfix\">\n<div class=\"elementor-element elementor-element-9133355 elementor-widget elementor-widget-text-editor\" data-id=\"9133355\" data-element_type=\"widget\" data-widget_type=\"text-editor.default\">\n<div class=\"elementor-widget-container\">\n<div class=\"elementor-text-editor elementor-clearfix\">\n<p>La misi\u00f3n de la Juventud Nazarena Internacional (JNI) es llamar a nuestra generaci\u00f3n a una vida din\u00e1mica en Cristo.<\/p>\n<p>La membres\u00eda de la JNI incluye a toda persona que participe en el ministerio nazareno<br \/> juvenil y que comparta nuestra visi\u00f3n y valores establecidos.<\/p>\n<p>La Iglesia del Nazareno cree que los j\u00f3venes forman una parte integral de la iglesia. La JNI existe para guiar a los j\u00f3venes hacia una relaci\u00f3n con Cristo que perdure toda la vida y para facilitar su crecimiento como disc\u00edpulos en el servicio cristiano.\u00a0<\/p>\n<\/div>\n<\/div>\n<\/div>\n<div class=\"elementor-element elementor-element-1479284 elementor-widget elementor-widget-heading\" data-id=\"1479284\" data-element_type=\"widget\" data-widget_type=\"heading.default\">\n<div class=\"elementor-widget-container\"><\/div>\n<\/div>\n<div class=\"elementor-element elementor-element-11248df elementor-widget elementor-widget-text-editor\" data-id=\"11248df\" data-element_type=\"widget\" data-widget_type=\"text-editor.default\">\n<div class=\"elementor-widget-container\">\n<div class=\"elementor-text-editor elementor-clearfix\">\n<p>&nbsp;<\/p>\n<\/div>\n<\/div>\n<\/div>\n<\/div>\n<\/div>\n<\/div>\n<p>[\/et_pb_text][\/et_pb_column][et_pb_column type=&#8221;1_3&#8243; _builder_version=&#8221;4.16&#8243; _module_preset=&#8221;default&#8221; global_colors_info=&#8221;{}&#8221;][et_pb_team_member name=&#8221;Estherline Nore&#8221; position=&#8221;Coordinadora Distrital de JNI&#8221; image_url=&#8221;https:\/\/venezuelaprimero.org\/website\/wp-content\/uploads\/2025\/12\/NUNY.png&#8221; module_class=&#8221;imagenTeam&#8221; _builder_version=&#8221;4.20.2&#8243; _module_preset=&#8221;default&#8221; header_font=&#8221;|700||on|||||&#8221; header_text_align=&#8221;center&#8221; header_font_size=&#8221;18px&#8221; body_text_align=&#8221;center&#8221; body_font_size=&#8221;17px&#8221; position_text_align=&#8221;center&#8221; width=&#8221;100%&#8221; max_width=&#8221;100%&#8221; module_alignment=&#8221;center&#8221; custom_margin=&#8221;|0px||0px|false|true&#8221; custom_padding=&#8221;|0px||0px|false|false&#8221; hover_enabled=&#8221;0&#8243; locked=&#8221;off&#8221; global_colors_info=&#8221;{}&#8221; sticky_enabled=&#8221;0&#8243;][\/et_pb_team_member][\/et_pb_column][\/et_pb_row][et_pb_row _builder_version=&#8221;4.16&#8243; _module_preset=&#8221;default&#8221; custom_padding=&#8221;3px|||||&#8221; global_colors_info=&#8221;{}&#8221;][et_pb_column type=&#8221;4_4&#8243; _builder_version=&#8221;4.16&#8243; _module_preset=&#8221;default&#8221; global_colors_info=&#8221;{}&#8221;][et_pb_text _builder_version=&#8221;4.16&#8243; _module_preset=&#8221;default&#8221; header_2_text_align=&#8221;center&#8221; header_2_line_height=&#8221;1.7em&#8221; width=&#8221;30%&#8221; width_tablet=&#8221;62%&#8221; width_phone=&#8221;100%&#8221; width_last_edited=&#8221;on|desktop&#8221; custom_margin=&#8221;||4px|||&#8221; global_colors_info=&#8221;{}&#8221;]<\/p>\n<h2 class=\"puntosBlack\">Nuestros valores<\/h2>\n<p>&nbsp;<\/p>\n<div class=\"elementor-element elementor-element-11248df elementor-widget elementor-widget-text-editor\" data-id=\"11248df\" data-element_type=\"widget\" data-widget_type=\"text-editor.default\">\n<div class=\"elementor-widget-container\">\n<div class=\"elementor-text-editor elementor-clearfix\"><\/div>\n<\/div>\n<\/div>\n<p>[\/et_pb_text][et_pb_text _builder_version=&#8221;4.16&#8243; _module_preset=&#8221;default&#8221; header_2_text_align=&#8221;center&#8221; header_2_line_height=&#8221;1.7em&#8221; custom_margin=&#8221;||18px|||&#8221; global_colors_info=&#8221;{}&#8221;]1. Valoramos a los J\u00f3venes personas importantes en el reino de Dios.<\/p>\n<p>2. Valoramos la Biblia\u2026la verdad inmutable de Dios para nuestra vida.<\/p>\n<p>3. Valoramos la Oraci\u00f3n\u2026la comunicaci\u00f3n vital interactiva con nuestro Padre celestial.<\/p>\n<p>4. Valoramos a la Iglesia\u2026una comunidad de santidad global de fe, diversa en culturas, pero una en Cristo.<\/p>\n<p>5. Valoramos la Adoraci\u00f3n\u2026encuentros con un Dios \u00edntimo que cambian la vida.<\/p>\n<p>6. Valoramos el Discipulado\u2026un estilo de vida de semejanza a Cristo.<\/p>\n<p>7. Valoramos a la Comunidad\u2026establecer relaciones que contribuyan a la uni\u00f3n entre\u00a0nosotros y con Dios.<\/p>\n<p>8. Valoramos el Ministerio\u2026extender la gracia de Dios a nuestro mundo.<\/p>\n<p>9. Valoramos ser Testigos\u2026compartir el amor de Dios en palabras y hechos.<\/p>\n<p>10. Valoramos la Santidad\u2026una obra de gracia en la que Dios, por medio de la obra de su Esp\u00edritu Santo, nos capacita para tener una vida que represente a Cristo en lo que somos y en todo lo que hacemos.<\/p>\n<div class=\"elementor-element elementor-element-11248df elementor-widget elementor-widget-text-editor\" data-id=\"11248df\" data-element_type=\"widget\" data-widget_type=\"text-editor.default\">\n<div class=\"elementor-widget-container\">\n<div class=\"elementor-text-editor elementor-clearfix\"><\/div>\n<\/div>\n<\/div>\n<p>[\/et_pb_text][et_pb_text _builder_version=&#8221;4.16&#8243; _module_preset=&#8221;default&#8221; header_2_text_align=&#8221;center&#8221; header_2_line_height=&#8221;1.7em&#8221; global_colors_info=&#8221;{}&#8221;]<\/p>\n<p><span>Estos valores son dimensiones importantes de la vida santa y deben reflejarse en la vida\u00a0<\/span><span>y ministerio de la JNI en cada nivel de la iglesia. (Para obtener m\u00e1s informaci\u00f3n sobre estos<\/span>\u00a0valores, v\u00e9anse los \u201cArt\u00edculos de Fe\u201d en el\u00a0Manual de la Iglesia del Nazareno). Al reflejar estos valores, reconocemos los siguientes principios directrices.<\/p>\n<p>[\/et_pb_text][\/et_pb_column][\/et_pb_row][et_pb_row _builder_version=&#8221;4.16&#8243; _module_preset=&#8221;default&#8221; custom_padding=&#8221;0px|||||&#8221; global_colors_info=&#8221;{}&#8221;][et_pb_column type=&#8221;4_4&#8243; _builder_version=&#8221;4.16&#8243; _module_preset=&#8221;default&#8221; global_colors_info=&#8221;{}&#8221;][et_pb_text _builder_version=&#8221;4.16&#8243; _module_preset=&#8221;default&#8221; header_2_text_align=&#8221;center&#8221; header_2_line_height=&#8221;1.7em&#8221; width=&#8221;46%&#8221; width_tablet=&#8221;70%&#8221; width_phone=&#8221;100%&#8221; width_last_edited=&#8221;on|desktop&#8221; custom_margin=&#8221;||4px|||&#8221; global_colors_info=&#8221;{}&#8221;]<\/p>\n<h2 class=\"puntosBlack\">Nuestros principios directrices<\/h2>\n<p>&nbsp;<\/p>\n<div class=\"elementor-element elementor-element-11248df elementor-widget elementor-widget-text-editor\" data-id=\"11248df\" data-element_type=\"widget\" data-widget_type=\"text-editor.default\">\n<div class=\"elementor-widget-container\">\n<div class=\"elementor-text-editor elementor-clearfix\"><\/div>\n<\/div>\n<\/div>\n<p>[\/et_pb_text][et_pb_toggle title=&#8221;1. La JNI existe para los j\u00f3venes.&#8221; open=&#8221;on&#8221; _builder_version=&#8221;4.16&#8243; _module_preset=&#8221;default&#8221; title_font=&#8221;|300||on|||||&#8221; title_font_size=&#8221;18px&#8221; global_colors_info=&#8221;{}&#8221;]<\/p>\n<p>La JNI existe para atraer, capacitar y dar autoridad a los j\u00f3venes para servir en el reino de Dios y facilitar su integraci\u00f3n en la Iglesia del Nazareno.<\/p>\n<p>[\/et_pb_toggle][et_pb_toggle title=&#8221;2. La JNI se enfoca en Cristo.&#8221; _builder_version=&#8221;4.16&#8243; _module_preset=&#8221;default&#8221; title_font=&#8221;|300||on|||||&#8221; title_font_size=&#8221;18px&#8221; global_colors_info=&#8221;{}&#8221;]<\/p>\n<p>Cristo es el centro de lo que somos; la Palabra de Dios es la fuente de autoridad de todo lo que hacemos y la santidad es el patr\u00f3n para nuestra vida.<\/p>\n<p>[\/et_pb_toggle][et_pb_toggle title=&#8221;3. La JNI se basa en un ministerio de relaciones entre la juventud en la iglesia local.&#8221; _builder_version=&#8221;4.16&#8243; _module_preset=&#8221;default&#8221; title_font=&#8221;|300||on|||||&#8221; title_font_size=&#8221;18px&#8221; global_colors_info=&#8221;{}&#8221;]<\/p>\n<p>El ministerio eficaz entre los j\u00f3venes en la iglesia local es crucial para el bienestar y la<br \/>vitalidad de la JNI. Las relaciones y el ministerio de encarnaci\u00f3n forman la base del ministerio juvenil nazareno, y gu\u00edan a los j\u00f3venes hacia la madurez spiritual en Cristo.<\/p>\n<p>[\/et_pb_toggle][et_pb_toggle title=&#8221;4. La JNI desarrolla y gu\u00eda a l\u00edderes j\u00f3venes.&#8221; _builder_version=&#8221;4.16&#8243; _module_preset=&#8221;default&#8221; title_font=&#8221;|300||on|||||&#8221; title_font_size=&#8221;18px&#8221; global_colors_info=&#8221;{}&#8221;]<\/p>\n<p>Un ministerio relevante entre los j\u00f3venes requiere que la responsabilidad para el ministerio y las decisiones organizacionales recaigan en el liderazgo de la JNI y los cuerpos de gobierno apropiados en cada nivel.\u00a0 Algunos ingredientes claves para la capacitaci\u00f3n de los j\u00f3venes por medio de la JNI son un sentimiento de pertenencia y propiedad, una pasi\u00f3n por el servicio y su participaci\u00f3n en la toma de decisiones.<\/p>\n<p>[\/et_pb_toggle][et_pb_toggle title=&#8221;5. La JNI est\u00e1 capacitada para guiar.&#8221; _builder_version=&#8221;4.16&#8243; _module_preset=&#8221;default&#8221; title_font=&#8221;|300||on|||||&#8221; title_font_size=&#8221;18px&#8221; global_colors_info=&#8221;{}&#8221;]<\/p>\n<p>Un ministerio relevante entre los j\u00f3venes requiere que la responsabilidad para el ministerio y las decisiones organizacionales recaigan en el liderazgo de la JNI y los cuerpos de gobierno apropiados en cada nivel. Algunos ingredientes claves para la capacitaci\u00f3n de los j\u00f3venes por medio de la JNI son un sentimiento de pertenencia y propiedad, una pasi\u00f3n por el servicio y su participaci\u00f3n en la toma de decisiones.<\/p>\n<p>[\/et_pb_toggle][et_pb_toggle title=&#8221;6. La JNI acepta la unidad y la diversidad en Cristo.&#8221; _builder_version=&#8221;4.16&#8243; _module_preset=&#8221;default&#8221; title_font=&#8221;|300||on|||||&#8221; title_font_size=&#8221;18px&#8221; global_colors_info=&#8221;{}&#8221;]<\/p>\n<p>La JNI se compromete a comprender y celebrar las diferencias y diversidad en idiomas, color, raza, cultura, clase socioecon\u00f3mico y sexo. Nuestras diferencias no reducen la unidad, sino que aumentan nuestro potencial y eficacia. Compartir las buenas nuevas de Jesucristo en forma culturalmente relevante siempre debe ser una alta prioridad.<\/p>\n<p>[\/et_pb_toggle][et_pb_toggle title=&#8221;7. La JNI crea relaciones y asociaciones.&#8221; _builder_version=&#8221;4.16&#8243; _module_preset=&#8221;default&#8221; title_font=&#8221;|300||on|||||&#8221; title_font_size=&#8221;18px&#8221; global_colors_info=&#8221;{}&#8221;]<\/p>\n<div class=\"elementor-element elementor-element-11248df elementor-widget elementor-widget-text-editor\" data-id=\"11248df\" data-element_type=\"widget\" data-widget_type=\"text-editor.default\">\n<div class=\"elementor-widget-container\">\n<div class=\"elementor-text-editor elementor-clearfix\">\n<p>Nuestras relaciones se caracterizan por un ambiente de cooperaci\u00f3n en cada nivel de la JNI.<\/p>\n<p>Las relaciones dentro de la iglesia mejoran el desarrollo y env\u00edo de j\u00f3venes para el servicio; la JNI participa activamente en este tipo de esfuerzos de cooperaci\u00f3n.<\/p>\n<\/div>\n<\/div>\n<\/div>\n<p>&nbsp;<\/p>\n<p>[\/et_pb_toggle][\/et_pb_column][\/et_pb_row][\/et_pb_section]<\/p>\n","protected":false},"excerpt":{"rendered":"<p>JUVENTUD NAZARENA INTERNACIONAL La misi\u00f3n de la Juventud Nazarena Internacional (JNI) es llamar a nuestra generaci\u00f3n a una vida din\u00e1mica en Cristo. La membres\u00eda de la JNI incluye a toda persona que participe en el ministerio nazareno juvenil y que comparta nuestra visi\u00f3n y valores establecidos. La Iglesia del Nazareno cree que los j\u00f3venes forman [&hellip;]<\/p>\n","protected":false},"author":1,"featured_media":0,"parent":0,"menu_order":0,"comment_status":"closed","ping_status":"closed","template":"","meta":{"_acf_changed":false,"_et_pb_use_builder":"on","_et_pb_old_content":"","_et_gb_content_width":"","footnotes":""},"class_list":["post-258","page","type-page","status-publish","hentry"],"acf":[],"yoast_head":"<!-- This site is optimized with the Yoast SEO plugin v23.5 - https:\/\/yoast.com\/wordpress\/plugins\/seo\/ -->\n<title>JUVENTUD NAZARENA INTERNACIONAL - Venezuela primero<\/title>\n<meta name=\"robots\" content=\"index, follow, max-snippet:-1, max-image-preview:large, max-video-preview:-1\" \/>\n<link rel=\"canonical\" href=\"https:\/\/venezuelaprimero.org\/website\/juventud-nazarena-internacional\/\" \/>\n<meta property=\"og:locale\" content=\"es_ES\" \/>\n<meta property=\"og:type\" content=\"article\" \/>\n<meta property=\"og:title\" content=\"JUVENTUD NAZARENA INTERNACIONAL - Venezuela primero\" \/>\n<meta property=\"og:description\" content=\"JUVENTUD NAZARENA INTERNACIONAL La misi\u00f3n de la Juventud Nazarena Internacional (JNI) es llamar a nuestra generaci\u00f3n a una vida din\u00e1mica en Cristo. La membres\u00eda de la JNI incluye a toda persona que participe en el ministerio nazareno juvenil y que comparta nuestra visi\u00f3n y valores establecidos. La Iglesia del Nazareno cree que los j\u00f3venes forman [&hellip;]\" \/>\n<meta property=\"og:url\" content=\"https:\/\/venezuelaprimero.org\/website\/juventud-nazarena-internacional\/\" \/>\n<meta property=\"og:site_name\" content=\"Venezuela primero\" \/>\n<meta property=\"article:modified_time\" content=\"2025-12-02T03:39:10+00:00\" \/>\n<meta name=\"twitter:card\" content=\"summary_large_image\" \/>\n<meta name=\"twitter:label1\" content=\"Tiempo de lectura\" \/>\n\t<meta name=\"twitter:data1\" content=\"7 minutos\" \/>\n<script type=\"application\/ld+json\" class=\"yoast-schema-graph\">{\"@context\":\"https:\/\/schema.org\",\"@graph\":[{\"@type\":\"WebPage\",\"@id\":\"https:\/\/venezuelaprimero.org\/website\/juventud-nazarena-internacional\/\",\"url\":\"https:\/\/venezuelaprimero.org\/website\/juventud-nazarena-internacional\/\",\"name\":\"JUVENTUD NAZARENA INTERNACIONAL - Venezuela primero\",\"isPartOf\":{\"@id\":\"https:\/\/venezuelaprimero.org\/website\/#website\"},\"datePublished\":\"2021-05-18T20:09:37+00:00\",\"dateModified\":\"2025-12-02T03:39:10+00:00\",\"breadcrumb\":{\"@id\":\"https:\/\/venezuelaprimero.org\/website\/juventud-nazarena-internacional\/#breadcrumb\"},\"inLanguage\":\"es\",\"potentialAction\":[{\"@type\":\"ReadAction\",\"target\":[\"https:\/\/venezuelaprimero.org\/website\/juventud-nazarena-internacional\/\"]}]},{\"@type\":\"BreadcrumbList\",\"@id\":\"https:\/\/venezuelaprimero.org\/website\/juventud-nazarena-internacional\/#breadcrumb\",\"itemListElement\":[{\"@type\":\"ListItem\",\"position\":1,\"name\":\"Portada\",\"item\":\"https:\/\/venezuelaprimero.org\/website\/\"},{\"@type\":\"ListItem\",\"position\":2,\"name\":\"JUVENTUD NAZARENA INTERNACIONAL\"}]},{\"@type\":\"WebSite\",\"@id\":\"https:\/\/venezuelaprimero.org\/website\/#website\",\"url\":\"https:\/\/venezuelaprimero.org\/website\/\",\"name\":\"Pagina web del distrito Venezuela Primero\",\"description\":\"Iglesia del nazareno venezuela\",\"publisher\":{\"@id\":\"https:\/\/venezuelaprimero.org\/website\/#organization\"},\"potentialAction\":[{\"@type\":\"SearchAction\",\"target\":{\"@type\":\"EntryPoint\",\"urlTemplate\":\"https:\/\/venezuelaprimero.org\/website\/?s={search_term_string}\"},\"query-input\":{\"@type\":\"PropertyValueSpecification\",\"valueRequired\":true,\"valueName\":\"search_term_string\"}}],\"inLanguage\":\"es\"},{\"@type\":\"Organization\",\"@id\":\"https:\/\/venezuelaprimero.org\/website\/#organization\",\"name\":\"Pagina web del distrito Venezulea Primero- Iglesia del Nazareno\",\"url\":\"https:\/\/venezuelaprimero.org\/website\/\",\"logo\":{\"@type\":\"ImageObject\",\"inLanguage\":\"es\",\"@id\":\"https:\/\/venezuelaprimero.org\/website\/#\/schema\/logo\/image\/\",\"url\":\"https:\/\/venezuelaprimero.org\/website\/wp-content\/uploads\/2021\/05\/logo-2.png\",\"contentUrl\":\"https:\/\/venezuelaprimero.org\/website\/wp-content\/uploads\/2021\/05\/logo-2.png\",\"width\":1318,\"height\":383,\"caption\":\"Pagina web del distrito Venezulea Primero- Iglesia del Nazareno\"},\"image\":{\"@id\":\"https:\/\/venezuelaprimero.org\/website\/#\/schema\/logo\/image\/\"}}]}<\/script>\n<!-- \/ Yoast SEO plugin. -->","yoast_head_json":{"title":"JUVENTUD NAZARENA INTERNACIONAL - Venezuela primero","robots":{"index":"index","follow":"follow","max-snippet":"max-snippet:-1","max-image-preview":"max-image-preview:large","max-video-preview":"max-video-preview:-1"},"canonical":"https:\/\/venezuelaprimero.org\/website\/juventud-nazarena-internacional\/","og_locale":"es_ES","og_type":"article","og_title":"JUVENTUD NAZARENA INTERNACIONAL - Venezuela primero","og_description":"JUVENTUD NAZARENA INTERNACIONAL La misi\u00f3n de la Juventud Nazarena Internacional (JNI) es llamar a nuestra generaci\u00f3n a una vida din\u00e1mica en Cristo. La membres\u00eda de la JNI incluye a toda persona que participe en el ministerio nazareno juvenil y que comparta nuestra visi\u00f3n y valores establecidos. La Iglesia del Nazareno cree que los j\u00f3venes forman [&hellip;]","og_url":"https:\/\/venezuelaprimero.org\/website\/juventud-nazarena-internacional\/","og_site_name":"Venezuela primero","article_modified_time":"2025-12-02T03:39:10+00:00","twitter_card":"summary_large_image","twitter_misc":{"Tiempo de lectura":"7 minutos"},"schema":{"@context":"https:\/\/schema.org","@graph":[{"@type":"WebPage","@id":"https:\/\/venezuelaprimero.org\/website\/juventud-nazarena-internacional\/","url":"https:\/\/venezuelaprimero.org\/website\/juventud-nazarena-internacional\/","name":"JUVENTUD NAZARENA INTERNACIONAL - Venezuela primero","isPartOf":{"@id":"https:\/\/venezuelaprimero.org\/website\/#website"},"datePublished":"2021-05-18T20:09:37+00:00","dateModified":"2025-12-02T03:39:10+00:00","breadcrumb":{"@id":"https:\/\/venezuelaprimero.org\/website\/juventud-nazarena-internacional\/#breadcrumb"},"inLanguage":"es","potentialAction":[{"@type":"ReadAction","target":["https:\/\/venezuelaprimero.org\/website\/juventud-nazarena-internacional\/"]}]},{"@type":"BreadcrumbList","@id":"https:\/\/venezuelaprimero.org\/website\/juventud-nazarena-internacional\/#breadcrumb","itemListElement":[{"@type":"ListItem","position":1,"name":"Portada","item":"https:\/\/venezuelaprimero.org\/website\/"},{"@type":"ListItem","position":2,"name":"JUVENTUD NAZARENA INTERNACIONAL"}]},{"@type":"WebSite","@id":"https:\/\/venezuelaprimero.org\/website\/#website","url":"https:\/\/venezuelaprimero.org\/website\/","name":"Pagina web del distrito Venezuela Primero","description":"Iglesia del nazareno venezuela","publisher":{"@id":"https:\/\/venezuelaprimero.org\/website\/#organization"},"potentialAction":[{"@type":"SearchAction","target":{"@type":"EntryPoint","urlTemplate":"https:\/\/venezuelaprimero.org\/website\/?s={search_term_string}"},"query-input":{"@type":"PropertyValueSpecification","valueRequired":true,"valueName":"search_term_string"}}],"inLanguage":"es"},{"@type":"Organization","@id":"https:\/\/venezuelaprimero.org\/website\/#organization","name":"Pagina web del distrito Venezulea Primero- Iglesia del Nazareno","url":"https:\/\/venezuelaprimero.org\/website\/","logo":{"@type":"ImageObject","inLanguage":"es","@id":"https:\/\/venezuelaprimero.org\/website\/#\/schema\/logo\/image\/","url":"https:\/\/venezuelaprimero.org\/website\/wp-content\/uploads\/2021\/05\/logo-2.png","contentUrl":"https:\/\/venezuelaprimero.org\/website\/wp-content\/uploads\/2021\/05\/logo-2.png","width":1318,"height":383,"caption":"Pagina web del distrito Venezulea Primero- Iglesia del Nazareno"},"image":{"@id":"https:\/\/venezuelaprimero.org\/website\/#\/schema\/logo\/image\/"}}]}},"_links":{"self":[{"href":"https:\/\/venezuelaprimero.org\/website\/wp-json\/wp\/v2\/pages\/258","targetHints":{"allow":["GET"]}}],"collection":[{"href":"https:\/\/venezuelaprimero.org\/website\/wp-json\/wp\/v2\/pages"}],"about":[{"href":"https:\/\/venezuelaprimero.org\/website\/wp-json\/wp\/v2\/types\/page"}],"author":[{"embeddable":true,"href":"https:\/\/venezuelaprimero.org\/website\/wp-json\/wp\/v2\/users\/1"}],"replies":[{"embeddable":true,"href":"https:\/\/venezuelaprimero.org\/website\/wp-json\/wp\/v2\/comments?post=258"}],"version-history":[{"count":10,"href":"https:\/\/venezuelaprimero.org\/website\/wp-json\/wp\/v2\/pages\/258\/revisions"}],"predecessor-version":[{"id":36320,"href":"https:\/\/venezuelaprimero.org\/website\/wp-json\/wp\/v2\/pages\/258\/revisions\/36320"}],"wp:attachment":[{"href":"https:\/\/venezuelaprimero.org\/website\/wp-json\/wp\/v2\/media?parent=258"}],"curies":[{"name":"wp","href":"https:\/\/api.w.org\/{rel}","templated":true}]}}