{"id":32409,"date":"2021-05-26T18:23:33","date_gmt":"2021-05-26T22:23:33","guid":{"rendered":"https:\/\/venezuelaprimero.org\/website\/?page_id=32409"},"modified":"2021-06-08T15:18:30","modified_gmt":"2021-06-08T19:18:30","slug":"en-que-creemos","status":"publish","type":"page","link":"https:\/\/venezuelaprimero.org\/website\/en-que-creemos\/","title":{"rendered":"En Qu\u00e9 Creemos"},"content":{"rendered":"<p>[et_pb_section fb_built=&#8221;1&#8243; next_background_color=&#8221;#ffffff&#8221; _builder_version=&#8221;4.8.1&#8243; _module_preset=&#8221;default&#8221; background_enable_color=&#8221;off&#8221; use_background_color_gradient=&#8221;on&#8221; background_color_gradient_start=&#8221;rgba(0,0,0,0.31)&#8221; background_color_gradient_end=&#8221;rgba(0,0,0,0)&#8221; background_color_gradient_type=&#8221;radial&#8221; background_color_gradient_overlays_image=&#8221;on&#8221; background_image=&#8221;https:\/\/venezuelaprimero.org\/website\/wp-content\/uploads\/2021\/05\/hero_0-scaled-1.jpg&#8221; z_index=&#8221;2&#8243; height=&#8221;457px&#8221; bottom_divider_style=&#8221;curve&#8221; bottom_divider_height=&#8221;160px&#8221; bottom_divider_flip=&#8221;vertical&#8221; hover_enabled=&#8221;0&#8243; title_text=&#8221;hero_0-scaled&#8221; sticky_enabled=&#8221;0&#8243;][et_pb_row _builder_version=&#8221;4.8.1&#8243; _module_preset=&#8221;default&#8221; z_index=&#8221;7&#8243;][et_pb_column type=&#8221;4_4&#8243; _builder_version=&#8221;4.8.1&#8243; _module_preset=&#8221;default&#8221;][et_pb_text _builder_version=&#8221;4.8.1&#8243; _dynamic_attributes=&#8221;content&#8221; _module_preset=&#8221;default&#8221; text_font=&#8221;|600|||||||&#8221; text_text_color=&#8221;#FFFFFF&#8221; text_font_size=&#8221;50px&#8221; header_text_color=&#8221;#FFFFFF&#8221; header_font_size=&#8221;50px&#8221; background_color=&#8221;#000000&#8243; transform_translate=&#8221;0px|142px&#8221; text_orientation=&#8221;center&#8221; width=&#8221;44%&#8221; width_tablet=&#8221;95%&#8221; width_phone=&#8221;100%&#8221; width_last_edited=&#8221;on|phone&#8221; module_alignment=&#8221;center&#8221; custom_padding=&#8221;30px||30px||true|false&#8221; hover_enabled=&#8221;0&#8243; text_font_size_tablet=&#8221;&#8221; text_font_size_phone=&#8221;30px&#8221; text_font_size_last_edited=&#8221;on|phone&#8221; sticky_enabled=&#8221;0&#8243;]@ET-DC@eyJkeW5hbWljIjp0cnVlLCJjb250ZW50IjoicG9zdF90aXRsZSIsInNldHRpbmdzIjp7ImJlZm9yZSI6IiIsImFmdGVyIjoiIn19@[\/et_pb_text][\/et_pb_column][\/et_pb_row][et_pb_row custom_padding_last_edited=&#8221;on|tablet&#8221; _builder_version=&#8221;4.8.1&#8243; _module_preset=&#8221;default&#8221; transform_translate=&#8221;0px|59px&#8221; custom_margin=&#8221;0px||0px||false|false&#8221; custom_padding=&#8221;0px|||||&#8221; custom_padding_tablet=&#8221;0px|0px||0px|false|false&#8221; custom_padding_phone=&#8221;&#8221;][et_pb_column type=&#8221;4_4&#8243; _builder_version=&#8221;4.8.1&#8243; _module_preset=&#8221;default&#8221;][et_pb_text _builder_version=&#8221;4.8.1&#8243; _module_preset=&#8221;default&#8221; text_text_color=&#8221;#FFFFFF&#8221; text_font_size=&#8221;20px&#8221; background_enable_color=&#8221;off&#8221; use_background_color_gradient=&#8221;on&#8221; background_color_gradient_start=&#8221;rgba(43,135,218,0.61)&#8221; background_color_gradient_end=&#8221;rgba(41,196,169,0.55)&#8221; background_color_gradient_direction=&#8221;65deg&#8221; background_color_gradient_end_position=&#8221;82%&#8221; width=&#8221;100%&#8221; max_width=&#8221;100%&#8221; module_alignment=&#8221;center&#8221; custom_padding=&#8221;70px|200px|70px|200px|false|false&#8221; custom_padding_tablet=&#8221;70px|30px|70px|30px|false|false&#8221; custom_padding_phone=&#8221;|10px||10px|false|false&#8221; custom_padding_last_edited=&#8221;on|phone&#8221; border_width_all=&#8221;2px&#8221; border_color_all=&#8221;#FFFFFF&#8221;]<\/p>\n<p style=\"text-align: center;\"><span>A fin de que mantengamos nuestra herencia dada por Dios, la fe una vez dada a los santos, especialmente la doctrina y experiencia de la entera santificaci\u00f3n como segunda obra de gracia, y tambi\u00e9n para que cooperemos eficazmente con otras ramas de la iglesia de Jesucristo en expandir el reino de Dios, nosotros, los ministros y los miembros laicos de la Iglesia del Nazareno en conformidad con los principios de la legislaci\u00f3n constitucional establecida entre nosotros, por la presente ordenamos, adoptamos y publicamos como la ley fundamental o Constituci\u00f3n de la Iglesia del Nazareno, los siguientes\u00a0<\/span><strong>Art\u00edculos de Fe<\/strong><span>.<\/span><\/p>\n<p>[\/et_pb_text][\/et_pb_column][\/et_pb_row][\/et_pb_section][et_pb_section fb_built=&#8221;1&#8243; fullwidth=&#8221;on&#8221; _builder_version=&#8221;4.8.1&#8243; _module_preset=&#8221;default&#8221;][et_pb_fullwidth_image src=&#8221;https:\/\/venezuelaprimero.org\/website\/wp-content\/uploads\/2021\/05\/dotted-grid-black.png&#8221; title_text=&#8221;dotted-grid-black&#8221; _builder_version=&#8221;4.8.1&#8243; _module_preset=&#8221;default&#8221; transform_translate=&#8221;0px|4px&#8221;][\/et_pb_fullwidth_image][\/et_pb_section][et_pb_section fb_built=&#8221;1&#8243; _builder_version=&#8221;4.8.1&#8243; _module_preset=&#8221;default&#8221; background_image=&#8221;https:\/\/venezuelaprimero.org\/website\/wp-content\/uploads\/2021\/05\/mission-content-background.jpg&#8221; background_position=&#8221;top_center&#8221; custom_margin=&#8221;21px|||||&#8221; custom_padding=&#8221;55px|||||&#8221;][et_pb_row _builder_version=&#8221;4.8.1&#8243; _module_preset=&#8221;default&#8221;][et_pb_column type=&#8221;4_4&#8243; _builder_version=&#8221;4.8.1&#8243; _module_preset=&#8221;default&#8221;][et_pb_accordion open_toggle_text_color=&#8221;#0C71C3&#8243; open_toggle_background_color=&#8221;#FFFFFF&#8221; closed_toggle_text_color=&#8221;#FFFFFF&#8221; closed_toggle_background_color=&#8221;rgba(12,113,195,0.57)&#8221; icon_color=&#8221;#FFFFFF&#8221; _builder_version=&#8221;3.0.105&#8243; toggle_text_color=&#8221;#FFFFFF&#8221; toggle_font_size=&#8221;25px&#8221; body_line_height=&#8221;1.8em&#8221; locked=&#8221;off&#8221;][et_pb_accordion_item title=&#8221;I. El Dios trino&#8221; open=&#8221;on&#8221; _builder_version=&#8221;3.0.105&#8243;]Creemos en un solo Dios eternamente existente e infinito, Creador y Sustentador Soberano del universo; que s\u00f3lo \u00c9l es Dios, santo en naturaleza, atributos y prop\u00f3sito. El Dios, quien es amor santo y luz, es trino en su ser esencial, revelado como Padre, Hijo y Esp\u00edritu Santo.<\/p>\n<p><em>(G\u00e9nesis 1; Lev\u00edtico 19:2; Deuteronomio 6:4-5; Isa\u00edas 5:16; 6:1-7; 40:18-31; Mateo 3:16-17; 28:19-20; Juan 14:6-27; 1 Corintios 8:6; 2 Corintios 13:14; G\u00e1latas 4:4-6; Efesios 2:13-18, 1 Juan 1:5; 4:8).<\/em><br \/>\n[\/et_pb_accordion_item][et_pb_accordion_item title=&#8221;II. Jesucristo&#8221; _builder_version=&#8221;3.0.105&#8243; open=&#8221;off&#8221;]Creemos en Jesucristo, la Segunda Persona de la Divina Trinidad; que \u00c9l eternalmente es uno con el Padre; que se encarn\u00f3 por obra del Esp\u00edritu Santo y que naci\u00f3 de la virgen Mar\u00eda, de manera que dos naturalezas enteras y perfectas, es decir, la deidad y la humanidad, fueron unidas en una persona, verdadero Dios y verdadero hombre, el Dios-hombre. Creemos que Jesucristo muri\u00f3 por nuestros pecados, y que ciertamente se levant\u00f3 de entre los muertos y tom\u00f3 otra vez su cuerpo, junto con todo lo perteneciente a la perfecci\u00f3n de la naturaleza humana, con el cual ascendi\u00f3 al cielo y est\u00e1 all\u00ed intercediendo por nosotros.<\/p>\n<p><em>(Mateo 1:20-25; 16:15-16; Lucas 1:26-35; Juan 1:1-18; Hechos 2:22-36; Romanos 8:3, 32-34; G\u00e1latas 4:4-5; Filipenses 2:5 11; Colosenses 1:12-22; 1 Timoteo 6:14-16; Hebreos 1:1-5; 7:22-28; 9:24-28; 1 Juan 1:1-3; 4:2-3, 15).<\/em><br \/>\n[\/et_pb_accordion_item][et_pb_accordion_item title=&#8221;III. El Esp\u00edritu Santo&#8221; _builder_version=&#8221;3.0.105&#8243; open=&#8221;off&#8221;]Creemos en el Esp\u00edritu Santo, la Tercera Persona de la Divina Trinidad, que est\u00e1 siempre presente y eficazmente activo en la Iglesia de Cristo y juntamente con ella, convenciendo al mundo de pecado, regenerando a los que se arrepienten y creen, santificando a los creyentes y guiando a toda verdad la cual est\u00e1 en Jesucristo.<\/p>\n<p><em>(Juan 7:39; 14:15-18, 26; 16:7-15; Hechos 2:33; 15:8-9; Romanos 8:1-27; G\u00e1latas 3:1-14; 4:6; Efesios 3:14-21; 1 Tesalonicenses 4:7-8; 2 Tesalonicenses 2:13; 1 Pedro 1:2; 1 Juan 3:24; 4:13).<\/em><br \/>\n[\/et_pb_accordion_item][et_pb_accordion_item title=&#8221;IV. Las Sagradas Escrituras&#8221; _builder_version=&#8221;3.0.105&#8243; open=&#8221;off&#8221;]Creemos en la inspiraci\u00f3n plenaria de las Sagradas Escrituras, por las cuales aceptamos los 66 libros del Antiguo y Nuevo Testamentos dados por inspiraci\u00f3n divina, revelando infaliblemente la voluntad de Dios respecto a nosotros en todo lo necesario para nuestra salvaci\u00f3n, de manera que no se debe imponer como Art\u00edculo de Fe ninguna ense\u00f1anza que no est\u00e9 en ellas.<\/p>\n<p><em>(Lucas 24:44-47; Juan 10:35; 1 Corintios 15:3-4; 2 Timoteo 3:15-17; 1 Pedro 1:10-12; 2 Pedro 1:20-21).<\/em><br \/>\n[\/et_pb_accordion_item][et_pb_accordion_item title=&#8221;V. El pecado, original y personal&#8221; _builder_version=&#8221;3.0.105&#8243; open=&#8221;off&#8221;]Creemos que el pecado entr\u00f3 en el mundo por la desobediencia de nuestros primeros padres, y la muerte por el pecado. Creemos que el pecado es de dos clases: Pecado original o depravaci\u00f3n y pecado actual o personal.<\/p>\n<p>Creemos que el pecado original, o depravaci\u00f3n, es aquella corrupci\u00f3n de la naturaleza de toda la descendencia de Ad\u00e1n, raz\u00f3n por la cual todo ser humano est\u00e1 muy apartado de la justicia original o estado de pureza de nuestros primeros padres al tiempo de su creaci\u00f3n, es adverso a Dios, no tiene vida espiritual, est\u00e1 inclinado al mal y esto de continuo. Adem\u00e1s, creemos que el pecado original contin\u00faa existiendo en la nueva vida del regenerado hasta que el coraz\u00f3n es totalmente limpiado por el bautismo con el Esp\u00edritu Santo.<\/p>\n<p>Creemos que el pecado original difiere del pecado actual, por cuanto constituye una propensi\u00f3n heredada al pecado actual de la que nadie es responsable, sino hasta que el remedio divinamente provisto haya sido menospreciado o rechazado.<\/p>\n<p>Creemos que el pecado actual o personal es la violaci\u00f3n voluntaria de una ley conocida de Dios cometida por una persona moralmente responsable. Por tanto, no debe ser confundido con fallas involuntarias o inevitables, debilidades, faltas, errores, fracasos u otras desviaciones de una norma de conducta perfecta, los cuales son residuos de la ca\u00edda. Sin embargo, tales efectos inocentes no incluyen actitudes o respuestas contrarias al Esp\u00edritu de Cristo, las que pueden llamarse propiamente pecados del esp\u00edritu. Creemos que el pecado personal es primordial y esencialmente una violaci\u00f3n de la ley del amor y que, en relaci\u00f3n con Cristo, el pecado puede definirse como incredulidad.<\/p>\n<p><em>(<u>Pecado original<\/u>: G\u00e9nesis 3; 6:5; Job 15:14; Salmo 51:5; Jerem\u00edas 17:9-10; Marcos 7:21-23; Romanos 1:18-25; 5:12-14; 7:1\u20148:9; 1 Corintios 3:1-4; G\u00e1latas 5:16-25; 1 Juan 1:7-8.\u00a0<u>Pecado personal<\/u>: Mateo 22:36-40; Juan 8:34-36; 16:8-9; Romanos 3:23; 6:15-23; 8:18-24; 14:23; 1 Juan 1:9\u20142:4; 3:7-10).<\/em><br \/>\n[\/et_pb_accordion_item][et_pb_accordion_item title=&#8221;VI. La expiaci\u00f3n&#8221; _builder_version=&#8221;3.0.105&#8243; open=&#8221;off&#8221;]Creemos que Jesucristo por sus sufrimientos, por el derramamiento de su preciosa sangre y por su muerte en la cruz hizo una expiaci\u00f3n plena por todo el pecado de la humanidad, y que esta expiaci\u00f3n es la \u00fanica base de la salvaci\u00f3n y que es suficiente para todo individuo de la raza de Ad\u00e1n. La expiaci\u00f3n es misericordiosamente eficaz para la salvaci\u00f3n de aquellos incapaces de responsabilidad moral y para los ni\u00f1os en su inocencia, pero para los que llegan a la edad de responsabilidad es eficaz para su salvaci\u00f3n solamente cuando se arrepienten y creen.<\/p>\n<p><em>(Isa\u00edas 53:5-6, 11; Marcos 10:45; Lucas 24:46-48; Juan 1:29; 3:14-17; Hechos 4:10-12; Romanos 3:21-26; 4:17-25; 5:6-21; 1 Corintios 6:20; 2 Corintios 5:14-21; G\u00e1latas 1:3-4; 3:13-14; Colosenses 1:19-23; 1 Timoteo 2:3-6; Tito 2:1114; Hebreos 2:9; 9:11-14; 13:12; 1 Pedro 1:18-21;2:19-25; 1 Juan 2:1-2).<\/em><br \/>\n[\/et_pb_accordion_item][et_pb_accordion_item title=&#8221;VII. La gracia preveniente&#8221; _builder_version=&#8221;3.0.105&#8243; open=&#8221;off&#8221;]Creemos que la creaci\u00f3n de la raza humana a la imagen de Dios incluy\u00f3 la capacidad de decidir entre el bien y el mal y que, por tanto, los seres humanos fueron hechos moralmente responsables; que a trav\u00e9s de la ca\u00edda de Ad\u00e1n ellos se tornaron depravados, de tal modo que ahora no pueden, por s\u00ed mismos y por sus capacidades y obras, volver a la fe e invocar a Dios. Pero tambi\u00e9n creemos que la gracia de Dios, por medio de Jesucristo, se concede gratuitamente a todas las personas, capacitando a todos los que quieran, para volverse del pecado a la justicia, para creer en Jesucristo y recibir perd\u00f3n y limpieza del pecado, y para seguir las buenas obras agradables y aceptables ante \u00c9l.<\/p>\n<p>Creemos que todas las personas, aunque posean la experiencia de la regeneraci\u00f3n y de la entera santificaci\u00f3n, pueden caer de la gracia y apostatar y, a menos que se arrepientan de sus pecados, se perder\u00e1n eternalmente y sin esperanza.<\/p>\n<p><em>(<u>Semejanza divina y responsabilidad moral<\/u>: G\u00e9nesis 1:26-27; 2:16-17; Deuteronomio 28:1-2; 30:19; Josu\u00e9 24:15; Salmo 8:3-5; Isa\u00edas 1:8-10; Jerem\u00edas 31:29-30; Ezequiel 18:1-4; Miqueas 6:8; Romanos 1:19-20; 2:1-16; 14:7-12; G\u00e1latas 6:7-8.\u00a0<u>Incapacidad natural<\/u>: Job 14:4; 15:14; Salmos 14:1-4; 51:5; Juan 3:6a; Romanos 3:10-12; 5:12-14, 20a; 7:14-25.\u00a0<u>Don de gracia y obras de fe<\/u>: Ezequiel 18:25-26; Juan 1:12-13; 3:6b; Hechos 5:31; Romanos 5:6-8, 18; 6:15-16, 23; 10:6-8; 11:22; 1 Corintios 2:9-14; 10:112; 2 Corintios 5:18-19; G\u00e1latas 5:6; Efesios 2:8-10; Filipenses 2:12-13; Colosenses 1:21-23; 2 Timoteo 4:10a; Tito 2:11-14; Hebreos 2:1-3; 3:12-15; 6:4-6; 10:26-31; Santiago 2:18-22; 2 Pedro 1:10-11; 2:20-22).<\/em><br \/>\n[\/et_pb_accordion_item][et_pb_accordion_item title=&#8221;VIII. El arrepentimiento&#8221; _builder_version=&#8221;3.0.105&#8243; open=&#8221;off&#8221;]Creemos que el arrepentimiento, que es un cambio sincero y completo de la mente respecto al pecado, con el reconocimiento de culpa personal y la separaci\u00f3n voluntaria del pecado, se exige de todos los que por acci\u00f3n o prop\u00f3sito han llegado a ser pecadores contra Dios. El Esp\u00edritu de Dios da a todos los que quieran arrepentirse la\u00a0ayuda benigna de la contrici\u00f3n de coraz\u00f3n y la esperanza de misericordia para que puedan creer a fin de recibir perd\u00f3n y vida espiritual.<\/p>\n<p><em>(2 Cr\u00f3nicas 7:14; Salmos 32:5-6; 51:1-17; Isa\u00edas 55:6-7; Jerem\u00edas 3:12-14; Ezequiel 18:30-32; 33:14-16; Marcos 1:14-15; Lucas 3:1-14; 13:1-5;18:9-14; Hechos 2:38; 3:19; 5:31; 17:30-31; 26:16-18; Romanos 2:4; 2 Corintios 7:8-11; 1 Tesalonicenses 1:9; 2 Pedro 3:9).<\/em><br \/>\n[\/et_pb_accordion_item][et_pb_accordion_item title=&#8221;IX. La justificaci\u00f3n, la regeneraci\u00f3n y la adopci\u00f3n&#8221; _builder_version=&#8221;3.0.105&#8243; open=&#8221;off&#8221;]Creemos que la justificaci\u00f3n es aquel acto benigno y judicial de Dios, por el cual \u00c9l concede pleno perd\u00f3n de toda culpa, la remisi\u00f3n completa de la pena por los pecados cometidos y la aceptaci\u00f3n como justos de los que creen en Jesucristo y lo reciben como Salvador y Se\u00f1or.<\/p>\n<p>Creemos que la regeneraci\u00f3n, o nuevo nacimiento, es aquella obra de gracia de Dios, por la cual la naturaleza moral del creyente arrepentido es vivificada espiritualmente y recibe una vida distintivamente espiritual, capaz de experimentar fe, amor y obediencia.<\/p>\n<p>Creemos que la adopci\u00f3n es aquel acto benigno de Dios, por el cual el creyente justificado y regenerado se constituye en hijo de Dios.<\/p>\n<p>Creemos que la justificaci\u00f3n, la regeneraci\u00f3n y la adopci\u00f3n son simult\u00e1neas en la experiencia de los que buscan a Dios y se obtienen por el requisito de la fe, precedida por el arrepentimiento y que el Esp\u00edritu Santo da testimonio de esta obra y estado de gracia.<\/p>\n<p><em>(Lucas 18:14; Juan 1:12-13; 3:3-8; 5:24; Hechos 13:39; Romanos 1:17; 3:2126, 28; 4:5-9, 17-25; 5:1, 16-19; 6:4; 7:6; 8:1, 15-17; 1 Corintios 1:30; 6:11; 2 Corintios 5:17-21; G\u00e1latas 2:16-21; 3:1-14, 26; 4:4-7; Efesios 1:6-7; 2:1, 4-5; Filipenses 3:3-9; Colosenses 2:13; Tito 3:4-7; 1 Pedro 1:23; 1 Juan 1:9; 3:1-2, 9; 4:7; 5:1, 9-13, 18).<\/em><br \/>\n[\/et_pb_accordion_item][et_pb_accordion_item title=&#8221;X. La santidad cristiana y la entera santificaci\u00f3n&#8221; _builder_version=&#8221;3.0.105&#8243; open=&#8221;off&#8221;]Creemos que la santificaci\u00f3n es la obra de Dios por medio de la cual transforma a los creyentes a la semejanza de Cristo. \u00c9sta es efectuada mediante la gracia de Dios por el Esp\u00edritu Santo en la santificaci\u00f3n inicial, o regeneraci\u00f3n (simult\u00e1nea a la justificaci\u00f3n), la entera santificaci\u00f3n y la obra continua de perfeccionamiento del creyente por el Esp\u00edritu Santo, culminando en la glorificaci\u00f3n, en la cual somos completamente conformados a la imagen del Hijo.<\/p>\n<p>Creemos que la entera santificaci\u00f3n es el acto de Dios, subsecuente a la regeneraci\u00f3n, por el cual los creyentes son hechos libres del pecado original o depravaci\u00f3n, y son llevados a un estado de entera devoci\u00f3n a Dios y a la santa obediencia de amor hecho perfecto. Es efectuada por la llenura o el bautismo con el Esp\u00edritu Santo; y en una sola experiencia incluye la limpieza de pecado del coraz\u00f3n y la morada permanente y continua del Esp\u00edritu Santo, capacitando al creyente para la vida y el servicio.<\/p>\n<p>La entera santificaci\u00f3n es provista por la sangre de Jes\u00fas, efectuada instant\u00e1neamente por la gracia mediante la fe y precedida por la entera consagraci\u00f3n. El Esp\u00edritu Santo da testimonio de esta obra y estado de gracia. Esta experiencia se conoce tambi\u00e9n con varios nombres que representan sus diferentes fases, tales como \u201cla perfecci\u00f3n cristiana\u201d, \u201cel amor perfecto\u201d, \u201cla pureza de coraz\u00f3n\u201d, \u201cla llenura o el bautismo con el Esp\u00edritu Santo\u201d, \u201cla plenitud de la bendici\u00f3n\u201d y \u201cla santidad cristiana\u201d.<\/p>\n<p>Creemos que hay una clara distinci\u00f3n entre el coraz\u00f3n puro y el car\u00e1cter maduro. El primero se obtiene instant\u00e1neamente como resultado de la entera santificaci\u00f3n; el segundo es resultado del crecimiento en la gracia. Creemos que la gracia de la entera santificaci\u00f3n incluye el impulso divino para crecer en gracia como disc\u00edpulo semejante a Cristo. Sin embargo, este impulso se debe cultivar conscientemente, y se debe dar atenci\u00f3n cuidadosa a los requisitos y procesos del desarrollo espiritual y mejoramiento de car\u00e1cter y personalidad en semejanza a Cristo. Sin ese esfuerzo con tal prop\u00f3sito, el testimonio de uno puede debilitarse, y la gracia puede entorpecerse y finalmente perderse. Al participar en los medios de gracia, especialmente en la comuni\u00f3n cristiana, en las disciplinas espirituales y en los sacramentos de la iglesia, los creyentes crecen en gracia y en amor sincero para con Dios y con el pr\u00f3jimo.<\/p>\n<p><em>(Jerem\u00edas 31:31-34; Ezequiel 36:25-27; Malaqu\u00edas 3:2-3; Mateo 3:11-12; Lucas 3:16-17; Juan 7:37-39; 14:15-23; 17:6-20; Hechos 1:5; 2:1-4; 15:8-9; Romanos 6:11-13, 19; 8:1-4, 8-14; 12:1-2; 2 Corintios 6:14\u2014 7:1; G\u00e1latas 2:20; 5:16-25; Efesios 3:14-21; 5:17-18, 25-27; Filipenses 3:10-15; Colosenses 3:1-17; 1 Tesalonicenses 5:23-24; Hebreos 4:9-11; 10:10-17; 12:1-2; 13:12; 1 Juan 1:7, 9). (\u201cPerfecci\u00f3n cristiana\u201d, \u201camor perfecto\u201d: Deuteronomio 30:6; Mateo 5:43-48; 22:37-40; Romanos 12:9-21; 13:8-10; 1 Corintios 13; Filipenses 3:10-15; Hebreos 6:1; 1 Juan 4:17-18 \u201cPureza de coraz\u00f3n\u201d: Mateo 5:8; Hechos 15:8-9; 1 Pedro 1:22; 1 Juan 3:3 \u201cLa llenura o el bautismo con el Esp\u00edritu Santo\u201d: Jerem\u00edas 31:31-34; Ezequiel 36:25-27; Malaqu\u00edas 3:2-3; Mateo 3:11-12; Lucas 3:16-17; Hechos 1:5; 2:1-4; 15:8-9 \u201cPlenitud de la bendici\u00f3n\u201d: Romanos 15:29 \u201cSantidad cristiana\u201d: Mateo 5:1\u20147:29; Juan 15:1-11; Romanos 12:1\u2014 15:3; 2 Corintios 7:1; Efesios 4:17\u20145:20; Filipenses 1:9-11; 3:12-15; Colosenses 2:20\u20143:17; 1 Tesalonicenses 3:13; 4:7-8; 5:23; 2 Timoteo 2:19-22; Hebreos 10:19-25; 12:14; 13:20-21; 1 Pedro 1:15-16; 2 Pedro 1:1-11; 3:18; Judas 20-21).<\/em><br \/>\n[\/et_pb_accordion_item][et_pb_accordion_item title=&#8221;XI. La Iglesia&#8221; _builder_version=&#8221;3.0.105&#8243; open=&#8221;off&#8221;]Creemos en la Iglesia, la comunidad que confiesa a Jesucristo como Se\u00f1or, el pueblo del pacto de Dios renovado en Cristo, el Cuerpo de Cristo llamado a ser uno por el Esp\u00edritu Santo mediante la Palabra. Dios llama a la Iglesia a expresar su vida en la unidad y la comuni\u00f3n del Esp\u00edritu; en adoraci\u00f3n por medio de la predicaci\u00f3n de la Palabra de Dios, en la observancia de los sacramentos y el ministerio en su nombre; en la obediencia a Cristo, la vida santa y la mutua rendici\u00f3n de cuentas.<\/p>\n<p>La misi\u00f3n de la Iglesia en el mundo es compartir la obra redentora y el ministerio reconciliador de Cristo en el poder del Esp\u00edritu. La Iglesia cumple su misi\u00f3n haciendo disc\u00edpulos mediante el evangelismo, la educaci\u00f3n, mostrando compasi\u00f3n, trabajando por la justicia y dando testimonio al reino de Dios.<\/p>\n<p>La Iglesia es una realidad hist\u00f3rica que se organiza en formas culturalmente adaptadas; existe tanto como congregaciones locales y como cuerpo universal; aparta a personas llamadas por Dios para ministerios espec\u00edficos. Dios llama a la iglesia a vivir bajo su gobierno en anticipaci\u00f3n de la consumaci\u00f3n en la venida de nuestro Se\u00f1or Jesucristo.<\/p>\n<p><em>(\u00c9xodo 19:3; Jerem\u00edas 31:33; Mateo 8:11; 10:7; 16:13-19, 24; 18:15-20; 28:1920; Juan 17:14-26; 20:21-23; Hechos 1:7-8; 2:32-47; 6:1-2; 13:1; 14:23; Romanos 2:28-29; 4:16; 10:9-15; 11:13-32; 12:1-8; 15:1-3; 1 Corintios 3:5-9; 7:17; 11:1, 17-33; 12:3, 12-31; 14:26-40; 2 Corintios 5:11\u20146:1; G\u00e1latas 5:6, 13-14; 6:1-5, 15; Efesios 4:1-17; 5:25-27; Filipenses 2:1-16; 1 Tesalonicenses 4:1-12; 1 Timoteo 4:13; Hebreos 10:19-25; 1 Pedro 1:1-2, 13; 2:4-12, 21; 4:1-2, 10-11; 1 Juan 4:17; Judas 24; Apocalipsis 5:9-10).<\/em><br \/>\n[\/et_pb_accordion_item][et_pb_accordion_item title=&#8221;XII. El bautismo&#8221; _builder_version=&#8221;3.0.105&#8243; open=&#8221;off&#8221;]Creemos que el bautismo cristiano, ordenado por nuestro Se\u00f1or, es un sacramento que significa la aceptaci\u00f3n de los beneficios de la expiaci\u00f3n de Jesucristo, que debe administrarse a los creyentes, y que declara su fe en Jesucristo como su Salvador y su pleno prop\u00f3sito de obediencia en santidad y justicia. Siendo el bautismo un s\u00edmbolo del nuevo pacto, se puede bautizar a ni\u00f1os peque\u00f1os, a petici\u00f3n de sus padres o tutores, quienes prometer\u00e1n la ense\u00f1anza cristiana necesaria.<\/p>\n<p>El bautismo puede ser administrado por aspersi\u00f3n, afusi\u00f3n o inmersi\u00f3n, seg\u00fan la preferencia del candidato.<\/p>\n<p><em>(Mateo 3:1-7; 28:16-20; Hechos 2:37-41; 8:35-39; 10:44-48; 16:29-34; 19:16; Romanos 6:3-4; G\u00e1latas 3:26-28; Colosenses 2:12; 1 Pedro 3:18-22).<\/em><br \/>\n[\/et_pb_accordion_item][et_pb_accordion_item title=&#8221;XIII. La santa cena&#8221; _builder_version=&#8221;3.0.105&#8243; open=&#8221;off&#8221;]Creemos que la cena conmemorativa y de comuni\u00f3n instituida por nuestro Se\u00f1or y Salvador Jesucristo es esencialmente un sacramento del Nuevo Testamento, que declara su muerte expiatoria, por cuyos m\u00e9ritos los creyentes tienen vida y salvaci\u00f3n, y la promesa de todas las bendiciones espirituales en Cristo. Es distintivamente\u00a0para aquellos que est\u00e1n preparados para apreciar con reverencia su significado y por ella anuncian la muerte del Se\u00f1or hasta que \u00c9l venga otra vez. Siendo la fiesta de comuni\u00f3n, s\u00f3lo aquellos que tienen fe en Cristo y amor para los santos deben ser llamados a participar en ella.<\/p>\n<p><em>(\u00c9xodo 12:1-14; Mateo 26:26-29; Marcos 14:22-25; Lucas 22:17-20; Juan 6:28-58; 1 Corintios 10:14-21; 11:23-32).<\/em><br \/>\n[\/et_pb_accordion_item][et_pb_accordion_item title=&#8221;XIV. La sanidad divina&#8221; _builder_version=&#8221;3.0.105&#8243; open=&#8221;off&#8221;]Creemos en la doctrina b\u00edblica de la sanidad divina e instamos a nuestro pueblo a ofrecer la oportunidad de hacer la oraci\u00f3n de fe para la sanidad de los enfermos. Creemos tambi\u00e9n que Dios sana a trav\u00e9s de la ciencia m\u00e9dica.<\/p>\n<p><em>(2 Reyes 5:1-19; Salmos 103:1-5; Mateo 4:23-24; 9:18-35; Juan 4:46-54; Hechos 5:12-16; 9:32-42; 14:8-15; 1 Corintios 12:4-11; 2 Corintios 12:7-10; Santiago 5:13-16).<\/em><br \/>\n[\/et_pb_accordion_item][et_pb_accordion_item title=&#8221;XV. La segunda venida de Cristo&#8221; _builder_version=&#8221;3.0.105&#8243; open=&#8221;off&#8221;]Creemos que el Se\u00f1or Jesucristo vendr\u00e1 otra vez; que los que vivamos en el momento de su venida no precederemos a los que durmieron en Cristo Jes\u00fas; mas si hemos permanecido en \u00c9l, seremos arrebatados con los santos resucitados para reunirnos con el Se\u00f1or en el aire, y estaremos siempre con \u00c9l.<\/p>\n<p><em>(Mateo 25:31-46; Juan 14:1-3; Hechos 1:9-11; Filipenses 3:20-21; 1 Tesalonicenses 4:13-18; Tito 2:11-14; Hebreos 9:26-28; 2 Pedro 3:3-15; Apocalipsis 1:7-8; 22:7-20).<\/em><br \/>\n[\/et_pb_accordion_item][et_pb_accordion_item title=&#8221; XVI. La resurrecci\u00f3n, el juicio y el destino&#8221; _builder_version=&#8221;3.0.105&#8243; open=&#8221;off&#8221;]Creemos en la resurrecci\u00f3n de los muertos, que los cuerpos tanto de los justos como de los injustos ser\u00e1n resucitados y unidos con sus esp\u00edritus \u2014\u201clos que hicieron lo bueno, saldr\u00e1n a resurrecci\u00f3n de vida mas los que hicieron lo malo, a resurrecci\u00f3n de condenaci\u00f3n\u201d.<\/p>\n<p>Creemos en el juicio futuro en el cual toda persona comparecer\u00e1 ante Dios para ser juzgada seg\u00fan sus hechos en esta vida.<\/p>\n<p>Creemos que a los que son salvos por creer en Jesucristo nuestro Se\u00f1or y le siguen en obediencia se les asegura la vida gloriosa y eterna; y que los que permanezcan impenitentes hasta el fin, sufrir\u00e1n eternamente en el infierno.<\/p>\n<p><em>(G\u00e9nesis 18:25; 1 Samuel 2:10; Salmo 50:6; Isa\u00edas 26:19; Daniel 12:2-3; Mateo 25:31-46; Marcos 9:43-48; Lucas 16:19-31; 20:27-38; Juan 3:16- 18; 5:25-29; 11:21-27; Hechos 17:30-31; Romanos 2:1-16; 14:7-12; 1 Corintios 15:12-58; 2 Corintios 5:10; 2 Tesalonicenses 1:5-10; Apocalipsis 20:11-15; 22:1-15).<\/em><br \/>\n[\/et_pb_accordion_item][\/et_pb_accordion][\/et_pb_column][\/et_pb_row][\/et_pb_section]<\/p>\n","protected":false},"excerpt":{"rendered":"<p>A fin de que mantengamos nuestra herencia dada por Dios, la fe una vez dada a los santos, especialmente la doctrina y experiencia de la entera santificaci\u00f3n como segunda obra de gracia, y tambi\u00e9n para que cooperemos eficazmente con otras ramas de la iglesia de Jesucristo en expandir el reino de Dios, nosotros, los ministros [&hellip;]<\/p>\n","protected":false},"author":1,"featured_media":0,"parent":0,"menu_order":0,"comment_status":"closed","ping_status":"closed","template":"","meta":{"_acf_changed":false,"_et_pb_use_builder":"on","_et_pb_old_content":"","_et_gb_content_width":"","footnotes":""},"class_list":["post-32409","page","type-page","status-publish","hentry"],"acf":[],"yoast_head":"<!-- This site is optimized with the Yoast SEO plugin v23.5 - https:\/\/yoast.com\/wordpress\/plugins\/seo\/ -->\n<title>En Qu\u00e9 Creemos - Venezuela primero<\/title>\n<meta name=\"robots\" content=\"index, follow, max-snippet:-1, max-image-preview:large, max-video-preview:-1\" \/>\n<link rel=\"canonical\" href=\"https:\/\/venezuelaprimero.org\/website\/en-que-creemos\/\" \/>\n<meta property=\"og:locale\" content=\"es_ES\" \/>\n<meta property=\"og:type\" content=\"article\" \/>\n<meta property=\"og:title\" content=\"En Qu\u00e9 Creemos - Venezuela primero\" \/>\n<meta property=\"og:description\" content=\"A fin de que mantengamos nuestra herencia dada por Dios, la fe una vez dada a los santos, especialmente la doctrina y experiencia de la entera santificaci\u00f3n como segunda obra de gracia, y tambi\u00e9n para que cooperemos eficazmente con otras ramas de la iglesia de Jesucristo en expandir el reino de Dios, nosotros, los ministros [&hellip;]\" \/>\n<meta property=\"og:url\" content=\"https:\/\/venezuelaprimero.org\/website\/en-que-creemos\/\" \/>\n<meta property=\"og:site_name\" content=\"Venezuela primero\" \/>\n<meta property=\"article:modified_time\" content=\"2021-06-08T19:18:30+00:00\" \/>\n<meta name=\"twitter:card\" content=\"summary_large_image\" \/>\n<meta name=\"twitter:label1\" content=\"Tiempo de lectura\" \/>\n\t<meta name=\"twitter:data1\" content=\"18 minutos\" \/>\n<script type=\"application\/ld+json\" class=\"yoast-schema-graph\">{\"@context\":\"https:\/\/schema.org\",\"@graph\":[{\"@type\":\"WebPage\",\"@id\":\"https:\/\/venezuelaprimero.org\/website\/en-que-creemos\/\",\"url\":\"https:\/\/venezuelaprimero.org\/website\/en-que-creemos\/\",\"name\":\"En Qu\u00e9 Creemos - Venezuela primero\",\"isPartOf\":{\"@id\":\"https:\/\/venezuelaprimero.org\/website\/#website\"},\"datePublished\":\"2021-05-26T22:23:33+00:00\",\"dateModified\":\"2021-06-08T19:18:30+00:00\",\"breadcrumb\":{\"@id\":\"https:\/\/venezuelaprimero.org\/website\/en-que-creemos\/#breadcrumb\"},\"inLanguage\":\"es\",\"potentialAction\":[{\"@type\":\"ReadAction\",\"target\":[\"https:\/\/venezuelaprimero.org\/website\/en-que-creemos\/\"]}]},{\"@type\":\"BreadcrumbList\",\"@id\":\"https:\/\/venezuelaprimero.org\/website\/en-que-creemos\/#breadcrumb\",\"itemListElement\":[{\"@type\":\"ListItem\",\"position\":1,\"name\":\"Portada\",\"item\":\"https:\/\/venezuelaprimero.org\/website\/\"},{\"@type\":\"ListItem\",\"position\":2,\"name\":\"En Qu\u00e9 Creemos\"}]},{\"@type\":\"WebSite\",\"@id\":\"https:\/\/venezuelaprimero.org\/website\/#website\",\"url\":\"https:\/\/venezuelaprimero.org\/website\/\",\"name\":\"Pagina web del distrito Venezuela Primero\",\"description\":\"Iglesia del nazareno venezuela\",\"publisher\":{\"@id\":\"https:\/\/venezuelaprimero.org\/website\/#organization\"},\"potentialAction\":[{\"@type\":\"SearchAction\",\"target\":{\"@type\":\"EntryPoint\",\"urlTemplate\":\"https:\/\/venezuelaprimero.org\/website\/?s={search_term_string}\"},\"query-input\":{\"@type\":\"PropertyValueSpecification\",\"valueRequired\":true,\"valueName\":\"search_term_string\"}}],\"inLanguage\":\"es\"},{\"@type\":\"Organization\",\"@id\":\"https:\/\/venezuelaprimero.org\/website\/#organization\",\"name\":\"Pagina web del distrito Venezulea Primero- Iglesia del Nazareno\",\"url\":\"https:\/\/venezuelaprimero.org\/website\/\",\"logo\":{\"@type\":\"ImageObject\",\"inLanguage\":\"es\",\"@id\":\"https:\/\/venezuelaprimero.org\/website\/#\/schema\/logo\/image\/\",\"url\":\"https:\/\/venezuelaprimero.org\/website\/wp-content\/uploads\/2021\/05\/logo-2.png\",\"contentUrl\":\"https:\/\/venezuelaprimero.org\/website\/wp-content\/uploads\/2021\/05\/logo-2.png\",\"width\":1318,\"height\":383,\"caption\":\"Pagina web del distrito Venezulea Primero- Iglesia del Nazareno\"},\"image\":{\"@id\":\"https:\/\/venezuelaprimero.org\/website\/#\/schema\/logo\/image\/\"}}]}<\/script>\n<!-- \/ Yoast SEO plugin. -->","yoast_head_json":{"title":"En Qu\u00e9 Creemos - Venezuela primero","robots":{"index":"index","follow":"follow","max-snippet":"max-snippet:-1","max-image-preview":"max-image-preview:large","max-video-preview":"max-video-preview:-1"},"canonical":"https:\/\/venezuelaprimero.org\/website\/en-que-creemos\/","og_locale":"es_ES","og_type":"article","og_title":"En Qu\u00e9 Creemos - Venezuela primero","og_description":"A fin de que mantengamos nuestra herencia dada por Dios, la fe una vez dada a los santos, especialmente la doctrina y experiencia de la entera santificaci\u00f3n como segunda obra de gracia, y tambi\u00e9n para que cooperemos eficazmente con otras ramas de la iglesia de Jesucristo en expandir el reino de Dios, nosotros, los ministros [&hellip;]","og_url":"https:\/\/venezuelaprimero.org\/website\/en-que-creemos\/","og_site_name":"Venezuela primero","article_modified_time":"2021-06-08T19:18:30+00:00","twitter_card":"summary_large_image","twitter_misc":{"Tiempo de lectura":"18 minutos"},"schema":{"@context":"https:\/\/schema.org","@graph":[{"@type":"WebPage","@id":"https:\/\/venezuelaprimero.org\/website\/en-que-creemos\/","url":"https:\/\/venezuelaprimero.org\/website\/en-que-creemos\/","name":"En Qu\u00e9 Creemos - Venezuela primero","isPartOf":{"@id":"https:\/\/venezuelaprimero.org\/website\/#website"},"datePublished":"2021-05-26T22:23:33+00:00","dateModified":"2021-06-08T19:18:30+00:00","breadcrumb":{"@id":"https:\/\/venezuelaprimero.org\/website\/en-que-creemos\/#breadcrumb"},"inLanguage":"es","potentialAction":[{"@type":"ReadAction","target":["https:\/\/venezuelaprimero.org\/website\/en-que-creemos\/"]}]},{"@type":"BreadcrumbList","@id":"https:\/\/venezuelaprimero.org\/website\/en-que-creemos\/#breadcrumb","itemListElement":[{"@type":"ListItem","position":1,"name":"Portada","item":"https:\/\/venezuelaprimero.org\/website\/"},{"@type":"ListItem","position":2,"name":"En Qu\u00e9 Creemos"}]},{"@type":"WebSite","@id":"https:\/\/venezuelaprimero.org\/website\/#website","url":"https:\/\/venezuelaprimero.org\/website\/","name":"Pagina web del distrito Venezuela Primero","description":"Iglesia del nazareno venezuela","publisher":{"@id":"https:\/\/venezuelaprimero.org\/website\/#organization"},"potentialAction":[{"@type":"SearchAction","target":{"@type":"EntryPoint","urlTemplate":"https:\/\/venezuelaprimero.org\/website\/?s={search_term_string}"},"query-input":{"@type":"PropertyValueSpecification","valueRequired":true,"valueName":"search_term_string"}}],"inLanguage":"es"},{"@type":"Organization","@id":"https:\/\/venezuelaprimero.org\/website\/#organization","name":"Pagina web del distrito Venezulea Primero- Iglesia del Nazareno","url":"https:\/\/venezuelaprimero.org\/website\/","logo":{"@type":"ImageObject","inLanguage":"es","@id":"https:\/\/venezuelaprimero.org\/website\/#\/schema\/logo\/image\/","url":"https:\/\/venezuelaprimero.org\/website\/wp-content\/uploads\/2021\/05\/logo-2.png","contentUrl":"https:\/\/venezuelaprimero.org\/website\/wp-content\/uploads\/2021\/05\/logo-2.png","width":1318,"height":383,"caption":"Pagina web del distrito Venezulea Primero- Iglesia del Nazareno"},"image":{"@id":"https:\/\/venezuelaprimero.org\/website\/#\/schema\/logo\/image\/"}}]}},"_links":{"self":[{"href":"https:\/\/venezuelaprimero.org\/website\/wp-json\/wp\/v2\/pages\/32409","targetHints":{"allow":["GET"]}}],"collection":[{"href":"https:\/\/venezuelaprimero.org\/website\/wp-json\/wp\/v2\/pages"}],"about":[{"href":"https:\/\/venezuelaprimero.org\/website\/wp-json\/wp\/v2\/types\/page"}],"author":[{"embeddable":true,"href":"https:\/\/venezuelaprimero.org\/website\/wp-json\/wp\/v2\/users\/1"}],"replies":[{"embeddable":true,"href":"https:\/\/venezuelaprimero.org\/website\/wp-json\/wp\/v2\/comments?post=32409"}],"version-history":[{"count":6,"href":"https:\/\/venezuelaprimero.org\/website\/wp-json\/wp\/v2\/pages\/32409\/revisions"}],"predecessor-version":[{"id":33603,"href":"https:\/\/venezuelaprimero.org\/website\/wp-json\/wp\/v2\/pages\/32409\/revisions\/33603"}],"wp:attachment":[{"href":"https:\/\/venezuelaprimero.org\/website\/wp-json\/wp\/v2\/media?parent=32409"}],"curies":[{"name":"wp","href":"https:\/\/api.w.org\/{rel}","templated":true}]}}