{"id":32422,"date":"2021-05-26T18:35:48","date_gmt":"2021-05-26T22:35:48","guid":{"rendered":"https:\/\/venezuelaprimero.org\/website\/?page_id=32422"},"modified":"2022-01-10T16:59:57","modified_gmt":"2022-01-10T20:59:57","slug":"nuestros-valores","status":"publish","type":"page","link":"https:\/\/venezuelaprimero.org\/website\/nuestros-valores\/","title":{"rendered":"Nuestros Valores"},"content":{"rendered":"<p>[et_pb_section fb_built=&#8221;1&#8243; next_background_color=&#8221;#ffffff&#8221; _builder_version=&#8221;4.8.1&#8243; _module_preset=&#8221;default&#8221; background_enable_color=&#8221;off&#8221; use_background_color_gradient=&#8221;on&#8221; background_color_gradient_start=&#8221;rgba(0,0,0,0.31)&#8221; background_color_gradient_end=&#8221;rgba(0,0,0,0)&#8221; background_color_gradient_type=&#8221;radial&#8221; background_color_gradient_overlays_image=&#8221;on&#8221; background_image=&#8221;https:\/\/venezuelaprimero.org\/website\/wp-content\/uploads\/2021\/05\/Valores-medulares-1680x-min.png&#8221; z_index=&#8221;2&#8243; height=&#8221;457px&#8221; bottom_divider_style=&#8221;curve&#8221; bottom_divider_height=&#8221;160px&#8221; bottom_divider_flip=&#8221;vertical&#8221;][et_pb_row _builder_version=&#8221;4.8.1&#8243; _module_preset=&#8221;default&#8221; z_index=&#8221;7&#8243;][et_pb_column type=&#8221;4_4&#8243; _builder_version=&#8221;4.8.1&#8243; _module_preset=&#8221;default&#8221;][et_pb_text _builder_version=&#8221;4.8.1&#8243; _dynamic_attributes=&#8221;content&#8221; _module_preset=&#8221;default&#8221; text_font=&#8221;|600|||||||&#8221; text_text_color=&#8221;#FFFFFF&#8221; text_font_size=&#8221;50px&#8221; header_text_color=&#8221;#FFFFFF&#8221; header_font_size=&#8221;50px&#8221; background_color=&#8221;#000000&#8243; transform_translate=&#8221;0px|142px&#8221; text_orientation=&#8221;center&#8221; width=&#8221;44%&#8221; width_tablet=&#8221;95%&#8221; width_phone=&#8221;100%&#8221; width_last_edited=&#8221;on|phone&#8221; module_alignment=&#8221;center&#8221; custom_padding=&#8221;30px||30px||true|false&#8221; text_font_size_tablet=&#8221;&#8221; text_font_size_phone=&#8221;30px&#8221; text_font_size_last_edited=&#8221;on|phone&#8221;]@ET-DC@eyJkeW5hbWljIjp0cnVlLCJjb250ZW50IjoicG9zdF90aXRsZSIsInNldHRpbmdzIjp7ImJlZm9yZSI6IiIsImFmdGVyIjoiIn19@[\/et_pb_text][\/et_pb_column][\/et_pb_row][et_pb_row custom_padding_last_edited=&#8221;on|tablet&#8221; _builder_version=&#8221;4.8.1&#8243; _module_preset=&#8221;default&#8221; transform_translate=&#8221;0px|59px&#8221; custom_margin=&#8221;0px||0px||false|false&#8221; custom_padding=&#8221;0px|||||&#8221; custom_padding_tablet=&#8221;0px|0px||0px|false|false&#8221; custom_padding_phone=&#8221;&#8221;][et_pb_column type=&#8221;4_4&#8243; _builder_version=&#8221;4.8.1&#8243; _module_preset=&#8221;default&#8221;][et_pb_text _builder_version=&#8221;4.8.1&#8243; _module_preset=&#8221;default&#8221; text_text_color=&#8221;#FFFFFF&#8221; text_font_size=&#8221;20px&#8221; background_enable_color=&#8221;off&#8221; use_background_color_gradient=&#8221;on&#8221; background_color_gradient_start=&#8221;rgba(43,135,218,0.9)&#8221; background_color_gradient_end=&#8221;rgba(41,196,169,0.9)&#8221; background_color_gradient_direction=&#8221;65deg&#8221; background_color_gradient_end_position=&#8221;82%&#8221; width=&#8221;100%&#8221; max_width=&#8221;100%&#8221; module_alignment=&#8221;center&#8221; custom_padding=&#8221;70px|200px|70px|200px|false|false&#8221; custom_padding_tablet=&#8221;70px|30px|70px|30px|false|false&#8221; custom_padding_phone=&#8221;|10px||10px|false|false&#8221; custom_padding_last_edited=&#8221;on|phone&#8221; border_color_all=&#8221;#FFFFFF&#8221;]<\/p>\n<p style=\"text-align: center;\"><span>Toda organizaci\u00f3n que permanece a trav\u00e9s del tiempo se basa en una profunda combinaci\u00f3n de prop\u00f3sito, creencia y valores compartidos. As\u00ed nos sucede en la Iglesia del Nazareno. Nuestra iglesia se fund\u00f3 para transformar al mundo diseminando la santidad b\u00edblica. Somos una iglesia de la Gran Comisi\u00f3n y de santidad al mismo tiempo. Nuestra misi\u00f3n es hacer disc\u00edpulos\u00a0semejantes a Cristo\u00a0en todas las naciones.<\/span><\/p>\n<p>[\/et_pb_text][\/et_pb_column][\/et_pb_row][\/et_pb_section][et_pb_section fb_built=&#8221;1&#8243; fullwidth=&#8221;on&#8221; _builder_version=&#8221;4.8.1&#8243; _module_preset=&#8221;default&#8221;][et_pb_fullwidth_image src=&#8221;https:\/\/venezuelaprimero.org\/website\/wp-content\/uploads\/2021\/05\/dotted-grid-black.png&#8221; title_text=&#8221;dotted-grid-black&#8221; _builder_version=&#8221;4.8.1&#8243; _module_preset=&#8221;default&#8221; transform_translate=&#8221;0px|4px&#8221;][\/et_pb_fullwidth_image][\/et_pb_section][et_pb_section fb_built=&#8221;1&#8243; _builder_version=&#8221;4.8.1&#8243; _module_preset=&#8221;default&#8221;][et_pb_row _builder_version=&#8221;4.8.1&#8243; _module_preset=&#8221;default&#8221;][et_pb_column type=&#8221;4_4&#8243; _builder_version=&#8221;4.8.1&#8243; _module_preset=&#8221;default&#8221;][et_pb_text module_class=&#8221;boxTextLeft&#8221; _builder_version=&#8221;4.8.1&#8243; _module_preset=&#8221;default&#8221; text_font_size=&#8221;20px&#8221; text_line_height=&#8221;1.3em&#8221; background_color=&#8221;#FFFFFF&#8221; custom_padding=&#8221;15px|30px|15px|30px|true|true&#8221; custom_padding_tablet=&#8221;&#8221; custom_padding_phone=&#8221;0px|10px|0px|10px|true|true&#8221; custom_padding_last_edited=&#8221;on|phone&#8221; border_width_all=&#8221;3px&#8221; border_color_all=&#8221;#0C71C3&#8243;]<\/p>\n<p>La vida presente y futura de la Iglesia del Nazareno est\u00e1 definida por su participaci\u00f3n en la misi\u00f3n de Dios. Es, por tanto, una expresi\u00f3n de la iglesia de Jesucristo y una organizaci\u00f3n que se distingue no s\u00f3lo por sus creencias, sino tambi\u00e9n por la manera particular en que contribuye al reino de Dios.<\/p>\n<p>En la Iglesia del Nazareno identificamos los aspectos distintivos que con gozo abrazamos y celebramos. Con gusto ofrecemos nuestros tesoros m\u00e1s preciosos \u2014nuestra misi\u00f3n, llamado, creencias y m\u00e1s altos valores\u2014, como regalo a las generaciones venideras.<\/p>\n<p>Oramos para que nuestros valores centrales contin\u00faen sirviendo como directrices a quienes tienen que abrirse camino entre las luces y las sombras de las d\u00e9cadas que est\u00e1n adelante.<\/p>\n<p>[\/et_pb_text][\/et_pb_column][\/et_pb_row][et_pb_row column_structure=&#8221;1_3,1_3,1_3&#8243; _builder_version=&#8221;4.8.1&#8243; _module_preset=&#8221;default&#8221; locked=&#8221;off&#8221;][et_pb_column type=&#8221;1_3&#8243; _builder_version=&#8221;4.8.1&#8243; _module_preset=&#8221;default&#8221;][et_pb_testimonial quote_icon_color=&#8221;#0066ba&#8221; quote_icon_background_color=&#8221;#FFFFFF&#8221; use_icon_font_size=&#8221;on&#8221; icon_font_size=&#8221;41px&#8221; _builder_version=&#8221;4.8.1&#8243; _module_preset=&#8221;default&#8221; body_font=&#8221;|300|||||||&#8221; body_text_color=&#8221;#FFFFFF&#8221; use_background_color_gradient=&#8221;on&#8221; background_color_gradient_start=&#8221;rgba(34,70,170,0.68)&#8221; background_color_gradient_end=&#8221;rgba(34,163,103,0.77)&#8221; background_color_gradient_direction=&#8221;112deg&#8221; custom_padding=&#8221;|||30px||&#8221;]<\/p>\n<h1 style=\"text-align: center;\">Somos un pueblo cristiano<\/h1>\n<p>Como miembros de la iglesia universal, nos unimos a los verdaderos creyentes en la proclamaci\u00f3n del se\u00f1or\u00edo de Jesucristo y en los credos trinitarios hist\u00f3ricos de la fe cristiana. Apreciamos nuestra herencia wesleyana de santidad y la consideramos la manera de comprender la fe verdadera de acuerdo con la Escritura, la raz\u00f3n, la tradici\u00f3n y la experiencia.<\/p>\n<p>[\/et_pb_testimonial][\/et_pb_column][et_pb_column type=&#8221;1_3&#8243; _builder_version=&#8221;4.8.1&#8243; _module_preset=&#8221;default&#8221;][et_pb_testimonial quote_icon_color=&#8221;#0066ba&#8221; quote_icon_background_color=&#8221;#FFFFFF&#8221; use_icon_font_size=&#8221;on&#8221; icon_font_size=&#8221;41px&#8221; _builder_version=&#8221;4.8.1&#8243; _module_preset=&#8221;default&#8221; body_font=&#8221;|300|||||||&#8221; body_text_color=&#8221;#FFFFFF&#8221; use_background_color_gradient=&#8221;on&#8221; background_color_gradient_start=&#8221;rgba(34,70,170,0.68)&#8221; background_color_gradient_end=&#8221;rgba(34,163,103,0.77)&#8221; background_color_gradient_direction=&#8221;1deg&#8221;]<\/p>\n<h1 style=\"text-align: center;\"><strong>Somos un pueblo de santidad<\/strong><\/h1>\n<p>Dios, quien es santo, nos llama a una vida de santidad.<\/p>\n<p>Creemos que el Esp\u00edritu Santo desea efectuar en nosotros una segunda obra de gracia, conocida con varios t\u00e9rminos incluyendo \u201centera santificaci\u00f3n\u201d y \u201cbautismo con el Esp\u00edritu Santo\u201d \u2014limpi\u00e1ndonos de todo pecado; renov\u00e1ndonos a la imagen de Dios; d\u00e1ndonos el poder para amar a Dios con todo nuestro coraz\u00f3n, alma, mente y fuerza, y a nuestro pr\u00f3jimo como a nosotros mismos; y produciendo en nosotros el car\u00e1cter de Cristo.<\/p>\n<p>La santidad en la vida de los creyentes se entiende m\u00e1s claramente como semejanza a Cristo.<\/p>\n<p>[\/et_pb_testimonial][\/et_pb_column][et_pb_column type=&#8221;1_3&#8243; _builder_version=&#8221;4.8.1&#8243; _module_preset=&#8221;default&#8221;][et_pb_testimonial author=&#8221;(2 Corintios 6:1)&#8221; quote_icon_color=&#8221;#0066ba&#8221; quote_icon_background_color=&#8221;#FFFFFF&#8221; use_icon_font_size=&#8221;on&#8221; icon_font_size=&#8221;41px&#8221; _builder_version=&#8221;4.8.1&#8243; _module_preset=&#8221;default&#8221; body_font=&#8221;|300|||||||&#8221; body_text_color=&#8221;#FFFFFF&#8221; author_text_align=&#8221;center&#8221; use_background_color_gradient=&#8221;on&#8221; background_color_gradient_start=&#8221;rgba(34,70,170,0.68)&#8221; background_color_gradient_end=&#8221;rgba(34,163,103,0.77)&#8221; background_color_gradient_direction=&#8221;236deg&#8221;]<\/p>\n<h1 style=\"text-align: center;\"><strong>Somos un pueblo misional<\/strong><\/h1>\n<p>Somos un \u201cpueblo enviado\u201d que responde al llamado de Cristo y es capacitado por el Esp\u00edritu Santo para ir al mundo, a testificar del se\u00f1or\u00edo de Cristo y participar con Dios en la edificaci\u00f3n de la iglesia y la extensi\u00f3n de su reino<\/p>\n<p>[\/et_pb_testimonial][\/et_pb_column][\/et_pb_row][\/et_pb_section]<\/p>\n","protected":false},"excerpt":{"rendered":"<p>Toda organizaci\u00f3n que permanece a trav\u00e9s del tiempo se basa en una profunda combinaci\u00f3n de prop\u00f3sito, creencia y valores compartidos. As\u00ed nos sucede en la Iglesia del Nazareno. Nuestra iglesia se fund\u00f3 para transformar al mundo diseminando la santidad b\u00edblica. Somos una iglesia de la Gran Comisi\u00f3n y de santidad al mismo tiempo. Nuestra misi\u00f3n [&hellip;]<\/p>\n","protected":false},"author":1,"featured_media":0,"parent":0,"menu_order":0,"comment_status":"closed","ping_status":"closed","template":"","meta":{"_acf_changed":false,"_et_pb_use_builder":"on","_et_pb_old_content":"","_et_gb_content_width":"","footnotes":""},"class_list":["post-32422","page","type-page","status-publish","hentry"],"acf":[],"yoast_head":"<!-- This site is optimized with the Yoast SEO plugin v23.5 - https:\/\/yoast.com\/wordpress\/plugins\/seo\/ -->\n<title>Nuestros Valores - Venezuela primero<\/title>\n<meta name=\"robots\" content=\"index, follow, max-snippet:-1, max-image-preview:large, max-video-preview:-1\" \/>\n<link rel=\"canonical\" href=\"https:\/\/venezuelaprimero.org\/website\/nuestros-valores\/\" \/>\n<meta property=\"og:locale\" content=\"es_ES\" \/>\n<meta property=\"og:type\" content=\"article\" \/>\n<meta property=\"og:title\" content=\"Nuestros Valores - Venezuela primero\" \/>\n<meta property=\"og:description\" content=\"Toda organizaci\u00f3n que permanece a trav\u00e9s del tiempo se basa en una profunda combinaci\u00f3n de prop\u00f3sito, creencia y valores compartidos. As\u00ed nos sucede en la Iglesia del Nazareno. Nuestra iglesia se fund\u00f3 para transformar al mundo diseminando la santidad b\u00edblica. Somos una iglesia de la Gran Comisi\u00f3n y de santidad al mismo tiempo. Nuestra misi\u00f3n [&hellip;]\" \/>\n<meta property=\"og:url\" content=\"https:\/\/venezuelaprimero.org\/website\/nuestros-valores\/\" \/>\n<meta property=\"og:site_name\" content=\"Venezuela primero\" \/>\n<meta property=\"article:modified_time\" content=\"2022-01-10T20:59:57+00:00\" \/>\n<meta name=\"twitter:card\" content=\"summary_large_image\" \/>\n<meta name=\"twitter:label1\" content=\"Tiempo de lectura\" \/>\n\t<meta name=\"twitter:data1\" content=\"6 minutos\" \/>\n<script type=\"application\/ld+json\" class=\"yoast-schema-graph\">{\"@context\":\"https:\/\/schema.org\",\"@graph\":[{\"@type\":\"WebPage\",\"@id\":\"https:\/\/venezuelaprimero.org\/website\/nuestros-valores\/\",\"url\":\"https:\/\/venezuelaprimero.org\/website\/nuestros-valores\/\",\"name\":\"Nuestros Valores - Venezuela primero\",\"isPartOf\":{\"@id\":\"https:\/\/venezuelaprimero.org\/website\/#website\"},\"datePublished\":\"2021-05-26T22:35:48+00:00\",\"dateModified\":\"2022-01-10T20:59:57+00:00\",\"breadcrumb\":{\"@id\":\"https:\/\/venezuelaprimero.org\/website\/nuestros-valores\/#breadcrumb\"},\"inLanguage\":\"es\",\"potentialAction\":[{\"@type\":\"ReadAction\",\"target\":[\"https:\/\/venezuelaprimero.org\/website\/nuestros-valores\/\"]}]},{\"@type\":\"BreadcrumbList\",\"@id\":\"https:\/\/venezuelaprimero.org\/website\/nuestros-valores\/#breadcrumb\",\"itemListElement\":[{\"@type\":\"ListItem\",\"position\":1,\"name\":\"Portada\",\"item\":\"https:\/\/venezuelaprimero.org\/website\/\"},{\"@type\":\"ListItem\",\"position\":2,\"name\":\"Nuestros Valores\"}]},{\"@type\":\"WebSite\",\"@id\":\"https:\/\/venezuelaprimero.org\/website\/#website\",\"url\":\"https:\/\/venezuelaprimero.org\/website\/\",\"name\":\"Pagina web del distrito Venezuela Primero\",\"description\":\"Iglesia del nazareno venezuela\",\"publisher\":{\"@id\":\"https:\/\/venezuelaprimero.org\/website\/#organization\"},\"potentialAction\":[{\"@type\":\"SearchAction\",\"target\":{\"@type\":\"EntryPoint\",\"urlTemplate\":\"https:\/\/venezuelaprimero.org\/website\/?s={search_term_string}\"},\"query-input\":{\"@type\":\"PropertyValueSpecification\",\"valueRequired\":true,\"valueName\":\"search_term_string\"}}],\"inLanguage\":\"es\"},{\"@type\":\"Organization\",\"@id\":\"https:\/\/venezuelaprimero.org\/website\/#organization\",\"name\":\"Pagina web del distrito Venezulea Primero- Iglesia del Nazareno\",\"url\":\"https:\/\/venezuelaprimero.org\/website\/\",\"logo\":{\"@type\":\"ImageObject\",\"inLanguage\":\"es\",\"@id\":\"https:\/\/venezuelaprimero.org\/website\/#\/schema\/logo\/image\/\",\"url\":\"https:\/\/venezuelaprimero.org\/website\/wp-content\/uploads\/2021\/05\/logo-2.png\",\"contentUrl\":\"https:\/\/venezuelaprimero.org\/website\/wp-content\/uploads\/2021\/05\/logo-2.png\",\"width\":1318,\"height\":383,\"caption\":\"Pagina web del distrito Venezulea Primero- Iglesia del Nazareno\"},\"image\":{\"@id\":\"https:\/\/venezuelaprimero.org\/website\/#\/schema\/logo\/image\/\"}}]}<\/script>\n<!-- \/ Yoast SEO plugin. -->","yoast_head_json":{"title":"Nuestros Valores - Venezuela primero","robots":{"index":"index","follow":"follow","max-snippet":"max-snippet:-1","max-image-preview":"max-image-preview:large","max-video-preview":"max-video-preview:-1"},"canonical":"https:\/\/venezuelaprimero.org\/website\/nuestros-valores\/","og_locale":"es_ES","og_type":"article","og_title":"Nuestros Valores - Venezuela primero","og_description":"Toda organizaci\u00f3n que permanece a trav\u00e9s del tiempo se basa en una profunda combinaci\u00f3n de prop\u00f3sito, creencia y valores compartidos. As\u00ed nos sucede en la Iglesia del Nazareno. Nuestra iglesia se fund\u00f3 para transformar al mundo diseminando la santidad b\u00edblica. Somos una iglesia de la Gran Comisi\u00f3n y de santidad al mismo tiempo. Nuestra misi\u00f3n [&hellip;]","og_url":"https:\/\/venezuelaprimero.org\/website\/nuestros-valores\/","og_site_name":"Venezuela primero","article_modified_time":"2022-01-10T20:59:57+00:00","twitter_card":"summary_large_image","twitter_misc":{"Tiempo de lectura":"6 minutos"},"schema":{"@context":"https:\/\/schema.org","@graph":[{"@type":"WebPage","@id":"https:\/\/venezuelaprimero.org\/website\/nuestros-valores\/","url":"https:\/\/venezuelaprimero.org\/website\/nuestros-valores\/","name":"Nuestros Valores - Venezuela primero","isPartOf":{"@id":"https:\/\/venezuelaprimero.org\/website\/#website"},"datePublished":"2021-05-26T22:35:48+00:00","dateModified":"2022-01-10T20:59:57+00:00","breadcrumb":{"@id":"https:\/\/venezuelaprimero.org\/website\/nuestros-valores\/#breadcrumb"},"inLanguage":"es","potentialAction":[{"@type":"ReadAction","target":["https:\/\/venezuelaprimero.org\/website\/nuestros-valores\/"]}]},{"@type":"BreadcrumbList","@id":"https:\/\/venezuelaprimero.org\/website\/nuestros-valores\/#breadcrumb","itemListElement":[{"@type":"ListItem","position":1,"name":"Portada","item":"https:\/\/venezuelaprimero.org\/website\/"},{"@type":"ListItem","position":2,"name":"Nuestros Valores"}]},{"@type":"WebSite","@id":"https:\/\/venezuelaprimero.org\/website\/#website","url":"https:\/\/venezuelaprimero.org\/website\/","name":"Pagina web del distrito Venezuela Primero","description":"Iglesia del nazareno venezuela","publisher":{"@id":"https:\/\/venezuelaprimero.org\/website\/#organization"},"potentialAction":[{"@type":"SearchAction","target":{"@type":"EntryPoint","urlTemplate":"https:\/\/venezuelaprimero.org\/website\/?s={search_term_string}"},"query-input":{"@type":"PropertyValueSpecification","valueRequired":true,"valueName":"search_term_string"}}],"inLanguage":"es"},{"@type":"Organization","@id":"https:\/\/venezuelaprimero.org\/website\/#organization","name":"Pagina web del distrito Venezulea Primero- Iglesia del Nazareno","url":"https:\/\/venezuelaprimero.org\/website\/","logo":{"@type":"ImageObject","inLanguage":"es","@id":"https:\/\/venezuelaprimero.org\/website\/#\/schema\/logo\/image\/","url":"https:\/\/venezuelaprimero.org\/website\/wp-content\/uploads\/2021\/05\/logo-2.png","contentUrl":"https:\/\/venezuelaprimero.org\/website\/wp-content\/uploads\/2021\/05\/logo-2.png","width":1318,"height":383,"caption":"Pagina web del distrito Venezulea Primero- Iglesia del Nazareno"},"image":{"@id":"https:\/\/venezuelaprimero.org\/website\/#\/schema\/logo\/image\/"}}]}},"_links":{"self":[{"href":"https:\/\/venezuelaprimero.org\/website\/wp-json\/wp\/v2\/pages\/32422","targetHints":{"allow":["GET"]}}],"collection":[{"href":"https:\/\/venezuelaprimero.org\/website\/wp-json\/wp\/v2\/pages"}],"about":[{"href":"https:\/\/venezuelaprimero.org\/website\/wp-json\/wp\/v2\/types\/page"}],"author":[{"embeddable":true,"href":"https:\/\/venezuelaprimero.org\/website\/wp-json\/wp\/v2\/users\/1"}],"replies":[{"embeddable":true,"href":"https:\/\/venezuelaprimero.org\/website\/wp-json\/wp\/v2\/comments?post=32422"}],"version-history":[{"count":7,"href":"https:\/\/venezuelaprimero.org\/website\/wp-json\/wp\/v2\/pages\/32422\/revisions"}],"predecessor-version":[{"id":34380,"href":"https:\/\/venezuelaprimero.org\/website\/wp-json\/wp\/v2\/pages\/32422\/revisions\/34380"}],"wp:attachment":[{"href":"https:\/\/venezuelaprimero.org\/website\/wp-json\/wp\/v2\/media?parent=32422"}],"curies":[{"name":"wp","href":"https:\/\/api.w.org\/{rel}","templated":true}]}}