{"id":33049,"date":"2021-06-01T15:04:29","date_gmt":"2021-06-01T15:04:29","guid":{"rendered":"https:\/\/venezuelaprimero.org\/website\/?page_id=33049"},"modified":"2025-12-02T13:29:31","modified_gmt":"2025-12-02T17:29:31","slug":"nuestro-equipo","status":"publish","type":"page","link":"https:\/\/venezuelaprimero.org\/website\/nuestro-equipo\/","title":{"rendered":"Nuestro Equipo"},"content":{"rendered":"<p>[et_pb_section fb_built=&#8221;1&#8243; next_background_color=&#8221;#ffffff&#8221; _builder_version=&#8221;4.16&#8243; _module_preset=&#8221;default&#8221; background_enable_color=&#8221;off&#8221; use_background_color_gradient=&#8221;on&#8221; background_color_gradient_type=&#8221;circular&#8221; background_color_gradient_stops=&#8221;rgba(0,0,0,0.31) 0%|rgba(0,0,0,0) 100%&#8221; background_color_gradient_overlays_image=&#8221;on&#8221; background_color_gradient_start=&#8221;rgba(0,0,0,0.31)&#8221; background_color_gradient_end=&#8221;rgba(0,0,0,0)&#8221; background_image=&#8221;https:\/\/venezuelaprimero.org\/website\/wp-content\/uploads\/2021\/05\/hero_0-scaled-1.jpg&#8221; z_index=&#8221;2&#8243; height=&#8221;457px&#8221; bottom_divider_style=&#8221;curve&#8221; bottom_divider_height=&#8221;160px&#8221; bottom_divider_flip=&#8221;vertical&#8221; global_colors_info=&#8221;{}&#8221;][et_pb_row _builder_version=&#8221;4.16&#8243; _module_preset=&#8221;default&#8221; z_index=&#8221;7&#8243; global_colors_info=&#8221;{}&#8221;][et_pb_column type=&#8221;4_4&#8243; _builder_version=&#8221;4.16&#8243; _module_preset=&#8221;default&#8221; global_colors_info=&#8221;{}&#8221;][et_pb_text _builder_version=&#8221;4.16&#8243; _dynamic_attributes=&#8221;content&#8221; _module_preset=&#8221;default&#8221; text_font=&#8221;|600|||||||&#8221; text_text_color=&#8221;#FFFFFF&#8221; text_font_size=&#8221;50px&#8221; header_text_color=&#8221;#FFFFFF&#8221; header_font_size=&#8221;50px&#8221; background_color=&#8221;#000000&#8243; transform_translate=&#8221;0px|142px&#8221; text_orientation=&#8221;center&#8221; width=&#8221;44%&#8221; width_tablet=&#8221;95%&#8221; width_phone=&#8221;100%&#8221; width_last_edited=&#8221;on|phone&#8221; module_alignment=&#8221;center&#8221; custom_padding=&#8221;30px||30px||true|false&#8221; text_font_size_tablet=&#8221;&#8221; text_font_size_phone=&#8221;30px&#8221; text_font_size_last_edited=&#8221;on|phone&#8221; global_colors_info=&#8221;{}&#8221;]@ET-DC@eyJkeW5hbWljIjp0cnVlLCJjb250ZW50IjoicG9zdF90aXRsZSIsInNldHRpbmdzIjp7ImJlZm9yZSI6IiIsImFmdGVyIjoiIn19@[\/et_pb_text][\/et_pb_column][\/et_pb_row][\/et_pb_section][et_pb_section fb_built=&#8221;1&#8243; fullwidth=&#8221;on&#8221; _builder_version=&#8221;4.16&#8243; _module_preset=&#8221;default&#8221; global_colors_info=&#8221;{}&#8221;][et_pb_fullwidth_image src=&#8221;https:\/\/venezuelaprimero.org\/website\/wp-content\/uploads\/2021\/05\/dotted-grid-black.png&#8221; title_text=&#8221;dotted-grid-black&#8221; _builder_version=&#8221;4.16&#8243; _module_preset=&#8221;default&#8221; transform_translate=&#8221;0px|4px&#8221; global_colors_info=&#8221;{}&#8221;][\/et_pb_fullwidth_image][\/et_pb_section][et_pb_section fb_built=&#8221;1&#8243; _builder_version=&#8221;4.16&#8243; _module_preset=&#8221;default&#8221; custom_padding=&#8221;||53px|||&#8221; global_colors_info=&#8221;{}&#8221;][et_pb_row column_structure=&#8221;1_2,1_2&#8243; _builder_version=&#8221;4.16&#8243; _module_preset=&#8221;default&#8221; width=&#8221;620px&#8221; width_tablet=&#8221;100%&#8221; width_phone=&#8221;&#8221; width_last_edited=&#8221;on|desktop&#8221; custom_margin=&#8221;|auto|55px|auto||&#8221; custom_padding=&#8221;|20px||20px|false|true&#8221; border_width_bottom=&#8221;1px&#8221; global_colors_info=&#8221;{}&#8221;][et_pb_column type=&#8221;1_2&#8243; _builder_version=&#8221;4.16&#8243; _module_preset=&#8221;default&#8221; global_colors_info=&#8221;{}&#8221;][et_pb_image src=&#8221;https:\/\/venezuelaprimero.org\/website\/wp-content\/uploads\/2025\/12\/MONSALVE.png&#8221; title_text=&#8221;MONSALVE&#8221; url=&#8221;@ET-DC@eyJkeW5hbWljIjp0cnVlLCJjb250ZW50IjoicG9zdF9saW5rX3VybF9wYWdlIiwic2V0dGluZ3MiOnsicG9zdF9pZCI6IjMzNTEzIn19@&#8221; align=&#8221;center&#8221; _builder_version=&#8221;4.20.2&#8243; _dynamic_attributes=&#8221;url&#8221; _module_preset=&#8221;default&#8221; width=&#8221;250px&#8221; width_tablet=&#8221;250px&#8221; width_phone=&#8221;250px&#8221; width_last_edited=&#8221;on|desktop&#8221; module_alignment=&#8221;center&#8221; border_radii=&#8221;on|100%|100%|100%|100%&#8221; border_width_all=&#8221;3px&#8221; border_color_all=&#8221;#000000&#8243; global_colors_info=&#8221;{}&#8221;][\/et_pb_image][\/et_pb_column][et_pb_column type=&#8221;1_2&#8243; _builder_version=&#8221;4.16&#8243; _module_preset=&#8221;default&#8221; global_colors_info=&#8221;{}&#8221;][et_pb_text _builder_version=&#8221;4.16&#8243; _module_preset=&#8221;default&#8221; header_font=&#8221;|700|||||||&#8221; custom_margin=&#8221;54px|||||&#8221; header_text_align_tablet=&#8221;center&#8221; header_text_align_phone=&#8221;&#8221; header_text_align_last_edited=&#8221;on|desktop&#8221; global_colors_info=&#8221;{}&#8221;]<\/p>\n<h1 class=\"et_pb_module_header\"><span>Superintendente de Distrito<\/span><\/h1>\n<p>[\/et_pb_text][et_pb_text _builder_version=&#8221;4.20.2&#8243; _module_preset=&#8221;default&#8221; ul_text_align=&#8221;center&#8221; header_4_font=&#8221;||||||||&#8221; header_4_font_size=&#8221;20px&#8221; link_text_align_tablet=&#8221;center&#8221; link_text_align_phone=&#8221;center&#8221; link_text_align_last_edited=&#8221;on|tablet&#8221; header_4_text_align_tablet=&#8221;center&#8221; header_4_text_align_phone=&#8221;&#8221; header_4_text_align_last_edited=&#8221;on|tablet&#8221; text_orientation_tablet=&#8221;center&#8221; text_orientation_phone=&#8221;&#8221; text_orientation_last_edited=&#8221;on|phone&#8221; global_colors_info=&#8221;{}&#8221;]<\/p>\n<h3 class=\"et_pb_module_header\">Luis Monsalve Andrades<\/h3>\n<p>[\/et_pb_text][\/et_pb_column][\/et_pb_row][et_pb_row column_structure=&#8221;1_2,1_2&#8243; _builder_version=&#8221;4.16&#8243; _module_preset=&#8221;default&#8221; width=&#8221;900px&#8221; width_tablet=&#8221;100%&#8221; width_phone=&#8221;&#8221; width_last_edited=&#8221;on|phone&#8221; custom_margin=&#8221;|auto|55px|auto||&#8221; custom_padding=&#8221;|20px|50px|20px|false|true&#8221; global_colors_info=&#8221;{}&#8221;][et_pb_column type=&#8221;1_2&#8243; _builder_version=&#8221;4.16&#8243; _module_preset=&#8221;default&#8221; global_colors_info=&#8221;{}&#8221;][et_pb_blurb title=&#8221;Secretaria de Distrito&#8221; image=&#8221;https:\/\/venezuelaprimero.org\/website\/wp-content\/uploads\/2025\/12\/IRIS.png&#8221; image_icon_width=&#8221;250px&#8221; image_icon_width_tablet=&#8221;250px&#8221; image_icon_width_phone=&#8221;250px&#8221; image_icon_width_last_edited=&#8221;on|phone&#8221; module_class=&#8221;imgRedonda&#8221; _builder_version=&#8221;4.20.2&#8243; _dynamic_attributes=&#8221;link_option_url&#8221; _module_preset=&#8221;default&#8221; header_font=&#8221;|700|||||||&#8221; header_text_align=&#8221;center&#8221; header_font_size=&#8221;22px&#8221; body_text_align=&#8221;center&#8221; width_tablet=&#8221;&#8221; width_phone=&#8221;&#8221; width_last_edited=&#8221;on|desktop&#8221; module_alignment=&#8221;center&#8221; link_option_url=&#8221;@ET-DC@eyJkeW5hbWljIjp0cnVlLCJjb250ZW50IjoicG9zdF9saW5rX3VybF9wYWdlIiwic2V0dGluZ3MiOnsicG9zdF9pZCI6IjMzMzUxIn19@&#8221; border_radii_image=&#8221;on|100%|100%|100%|100%&#8221; border_width_all_image=&#8221;3px&#8221; image_max_width=&#8221;250px&#8221; image_max_width_tablet=&#8221;&#8221; image_max_width_phone=&#8221;&#8221; image_max_width_last_edited=&#8221;on|phone&#8221; global_colors_info=&#8221;{}&#8221;]<\/p>\n<p><strong>Iris Morales de Malav\u00e9<\/strong><\/p>\n<p>[\/et_pb_blurb][\/et_pb_column][et_pb_column type=&#8221;1_2&#8243; _builder_version=&#8221;4.16&#8243; _module_preset=&#8221;default&#8221; global_colors_info=&#8221;{}&#8221;][et_pb_blurb title=&#8221;Tesorera de Distrito&#8221; image=&#8221;https:\/\/venezuelaprimero.org\/website\/wp-content\/uploads\/2024\/07\/Diseno-sin-titulo.png&#8221; image_icon_width=&#8221;250px&#8221; image_icon_width_tablet=&#8221;250px&#8221; image_icon_width_phone=&#8221;250px&#8221; image_icon_width_last_edited=&#8221;on|phone&#8221; module_class=&#8221;imgRedonda&#8221; _builder_version=&#8221;4.20.2&#8243; _module_preset=&#8221;default&#8221; header_font=&#8221;|700|||||||&#8221; header_text_align=&#8221;center&#8221; header_font_size=&#8221;22px&#8221; body_text_align=&#8221;center&#8221; width_tablet=&#8221;&#8221; width_phone=&#8221;&#8221; width_last_edited=&#8221;on|desktop&#8221; module_alignment=&#8221;right&#8221; border_radii_image=&#8221;on|100%|100%|100%|100%&#8221; border_width_all_image=&#8221;3px&#8221; image_max_width=&#8221;250px&#8221; image_max_width_tablet=&#8221;&#8221; image_max_width_phone=&#8221;&#8221; image_max_width_last_edited=&#8221;on|phone&#8221; global_colors_info=&#8221;{}&#8221;]<\/p>\n<p><strong>Carmen Lacruz<\/strong><\/p>\n<p>[\/et_pb_blurb][\/et_pb_column][\/et_pb_row][et_pb_row _builder_version=&#8221;4.16&#8243; _module_preset=&#8221;default&#8221; global_colors_info=&#8221;{}&#8221;][et_pb_column type=&#8221;4_4&#8243; _builder_version=&#8221;4.16&#8243; _module_preset=&#8221;default&#8221; global_colors_info=&#8221;{}&#8221;][et_pb_text module_class=&#8221;puntosBlack&#8221; _builder_version=&#8221;4.16&#8243; _module_preset=&#8221;default&#8221; text_line_height=&#8221;2.2em&#8221; header_3_font=&#8221;|||on|||||&#8221; header_3_text_align=&#8221;center&#8221; header_3_line_height=&#8221;1.9em&#8221; width=&#8221;57%&#8221; width_tablet=&#8221;78%&#8221; width_phone=&#8221;100%&#8221; width_last_edited=&#8221;on|tablet&#8221; module_alignment=&#8221;center&#8221; global_colors_info=&#8221;{}&#8221;]<\/p>\n<h3><strong>Coordinadores Distritales de Ministerios<\/strong><\/h3>\n<p>[\/et_pb_text][\/et_pb_column][\/et_pb_row][et_pb_row column_structure=&#8221;1_3,1_3,1_3&#8243; _builder_version=&#8221;4.16&#8243; _module_preset=&#8221;default&#8221; width=&#8221;100%&#8221; width_tablet=&#8221;100%&#8221; width_phone=&#8221;&#8221; width_last_edited=&#8221;on|phone&#8221; max_width=&#8221;1315px&#8221; custom_margin=&#8221;|auto|55px|auto||&#8221; custom_padding=&#8221;|20px|50px|20px|false|true&#8221; border_width_bottom=&#8221;1px&#8221; global_colors_info=&#8221;{}&#8221;][et_pb_column type=&#8221;1_3&#8243; _builder_version=&#8221;4.16&#8243; _module_preset=&#8221;default&#8221; global_colors_info=&#8221;{}&#8221;][et_pb_blurb title=&#8221;D.N.I&#8221; image=&#8221;https:\/\/venezuelaprimero.org\/website\/wp-content\/uploads\/2025\/12\/MORAF-1.png&#8221; image_icon_width=&#8221;250px&#8221; image_icon_width_tablet=&#8221;250px&#8221; image_icon_width_phone=&#8221;250px&#8221; image_icon_width_last_edited=&#8221;on|phone&#8221; module_class=&#8221;imgRedonda&#8221; _builder_version=&#8221;4.20.2&#8243; _module_preset=&#8221;default&#8221; header_font=&#8221;|700|||||||&#8221; header_text_align=&#8221;center&#8221; header_font_size=&#8221;22px&#8221; body_font=&#8221;|700|||||||&#8221; body_text_align=&#8221;center&#8221; body_font_size=&#8221;16px&#8221; module_alignment=&#8221;center&#8221; border_radii_image=&#8221;on|100%|100%|100%|100%&#8221; border_width_all_image=&#8221;3px&#8221; image_max_width=&#8221;250px&#8221; image_max_width_tablet=&#8221;&#8221; image_max_width_phone=&#8221;&#8221; image_max_width_last_edited=&#8221;on|phone&#8221; global_colors_info=&#8221;{}&#8221;]<\/p>\n<p>Moraf Jim\u00e9nez<\/p>\n<p>[\/et_pb_blurb][\/et_pb_column][et_pb_column type=&#8221;1_3&#8243; _builder_version=&#8221;4.16&#8243; _module_preset=&#8221;default&#8221; global_colors_info=&#8221;{}&#8221;][et_pb_blurb title=&#8221;J.N.I&#8221; image=&#8221;https:\/\/venezuelaprimero.org\/website\/wp-content\/uploads\/2025\/12\/NUNY.png&#8221; image_icon_width=&#8221;250px&#8221; image_icon_width_tablet=&#8221;250px&#8221; image_icon_width_phone=&#8221;250px&#8221; image_icon_width_last_edited=&#8221;on|phone&#8221; module_class=&#8221;imgRedonda&#8221; _builder_version=&#8221;4.20.2&#8243; _dynamic_attributes=&#8221;link_option_url&#8221; _module_preset=&#8221;default&#8221; header_font=&#8221;|700|||||||&#8221; header_text_align=&#8221;center&#8221; header_font_size=&#8221;22px&#8221; body_text_align=&#8221;center&#8221; module_alignment=&#8221;center&#8221; link_option_url=&#8221;@ET-DC@eyJkeW5hbWljIjp0cnVlLCJjb250ZW50IjoicG9zdF9saW5rX3VybF9wYWdlIiwic2V0dGluZ3MiOnsicG9zdF9pZCI6IjMzNDM0In19@&#8221; border_radii_image=&#8221;on|100%|100%|100%|100%&#8221; border_width_all_image=&#8221;3px&#8221; image_max_width=&#8221;250px&#8221; image_max_width_tablet=&#8221;&#8221; image_max_width_phone=&#8221;&#8221; image_max_width_last_edited=&#8221;on|phone&#8221; global_colors_info=&#8221;{}&#8221;]<\/p>\n<p><strong>Estherline Nore<\/strong><\/p>\n<p>[\/et_pb_blurb][\/et_pb_column][et_pb_column type=&#8221;1_3&#8243; _builder_version=&#8221;4.16&#8243; _module_preset=&#8221;default&#8221; global_colors_info=&#8221;{}&#8221;][et_pb_blurb title=&#8221;M.N.I&#8221; image=&#8221;https:\/\/venezuelaprimero.org\/website\/wp-content\/uploads\/2025\/12\/MARIA-BLONDER.png&#8221; image_icon_width=&#8221;250px&#8221; image_icon_width_tablet=&#8221;250px&#8221; image_icon_width_phone=&#8221;250px&#8221; image_icon_width_last_edited=&#8221;on|phone&#8221; module_class=&#8221;imgRedonda&#8221; _builder_version=&#8221;4.20.2&#8243; _module_preset=&#8221;default&#8221; header_font=&#8221;|700|||||||&#8221; header_text_align=&#8221;center&#8221; header_font_size=&#8221;22px&#8221; body_text_align=&#8221;center&#8221; module_alignment=&#8221;center&#8221; border_radii_image=&#8221;on|100%|100%|100%|100%&#8221; border_width_all_image=&#8221;3px&#8221; image_max_width=&#8221;250px&#8221; image_max_width_tablet=&#8221;&#8221; image_max_width_phone=&#8221;&#8221; image_max_width_last_edited=&#8221;on|phone&#8221; global_colors_info=&#8221;{}&#8221;]<\/p>\n<p><strong>Mar\u00eda Blonder<\/strong><\/p>\n<p>[\/et_pb_blurb][\/et_pb_column][\/et_pb_row][et_pb_row column_structure=&#8221;1_4,1_4,1_4,1_4&#8243; _builder_version=&#8221;4.20.2&#8243; _module_preset=&#8221;default&#8221; width=&#8221;100%&#8221; width_tablet=&#8221;100%&#8221; width_phone=&#8221;&#8221; width_last_edited=&#8221;on|phone&#8221; max_width=&#8221;1315px&#8221; custom_margin=&#8221;|auto|55px|auto||&#8221; custom_padding=&#8221;|20px|50px|20px|false|true&#8221; border_width_bottom=&#8221;1px&#8221; global_colors_info=&#8221;{}&#8221;][et_pb_column type=&#8221;1_4&#8243; _builder_version=&#8221;4.16&#8243; _module_preset=&#8221;default&#8221; global_colors_info=&#8221;{}&#8221;][et_pb_blurb title=&#8221;Mujeres&#8221; image=&#8221;https:\/\/venezuelaprimero.org\/website\/wp-content\/uploads\/2024\/10\/mariaguaita.jpg&#8221; image_icon_width=&#8221;250px&#8221; image_icon_width_tablet=&#8221;250px&#8221; image_icon_width_phone=&#8221;250px&#8221; image_icon_width_last_edited=&#8221;on|phone&#8221; module_class=&#8221;imgRedonda&#8221; _builder_version=&#8221;4.20.2&#8243; _module_preset=&#8221;default&#8221; header_font=&#8221;|700|||||||&#8221; header_text_align=&#8221;center&#8221; header_font_size=&#8221;22px&#8221; body_text_align=&#8221;center&#8221; module_alignment=&#8221;center&#8221; border_radii_image=&#8221;on|100%|100%|100%|100%&#8221; border_width_all_image=&#8221;3px&#8221; image_max_width=&#8221;250px&#8221; image_max_width_tablet=&#8221;&#8221; image_max_width_phone=&#8221;&#8221; image_max_width_last_edited=&#8221;on|phone&#8221; global_colors_info=&#8221;{}&#8221;]<\/p>\n<p><strong>Rev. Mar\u00eda Guaita de Su\u00e1rez<\/strong><\/p>\n<p>[\/et_pb_blurb][\/et_pb_column][et_pb_column type=&#8221;1_4&#8243; _builder_version=&#8221;4.16&#8243; _module_preset=&#8221;default&#8221; global_colors_info=&#8221;{}&#8221;][et_pb_blurb title=&#8221;Comunicaciones&#8221; image=&#8221;https:\/\/venezuelaprimero.org\/website\/wp-content\/uploads\/2025\/12\/JESUS.png&#8221; image_icon_width=&#8221;250px&#8221; image_icon_width_tablet=&#8221;250px&#8221; image_icon_width_phone=&#8221;250px&#8221; image_icon_width_last_edited=&#8221;on|phone&#8221; module_class=&#8221;imgRedonda&#8221; _builder_version=&#8221;4.20.2&#8243; _dynamic_attributes=&#8221;link_option_url&#8221; _module_preset=&#8221;default&#8221; header_font=&#8221;|700|||||||&#8221; header_text_align=&#8221;center&#8221; header_font_size=&#8221;22px&#8221; body_text_align=&#8221;center&#8221; module_alignment=&#8221;center&#8221; link_option_url=&#8221;@ET-DC@eyJkeW5hbWljIjp0cnVlLCJjb250ZW50IjoicG9zdF9saW5rX3VybF9wYWdlIiwic2V0dGluZ3MiOnsicG9zdF9pZCI6IjMzMzgzIn19@&#8221; border_radii_image=&#8221;on|100%|100%|100%|100%&#8221; border_width_all_image=&#8221;3px&#8221; image_max_width=&#8221;250px&#8221; image_max_width_tablet=&#8221;&#8221; image_max_width_phone=&#8221;&#8221; image_max_width_last_edited=&#8221;on|phone&#8221; global_colors_info=&#8221;{}&#8221;]<\/p>\n<p><strong>Jes\u00fas Rodr\u00edguez<\/strong><\/p>\n<p>[\/et_pb_blurb][\/et_pb_column][et_pb_column type=&#8221;1_4&#8243; _builder_version=&#8221;4.16&#8243; _module_preset=&#8221;default&#8221; global_colors_info=&#8221;{}&#8221;][et_pb_blurb title=&#8221;Compasi\u00f3n&#8221; image=&#8221;https:\/\/venezuelaprimero.org\/website\/wp-content\/uploads\/2025\/12\/MABEL.png&#8221; image_icon_width=&#8221;250px&#8221; image_icon_width_tablet=&#8221;250px&#8221; image_icon_width_phone=&#8221;250px&#8221; image_icon_width_last_edited=&#8221;on|phone&#8221; module_class=&#8221;imgRedonda&#8221; _builder_version=&#8221;4.20.2&#8243; _dynamic_attributes=&#8221;link_option_url&#8221; _module_preset=&#8221;default&#8221; header_font=&#8221;|700|||||||&#8221; header_text_align=&#8221;center&#8221; header_font_size=&#8221;22px&#8221; body_text_align=&#8221;center&#8221; module_alignment=&#8221;center&#8221; link_option_url=&#8221;@ET-DC@eyJkeW5hbWljIjp0cnVlLCJjb250ZW50IjoicG9zdF9saW5rX3VybF9wYWdlIiwic2V0dGluZ3MiOnsicG9zdF9pZCI6IjMzMzUxIn19@&#8221; hover_enabled=&#8221;0&#8243; border_radii_image=&#8221;on|100%|100%|100%|100%&#8221; border_width_all_image=&#8221;3px&#8221; image_max_width=&#8221;250px&#8221; image_max_width_tablet=&#8221;&#8221; image_max_width_phone=&#8221;&#8221; image_max_width_last_edited=&#8221;on|phone&#8221; global_colors_info=&#8221;{}&#8221; title_text=&#8221;MABEL&#8221; sticky_enabled=&#8221;0&#8243;]<\/p>\n<p><strong>Mabel Verenzuela<\/strong><\/p>\n<p>[\/et_pb_blurb][\/et_pb_column][et_pb_column type=&#8221;1_4&#8243; _builder_version=&#8221;4.16&#8243; _module_preset=&#8221;default&#8221; global_colors_info=&#8221;{}&#8221;][et_pb_blurb title=&#8221;Desarrollo de la Iglesia&#8221; image=&#8221;https:\/\/venezuelaprimero.org\/website\/wp-content\/uploads\/2025\/12\/ANIBAL.png&#8221; image_icon_width=&#8221;250px&#8221; image_icon_width_tablet=&#8221;250px&#8221; image_icon_width_phone=&#8221;250px&#8221; image_icon_width_last_edited=&#8221;on|phone&#8221; module_class=&#8221;imgRedonda&#8221; _builder_version=&#8221;4.20.2&#8243; _module_preset=&#8221;default&#8221; header_font=&#8221;|700|||||||&#8221; header_text_align=&#8221;center&#8221; header_font_size=&#8221;22px&#8221; body_text_align=&#8221;center&#8221; module_alignment=&#8221;center&#8221; border_radii_image=&#8221;on|100%|100%|100%|100%&#8221; border_width_all_image=&#8221;3px&#8221; image_max_width=&#8221;250px&#8221; image_max_width_tablet=&#8221;&#8221; image_max_width_phone=&#8221;&#8221; image_max_width_last_edited=&#8221;on|phone&#8221; global_colors_info=&#8221;{}&#8221;]<\/p>\n<p><strong>An\u00edbal Rodr\u00edguez<\/strong><\/p>\n<p>[\/et_pb_blurb][\/et_pb_column][\/et_pb_row][et_pb_row column_structure=&#8221;1_3,1_3,1_3&#8243; _builder_version=&#8221;4.16&#8243; _module_preset=&#8221;default&#8221; width=&#8221;100%&#8221; width_tablet=&#8221;100%&#8221; width_phone=&#8221;&#8221; width_last_edited=&#8221;on|phone&#8221; max_width=&#8221;1315px&#8221; min_height=&#8221;405.2px&#8221; custom_margin=&#8221;|auto|55px|auto||&#8221; custom_padding=&#8221;|20px|79px|20px|false|true&#8221; global_colors_info=&#8221;{}&#8221;][et_pb_column type=&#8221;1_3&#8243; _builder_version=&#8221;4.16&#8243; _module_preset=&#8221;default&#8221; global_colors_info=&#8221;{}&#8221;][et_pb_blurb title=&#8221;Estudios Teol\u00f3gicos &#8221; image=&#8221;https:\/\/venezuelaprimero.org\/website\/wp-content\/uploads\/2023\/03\/maria-elena.jpg&#8221; image_icon_width=&#8221;250px&#8221; image_icon_width_tablet=&#8221;250px&#8221; image_icon_width_phone=&#8221;250px&#8221; image_icon_width_last_edited=&#8221;on|phone&#8221; module_class=&#8221;imgRedonda&#8221; _builder_version=&#8221;4.19.2&#8243; _module_preset=&#8221;default&#8221; header_font=&#8221;|700|||||||&#8221; header_text_align=&#8221;center&#8221; header_font_size=&#8221;22px&#8221; body_text_align=&#8221;center&#8221; body_font_size=&#8221;17px&#8221; module_alignment=&#8221;center&#8221; border_radii_image=&#8221;on|100%|100%|100%|100%&#8221; border_width_all_image=&#8221;3px&#8221; image_max_width=&#8221;250px&#8221; image_max_width_tablet=&#8221;&#8221; image_max_width_phone=&#8221;&#8221; image_max_width_last_edited=&#8221;on|phone&#8221; global_colors_info=&#8221;{}&#8221;]<\/p>\n<p><strong>Rev. Mar\u00eda de Monsalve<\/strong><\/p>\n<p>[\/et_pb_blurb][\/et_pb_column][et_pb_column type=&#8221;1_3&#8243; _builder_version=&#8221;4.16&#8243; _module_preset=&#8221;default&#8221; global_colors_info=&#8221;{}&#8221;][et_pb_blurb title=&#8221;Literatura&#8221; image=&#8221;https:\/\/venezuelaprimero.org\/website\/wp-content\/uploads\/2023\/03\/yuri.jpg&#8221; image_icon_width=&#8221;250px&#8221; image_icon_width_tablet=&#8221;250px&#8221; image_icon_width_phone=&#8221;250px&#8221; image_icon_width_last_edited=&#8221;on|phone&#8221; module_class=&#8221;imgRedonda&#8221; _builder_version=&#8221;4.20.2&#8243; _dynamic_attributes=&#8221;link_option_url&#8221; _module_preset=&#8221;default&#8221; header_font=&#8221;|700|||||||&#8221; header_text_align=&#8221;center&#8221; header_font_size=&#8221;22px&#8221; body_text_align=&#8221;center&#8221; module_alignment=&#8221;center&#8221; link_option_url=&#8221;@ET-DC@eyJkeW5hbWljIjp0cnVlLCJjb250ZW50IjoicG9zdF9saW5rX3VybF9wYWdlIiwic2V0dGluZ3MiOnsicG9zdF9pZCI6IjMzNzI1In19@&#8221; border_radii_image=&#8221;on|100%|100%|100%|100%&#8221; border_width_all_image=&#8221;3px&#8221; image_max_width=&#8221;250px&#8221; image_max_width_tablet=&#8221;&#8221; image_max_width_phone=&#8221;&#8221; image_max_width_last_edited=&#8221;on|phone&#8221; global_colors_info=&#8221;{}&#8221;]<\/p>\n<p><strong>Carlos Cadavid<\/strong><\/p>\n<p>[\/et_pb_blurb][\/et_pb_column][et_pb_column type=&#8221;1_3&#8243; _builder_version=&#8221;4.16&#8243; _module_preset=&#8221;default&#8221; global_colors_info=&#8221;{}&#8221;][et_pb_blurb title=&#8221;Matrimonios&#8221; image=&#8221;https:\/\/venezuelaprimero.org\/website\/wp-content\/uploads\/2023\/03\/cadavid.jpg&#8221; image_icon_width=&#8221;250px&#8221; image_icon_width_tablet=&#8221;250px&#8221; image_icon_width_phone=&#8221;250px&#8221; image_icon_width_last_edited=&#8221;on|phone&#8221; module_class=&#8221;imgRedonda&#8221; _builder_version=&#8221;4.20.2&#8243; _dynamic_attributes=&#8221;link_option_url&#8221; _module_preset=&#8221;default&#8221; header_font=&#8221;|700|||||||&#8221; header_text_align=&#8221;center&#8221; header_font_size=&#8221;22px&#8221; body_text_align=&#8221;center&#8221; module_alignment=&#8221;center&#8221; link_option_url=&#8221;@ET-DC@eyJkeW5hbWljIjp0cnVlLCJjb250ZW50IjoicG9zdF9saW5rX3VybF9wYWdlIiwic2V0dGluZ3MiOnsicG9zdF9pZCI6IjMzNzI1In19@&#8221; border_radii_image=&#8221;on|100%|100%|100%|100%&#8221; border_width_all_image=&#8221;3px&#8221; image_max_width=&#8221;250px&#8221; image_max_width_tablet=&#8221;&#8221; image_max_width_phone=&#8221;&#8221; image_max_width_last_edited=&#8221;on|phone&#8221; global_colors_info=&#8221;{}&#8221;]<\/p>\n<p><strong>Jes\u00fas y Dilcia de Boggio<\/strong><\/p>\n<p>[\/et_pb_blurb][\/et_pb_column][\/et_pb_row][et_pb_row column_structure=&#8221;1_3,1_3,1_3&#8243; _builder_version=&#8221;4.16&#8243; _module_preset=&#8221;default&#8221; width=&#8221;100%&#8221; width_tablet=&#8221;100%&#8221; width_phone=&#8221;&#8221; width_last_edited=&#8221;on|phone&#8221; max_width=&#8221;1315px&#8221; min_height=&#8221;405.2px&#8221; custom_margin=&#8221;|auto|55px|auto||&#8221; custom_padding=&#8221;|20px|79px|20px|false|true&#8221; global_colors_info=&#8221;{}&#8221;][et_pb_column type=&#8221;1_3&#8243; _builder_version=&#8221;4.16&#8243; _module_preset=&#8221;default&#8221; global_colors_info=&#8221;{}&#8221;][et_pb_blurb title=&#8221;VID&#8221; image=&#8221;https:\/\/venezuelaprimero.org\/website\/wp-content\/uploads\/2023\/03\/yuri.jpg&#8221; image_icon_width=&#8221;250px&#8221; image_icon_width_tablet=&#8221;250px&#8221; image_icon_width_phone=&#8221;250px&#8221; image_icon_width_last_edited=&#8221;on|phone&#8221; module_class=&#8221;imgRedonda&#8221; _builder_version=&#8221;4.19.2&#8243; _dynamic_attributes=&#8221;link_option_url&#8221; _module_preset=&#8221;default&#8221; header_font=&#8221;|700|||||||&#8221; header_text_align=&#8221;center&#8221; header_font_size=&#8221;22px&#8221; body_text_align=&#8221;center&#8221; module_alignment=&#8221;center&#8221; link_option_url=&#8221;@ET-DC@eyJkeW5hbWljIjp0cnVlLCJjb250ZW50IjoicG9zdF9saW5rX3VybF9wYWdlIiwic2V0dGluZ3MiOnsicG9zdF9pZCI6IjMzNzI1In19@&#8221; border_radii_image=&#8221;on|100%|100%|100%|100%&#8221; border_width_all_image=&#8221;3px&#8221; image_max_width=&#8221;250px&#8221; image_max_width_tablet=&#8221;&#8221; image_max_width_phone=&#8221;&#8221; image_max_width_last_edited=&#8221;on|phone&#8221; global_colors_info=&#8221;{}&#8221;]<\/p>\n<p><strong>Sa\u00fal G\u00f3mez<\/strong><\/p>\n<p><strong><\/strong><\/p>\n<p>[\/et_pb_blurb][\/et_pb_column][et_pb_column type=&#8221;1_3&#8243; _builder_version=&#8221;4.16&#8243; _module_preset=&#8221;default&#8221; global_colors_info=&#8221;{}&#8221;][et_pb_blurb title=&#8221;Patrocinio de Ni\u00f1os&#8221; image=&#8221;https:\/\/venezuelaprimero.org\/website\/wp-content\/uploads\/2023\/03\/yuri.jpg&#8221; image_icon_width=&#8221;250px&#8221; image_icon_width_tablet=&#8221;250px&#8221; image_icon_width_phone=&#8221;250px&#8221; image_icon_width_last_edited=&#8221;on|phone&#8221; module_class=&#8221;imgRedonda&#8221; _builder_version=&#8221;4.20.2&#8243; _dynamic_attributes=&#8221;link_option_url&#8221; _module_preset=&#8221;default&#8221; header_font=&#8221;|700|||||||&#8221; header_text_align=&#8221;center&#8221; header_font_size=&#8221;22px&#8221; body_text_align=&#8221;center&#8221; module_alignment=&#8221;center&#8221; link_option_url=&#8221;@ET-DC@eyJkeW5hbWljIjp0cnVlLCJjb250ZW50IjoicG9zdF9saW5rX3VybF9wYWdlIiwic2V0dGluZ3MiOnsicG9zdF9pZCI6IjMzNzI1In19@&#8221; border_radii_image=&#8221;on|100%|100%|100%|100%&#8221; border_width_all_image=&#8221;3px&#8221; image_max_width=&#8221;250px&#8221; image_max_width_tablet=&#8221;&#8221; image_max_width_phone=&#8221;&#8221; image_max_width_last_edited=&#8221;on|phone&#8221; global_colors_info=&#8221;{}&#8221;]<\/p>\n<p><strong>Ysmar de Jim\u00e9nez<\/strong><\/p>\n<p>[\/et_pb_blurb][\/et_pb_column][et_pb_column type=&#8221;1_3&#8243; _builder_version=&#8221;4.16&#8243; _module_preset=&#8221;default&#8221; global_colors_info=&#8221;{}&#8221;][et_pb_blurb title=&#8221;CDC (Cuidar de los que Cuidan)&#8221; image=&#8221;https:\/\/venezuelaprimero.org\/website\/wp-content\/uploads\/2023\/03\/yuri.jpg&#8221; image_icon_width=&#8221;250px&#8221; image_icon_width_tablet=&#8221;250px&#8221; image_icon_width_phone=&#8221;250px&#8221; image_icon_width_last_edited=&#8221;on|phone&#8221; module_class=&#8221;imgRedonda&#8221; _builder_version=&#8221;4.20.2&#8243; _dynamic_attributes=&#8221;link_option_url&#8221; _module_preset=&#8221;default&#8221; header_font=&#8221;|700|||||||&#8221; header_text_align=&#8221;center&#8221; header_font_size=&#8221;22px&#8221; body_text_align=&#8221;center&#8221; module_alignment=&#8221;center&#8221; link_option_url=&#8221;@ET-DC@eyJkeW5hbWljIjp0cnVlLCJjb250ZW50IjoicG9zdF9saW5rX3VybF9wYWdlIiwic2V0dGluZ3MiOnsicG9zdF9pZCI6IjMzNzI1In19@&#8221; border_radii_image=&#8221;on|100%|100%|100%|100%&#8221; border_width_all_image=&#8221;3px&#8221; image_max_width=&#8221;250px&#8221; image_max_width_tablet=&#8221;&#8221; image_max_width_phone=&#8221;&#8221; image_max_width_last_edited=&#8221;on|phone&#8221; global_colors_info=&#8221;{}&#8221;]<\/p>\n<p><strong>Rev. William Su\u00e1rez<\/strong><\/p>\n<p><strong><\/strong><\/p>\n<p>[\/et_pb_blurb][\/et_pb_column][\/et_pb_row][et_pb_row _builder_version=&#8221;4.16&#8243; _module_preset=&#8221;default&#8221; global_colors_info=&#8221;{}&#8221;][et_pb_column type=&#8221;4_4&#8243; _builder_version=&#8221;4.16&#8243; _module_preset=&#8221;default&#8221; global_colors_info=&#8221;{}&#8221;][et_pb_text module_class=&#8221;puntosBlack&#8221; _builder_version=&#8221;4.16&#8243; _module_preset=&#8221;default&#8221; text_line_height=&#8221;2.2em&#8221; header_3_text_align=&#8221;center&#8221; header_3_line_height=&#8221;1.9em&#8221; width=&#8221;45%&#8221; width_tablet=&#8221;78%&#8221; width_phone=&#8221;100%&#8221; width_last_edited=&#8221;on|tablet&#8221; module_alignment=&#8221;center&#8221; global_colors_info=&#8221;{}&#8221;]<\/p>\n<h3><strong>JUNTA CONSULTORA DE DISTRITO<\/strong><\/h3>\n<p>[\/et_pb_text][\/et_pb_column][\/et_pb_row][et_pb_row _builder_version=&#8221;4.16&#8243; _module_preset=&#8221;default&#8221; global_colors_info=&#8221;{}&#8221;][et_pb_column type=&#8221;4_4&#8243; _builder_version=&#8221;4.16&#8243; _module_preset=&#8221;default&#8221; global_colors_info=&#8221;{}&#8221;][et_pb_text module_class=&#8221; &#8221; _builder_version=&#8221;4.16&#8243; _module_preset=&#8221;default&#8221; text_font=&#8221;|||on|||||&#8221; text_line_height=&#8221;2.2em&#8221; header_3_text_align=&#8221;center&#8221; header_3_line_height=&#8221;1.9em&#8221; width=&#8221;43%&#8221; width_tablet=&#8221;78%&#8221; width_phone=&#8221;100%&#8221; width_last_edited=&#8221;on|tablet&#8221; module_alignment=&#8221;center&#8221; global_colors_info=&#8221;{}&#8221;]<\/p>\n<h3 style=\"text-align: center;\"><strong>Presb\u00edteros<\/strong><\/h3>\n<p>[\/et_pb_text][\/et_pb_column][\/et_pb_row][et_pb_row column_structure=&#8221;1_3,1_3,1_3&#8243; _builder_version=&#8221;4.16&#8243; _module_preset=&#8221;default&#8221; width=&#8221;100%&#8221; width_tablet=&#8221;100%&#8221; width_phone=&#8221;&#8221; width_last_edited=&#8221;on|phone&#8221; max_width=&#8221;1315px&#8221; custom_margin=&#8221;|auto|55px|auto||&#8221; custom_padding=&#8221;|20px|50px|20px|false|true&#8221; border_width_bottom=&#8221;1px&#8221; border_color_bottom=&#8221;#0C71C3&#8243; global_colors_info=&#8221;{}&#8221;][et_pb_column type=&#8221;1_3&#8243; _builder_version=&#8221;4.16&#8243; _module_preset=&#8221;default&#8221; global_colors_info=&#8221;{}&#8221;][et_pb_blurb title=&#8221;Presb\u00edtero&#8221; image=&#8221;https:\/\/venezuelaprimero.org\/website\/wp-content\/uploads\/2023\/03\/yuri.jpg&#8221; image_icon_width=&#8221;250px&#8221; image_icon_width_tablet=&#8221;250px&#8221; image_icon_width_phone=&#8221;250px&#8221; image_icon_width_last_edited=&#8221;on|phone&#8221; module_class=&#8221;imgRedonda&#8221; _builder_version=&#8221;4.19.2&#8243; _module_preset=&#8221;default&#8221; header_font=&#8221;|700|||||||&#8221; header_text_align=&#8221;center&#8221; header_font_size=&#8221;22px&#8221; body_text_align=&#8221;center&#8221; module_alignment=&#8221;center&#8221; border_radii_image=&#8221;on|100%|100%|100%|100%&#8221; border_width_all_image=&#8221;3px&#8221; image_max_width=&#8221;250px&#8221; image_max_width_tablet=&#8221;&#8221; image_max_width_phone=&#8221;&#8221; image_max_width_last_edited=&#8221;on|phone&#8221; global_colors_info=&#8221;{}&#8221;]<\/p>\n<p><strong>Rev. Yuris Correa<\/strong><\/p>\n<p>[\/et_pb_blurb][\/et_pb_column][et_pb_column type=&#8221;1_3&#8243; _builder_version=&#8221;4.16&#8243; _module_preset=&#8221;default&#8221; global_colors_info=&#8221;{}&#8221;][et_pb_blurb title=&#8221;Presb\u00edtero&#8221; image=&#8221;https:\/\/venezuelaprimero.org\/website\/wp-content\/uploads\/2023\/03\/MANUEL.jpg&#8221; image_icon_width=&#8221;250px&#8221; image_icon_width_tablet=&#8221;250px&#8221; image_icon_width_phone=&#8221;250px&#8221; image_icon_width_last_edited=&#8221;on|phone&#8221; module_class=&#8221;imgRedonda&#8221; _builder_version=&#8221;4.20.2&#8243; _module_preset=&#8221;default&#8221; header_font=&#8221;|700|||||||&#8221; header_text_align=&#8221;center&#8221; header_font_size=&#8221;22px&#8221; body_text_align=&#8221;center&#8221; module_alignment=&#8221;center&#8221; border_radii_image=&#8221;on|100%|100%|100%|100%&#8221; border_width_all_image=&#8221;3px&#8221; image_max_width=&#8221;250px&#8221; image_max_width_tablet=&#8221;&#8221; image_max_width_phone=&#8221;&#8221; image_max_width_last_edited=&#8221;on|phone&#8221; global_colors_info=&#8221;{}&#8221;]<\/p>\n<p><strong>Rev. Manuel Fajardo<\/strong><\/p>\n<p>[\/et_pb_blurb][\/et_pb_column][et_pb_column type=&#8221;1_3&#8243; _builder_version=&#8221;4.16&#8243; _module_preset=&#8221;default&#8221; global_colors_info=&#8221;{}&#8221;][et_pb_blurb title=&#8221;Presb\u00edtero&#8221; image=&#8221;https:\/\/venezuelaprimero.org\/website\/wp-content\/uploads\/2023\/03\/Imagen1.png&#8221; image_icon_width=&#8221;250px&#8221; image_icon_width_tablet=&#8221;250px&#8221; image_icon_width_phone=&#8221;250px&#8221; image_icon_width_last_edited=&#8221;on|phone&#8221; module_class=&#8221;imgRedonda&#8221; _builder_version=&#8221;4.20.2&#8243; _module_preset=&#8221;default&#8221; header_font=&#8221;|700|||||||&#8221; header_text_align=&#8221;center&#8221; header_font_size=&#8221;22px&#8221; body_text_align=&#8221;center&#8221; module_alignment=&#8221;center&#8221; border_radii_image=&#8221;on|100%|100%|100%|100%&#8221; border_width_all_image=&#8221;3px&#8221; image_max_width=&#8221;250px&#8221; image_max_width_tablet=&#8221;&#8221; image_max_width_phone=&#8221;&#8221; image_max_width_last_edited=&#8221;on|phone&#8221; global_colors_info=&#8221;{}&#8221;]<\/p>\n<p><strong>Rev. Ejean Occeas<\/strong><\/p>\n<p>[\/et_pb_blurb][\/et_pb_column][\/et_pb_row][et_pb_row _builder_version=&#8221;4.16&#8243; _module_preset=&#8221;default&#8221; global_colors_info=&#8221;{}&#8221;][et_pb_column type=&#8221;4_4&#8243; _builder_version=&#8221;4.16&#8243; _module_preset=&#8221;default&#8221; global_colors_info=&#8221;{}&#8221;][et_pb_text module_class=&#8221; &#8221; _builder_version=&#8221;4.16&#8243; _module_preset=&#8221;default&#8221; text_font=&#8221;|||on|||||&#8221; text_line_height=&#8221;2.2em&#8221; header_3_text_align=&#8221;center&#8221; header_3_line_height=&#8221;1.9em&#8221; width=&#8221;24%&#8221; width_tablet=&#8221;78%&#8221; width_phone=&#8221;100%&#8221; width_last_edited=&#8221;on|tablet&#8221; module_alignment=&#8221;center&#8221; global_colors_info=&#8221;{}&#8221;]<\/p>\n<h3 style=\"text-align: center;\"><strong>Laicos<\/strong><\/h3>\n<p>[\/et_pb_text][\/et_pb_column][\/et_pb_row][et_pb_row column_structure=&#8221;1_3,1_3,1_3&#8243; _builder_version=&#8221;4.16&#8243; _module_preset=&#8221;default&#8221; width=&#8221;100%&#8221; width_tablet=&#8221;100%&#8221; width_phone=&#8221;&#8221; width_last_edited=&#8221;on|phone&#8221; max_width=&#8221;1315px&#8221; custom_margin=&#8221;|auto|55px|auto||&#8221; custom_padding=&#8221;|20px|50px|20px|false|true&#8221; global_colors_info=&#8221;{}&#8221;][et_pb_column type=&#8221;1_3&#8243; _builder_version=&#8221;4.16&#8243; _module_preset=&#8221;default&#8221; global_colors_info=&#8221;{}&#8221;][et_pb_blurb title=&#8221;Miembro Laico&#8221; image=&#8221;https:\/\/venezuelaprimero.org\/website\/wp-content\/uploads\/2023\/03\/yeli.jpg&#8221; image_icon_width=&#8221;250px&#8221; image_icon_width_tablet=&#8221;250px&#8221; image_icon_width_phone=&#8221;250px&#8221; image_icon_width_last_edited=&#8221;on|phone&#8221; module_class=&#8221;imgRedonda&#8221; _builder_version=&#8221;4.20.2&#8243; _module_preset=&#8221;default&#8221; header_font=&#8221;|700|||||||&#8221; header_text_align=&#8221;center&#8221; header_font_size=&#8221;22px&#8221; body_text_align=&#8221;center&#8221; module_alignment=&#8221;center&#8221; border_radii_image=&#8221;on|100%|100%|100%|100%&#8221; border_width_all_image=&#8221;3px&#8221; image_max_width=&#8221;250px&#8221; image_max_width_tablet=&#8221;&#8221; image_max_width_phone=&#8221;&#8221; image_max_width_last_edited=&#8221;on|phone&#8221; global_colors_info=&#8221;{}&#8221;]<\/p>\n<p><strong>Yelitza Rodr\u00edguez<\/strong><\/p>\n<p>[\/et_pb_blurb][\/et_pb_column][et_pb_column type=&#8221;1_3&#8243; _builder_version=&#8221;4.16&#8243; _module_preset=&#8221;default&#8221; global_colors_info=&#8221;{}&#8221;][et_pb_blurb title=&#8221;Miembro Laico&#8221; image=&#8221;https:\/\/venezuelaprimero.org\/website\/wp-content\/uploads\/2023\/03\/magali.jpg&#8221; image_icon_width=&#8221;250px&#8221; image_icon_width_tablet=&#8221;250px&#8221; image_icon_width_phone=&#8221;250px&#8221; image_icon_width_last_edited=&#8221;on|phone&#8221; module_class=&#8221;imgRedonda&#8221; _builder_version=&#8221;4.20.2&#8243; _module_preset=&#8221;default&#8221; header_font=&#8221;|700|||||||&#8221; header_text_align=&#8221;center&#8221; header_font_size=&#8221;22px&#8221; body_text_align=&#8221;center&#8221; module_alignment=&#8221;center&#8221; border_radii_image=&#8221;on|100%|100%|100%|100%&#8221; border_width_all_image=&#8221;3px&#8221; image_max_width=&#8221;250px&#8221; image_max_width_tablet=&#8221;&#8221; image_max_width_phone=&#8221;&#8221; image_max_width_last_edited=&#8221;on|phone&#8221; global_colors_info=&#8221;{}&#8221;]<\/p>\n<p><strong>Magaly Hern\u00e1ndez<\/strong><\/p>\n<p>[\/et_pb_blurb][\/et_pb_column][et_pb_column type=&#8221;1_3&#8243; _builder_version=&#8221;4.16&#8243; _module_preset=&#8221;default&#8221; global_colors_info=&#8221;{}&#8221;][et_pb_blurb title=&#8221;Miembro Laico&#8221; image=&#8221;https:\/\/venezuelaprimero.org\/website\/wp-content\/uploads\/2023\/03\/Imagen1.png&#8221; image_icon_width=&#8221;250px&#8221; image_icon_width_tablet=&#8221;250px&#8221; image_icon_width_phone=&#8221;250px&#8221; image_icon_width_last_edited=&#8221;on|phone&#8221; module_class=&#8221;imgRedonda&#8221; _builder_version=&#8221;4.20.2&#8243; _module_preset=&#8221;default&#8221; header_font=&#8221;|700|||||||&#8221; header_text_align=&#8221;center&#8221; header_font_size=&#8221;22px&#8221; body_text_align=&#8221;center&#8221; module_alignment=&#8221;center&#8221; border_radii_image=&#8221;on|100%|100%|100%|100%&#8221; border_width_all_image=&#8221;3px&#8221; image_max_width=&#8221;250px&#8221; image_max_width_tablet=&#8221;&#8221; image_max_width_phone=&#8221;&#8221; image_max_width_last_edited=&#8221;on|phone&#8221; global_colors_info=&#8221;{}&#8221;]<\/p>\n<p><strong>Mario Dellepere<\/strong><\/p>\n<p>[\/et_pb_blurb][\/et_pb_column][\/et_pb_row][et_pb_row _builder_version=&#8221;4.16&#8243; _module_preset=&#8221;default&#8221; global_colors_info=&#8221;{}&#8221;][et_pb_column type=&#8221;4_4&#8243; _builder_version=&#8221;4.16&#8243; _module_preset=&#8221;default&#8221; global_colors_info=&#8221;{}&#8221;][et_pb_text module_class=&#8221;puntosBlack&#8221; _builder_version=&#8221;4.16&#8243; _module_preset=&#8221;default&#8221; text_line_height=&#8221;2.2em&#8221; header_3_font=&#8221;|700|||||||&#8221; header_3_text_align=&#8221;center&#8221; header_3_line_height=&#8221;1.9em&#8221; width=&#8221;45%&#8221; width_tablet=&#8221;78%&#8221; width_phone=&#8221;100%&#8221; width_last_edited=&#8221;on|tablet&#8221; module_alignment=&#8221;center&#8221; global_colors_info=&#8221;{}&#8221;]<\/p>\n<h3>JUNTA DE CREDENCIALES DE DISTRITO<\/h3>\n<p>[\/et_pb_text][\/et_pb_column][\/et_pb_row][et_pb_row column_structure=&#8221;1_2,1_2&#8243; _builder_version=&#8221;4.16&#8243; _module_preset=&#8221;default&#8221; width=&#8221;100%&#8221; width_tablet=&#8221;100%&#8221; width_phone=&#8221;&#8221; width_last_edited=&#8221;on|phone&#8221; max_width=&#8221;1315px&#8221; custom_margin=&#8221;|auto|55px|auto||&#8221; custom_padding=&#8221;|20px|50px|20px|false|true&#8221; border_color_bottom=&#8221;#0C71C3&#8243; global_colors_info=&#8221;{}&#8221;][et_pb_column type=&#8221;1_2&#8243; _builder_version=&#8221;4.16&#8243; _module_preset=&#8221;default&#8221; global_colors_info=&#8221;{}&#8221;][et_pb_blurb title=&#8221;Presb\u00edtero&#8221; image=&#8221;https:\/\/venezuelaprimero.org\/website\/wp-content\/uploads\/2023\/03\/yuri.jpg&#8221; image_icon_width=&#8221;250px&#8221; image_icon_width_tablet=&#8221;250px&#8221; image_icon_width_phone=&#8221;250px&#8221; image_icon_width_last_edited=&#8221;on|phone&#8221; module_class=&#8221;imgRedonda&#8221; _builder_version=&#8221;4.19.2&#8243; _module_preset=&#8221;default&#8221; header_font=&#8221;|700|||||||&#8221; header_text_align=&#8221;center&#8221; header_font_size=&#8221;22px&#8221; body_text_align=&#8221;center&#8221; module_alignment=&#8221;center&#8221; border_radii_image=&#8221;on|100%|100%|100%|100%&#8221; border_width_all_image=&#8221;3px&#8221; image_max_width=&#8221;250px&#8221; image_max_width_tablet=&#8221;&#8221; image_max_width_phone=&#8221;&#8221; image_max_width_last_edited=&#8221;on|phone&#8221; global_colors_info=&#8221;{}&#8221;]<\/p>\n<p><strong>Rev. Yuris Correa<\/strong><\/p>\n<p>[\/et_pb_blurb][\/et_pb_column][et_pb_column type=&#8221;1_2&#8243; _builder_version=&#8221;4.16&#8243; _module_preset=&#8221;default&#8221; global_colors_info=&#8221;{}&#8221;][et_pb_blurb title=&#8221;Presb\u00edtero&#8221; image=&#8221;https:\/\/venezuelaprimero.org\/website\/wp-content\/uploads\/2023\/03\/MANUEL.jpg&#8221; image_icon_width=&#8221;250px&#8221; image_icon_width_tablet=&#8221;250px&#8221; image_icon_width_phone=&#8221;250px&#8221; image_icon_width_last_edited=&#8221;on|phone&#8221; module_class=&#8221;imgRedonda&#8221; _builder_version=&#8221;4.20.2&#8243; _module_preset=&#8221;default&#8221; header_font=&#8221;|700|||||||&#8221; header_text_align=&#8221;center&#8221; header_font_size=&#8221;22px&#8221; body_text_align=&#8221;center&#8221; module_alignment=&#8221;center&#8221; border_radii_image=&#8221;on|100%|100%|100%|100%&#8221; border_width_all_image=&#8221;3px&#8221; image_max_width=&#8221;250px&#8221; image_max_width_tablet=&#8221;&#8221; image_max_width_phone=&#8221;&#8221; image_max_width_last_edited=&#8221;on|phone&#8221; global_colors_info=&#8221;{}&#8221;]<\/p>\n<p><strong>Rev. Manuel Fajardo<\/strong><\/p>\n<p>[\/et_pb_blurb][\/et_pb_column][\/et_pb_row][et_pb_row column_structure=&#8221;1_3,1_3,1_3&#8243; _builder_version=&#8221;4.16&#8243; _module_preset=&#8221;default&#8221; width=&#8221;100%&#8221; width_tablet=&#8221;100%&#8221; width_phone=&#8221;&#8221; width_last_edited=&#8221;on|phone&#8221; max_width=&#8221;1315px&#8221; custom_margin=&#8221;|auto|55px|auto||&#8221; custom_padding=&#8221;|20px|50px|20px|false|true&#8221; border_color_bottom=&#8221;#0C71C3&#8243; global_colors_info=&#8221;{}&#8221;][et_pb_column type=&#8221;1_3&#8243; _builder_version=&#8221;4.16&#8243; _module_preset=&#8221;default&#8221; global_colors_info=&#8221;{}&#8221;][et_pb_blurb title=&#8221;Presb\u00edtero&#8221; image=&#8221;https:\/\/venezuelaprimero.org\/website\/wp-content\/uploads\/2023\/03\/Imagen1.png&#8221; image_icon_width=&#8221;250px&#8221; image_icon_width_tablet=&#8221;250px&#8221; image_icon_width_phone=&#8221;250px&#8221; image_icon_width_last_edited=&#8221;on|phone&#8221; module_class=&#8221;imgRedonda&#8221; _builder_version=&#8221;4.20.2&#8243; _module_preset=&#8221;default&#8221; header_font=&#8221;|700|||||||&#8221; header_text_align=&#8221;center&#8221; header_font_size=&#8221;22px&#8221; body_text_align=&#8221;center&#8221; module_alignment=&#8221;center&#8221; border_radii_image=&#8221;on|100%|100%|100%|100%&#8221; border_width_all_image=&#8221;3px&#8221; image_max_width=&#8221;250px&#8221; image_max_width_tablet=&#8221;&#8221; image_max_width_phone=&#8221;&#8221; image_max_width_last_edited=&#8221;on|phone&#8221; global_colors_info=&#8221;{}&#8221;]<\/p>\n<p><strong>Rev. Ejean Occeas<\/strong><\/p>\n<p>[\/et_pb_blurb][\/et_pb_column][et_pb_column type=&#8221;1_3&#8243; _builder_version=&#8221;4.16&#8243; _module_preset=&#8221;default&#8221; global_colors_info=&#8221;{}&#8221;][et_pb_blurb title=&#8221;Presb\u00edtero&#8221; image=&#8221;https:\/\/venezuelaprimero.org\/website\/wp-content\/uploads\/2023\/03\/octavio.jpg&#8221; image_icon_width=&#8221;250px&#8221; image_icon_width_tablet=&#8221;250px&#8221; image_icon_width_phone=&#8221;250px&#8221; image_icon_width_last_edited=&#8221;on|phone&#8221; module_class=&#8221;imgRedonda&#8221; _builder_version=&#8221;4.20.2&#8243; _module_preset=&#8221;default&#8221; header_font=&#8221;|700|||||||&#8221; header_text_align=&#8221;center&#8221; header_font_size=&#8221;22px&#8221; body_text_align=&#8221;center&#8221; module_alignment=&#8221;center&#8221; border_radii_image=&#8221;on|100%|100%|100%|100%&#8221; border_width_all_image=&#8221;3px&#8221; image_max_width=&#8221;250px&#8221; image_max_width_tablet=&#8221;&#8221; image_max_width_phone=&#8221;&#8221; image_max_width_last_edited=&#8221;on|phone&#8221; global_colors_info=&#8221;{}&#8221;]<\/p>\n<p><strong>Rev. Octavio Galvis<\/strong><\/p>\n<p>[\/et_pb_blurb][\/et_pb_column][et_pb_column type=&#8221;1_3&#8243; _builder_version=&#8221;4.16&#8243; _module_preset=&#8221;default&#8221; global_colors_info=&#8221;{}&#8221;][et_pb_blurb title=&#8221;Presb\u00edtero&#8221; image=&#8221;https:\/\/venezuelaprimero.org\/website\/wp-content\/uploads\/2023\/03\/nilson.jpg&#8221; image_icon_width=&#8221;250px&#8221; image_icon_width_tablet=&#8221;250px&#8221; image_icon_width_phone=&#8221;250px&#8221; image_icon_width_last_edited=&#8221;on|phone&#8221; module_class=&#8221;imgRedonda&#8221; _builder_version=&#8221;4.20.2&#8243; _module_preset=&#8221;default&#8221; header_font=&#8221;|700|||||||&#8221; header_text_align=&#8221;center&#8221; header_font_size=&#8221;22px&#8221; body_text_align=&#8221;center&#8221; module_alignment=&#8221;center&#8221; border_radii_image=&#8221;on|100%|100%|100%|100%&#8221; border_width_all_image=&#8221;3px&#8221; image_max_width=&#8221;250px&#8221; image_max_width_tablet=&#8221;&#8221; image_max_width_phone=&#8221;&#8221; image_max_width_last_edited=&#8221;on|phone&#8221; global_colors_info=&#8221;{}&#8221;]<\/p>\n<p><strong>Rev. Nilson D\u00edaz<\/strong><\/p>\n<p>[\/et_pb_blurb][\/et_pb_column][\/et_pb_row][et_pb_row _builder_version=&#8221;4.16&#8243; _module_preset=&#8221;default&#8221; global_colors_info=&#8221;{}&#8221;][et_pb_column type=&#8221;4_4&#8243; _builder_version=&#8221;4.16&#8243; _module_preset=&#8221;default&#8221; global_colors_info=&#8221;{}&#8221;][et_pb_text module_class=&#8221;puntosBlack&#8221; _builder_version=&#8221;4.16&#8243; _module_preset=&#8221;default&#8221; text_line_height=&#8221;2.2em&#8221; header_3_font=&#8221;|700|||||||&#8221; header_3_text_align=&#8221;center&#8221; header_3_line_height=&#8221;1.9em&#8221; width=&#8221;45%&#8221; width_tablet=&#8221;78%&#8221; width_phone=&#8221;100%&#8221; width_last_edited=&#8221;on|tablet&#8221; module_alignment=&#8221;center&#8221; global_colors_info=&#8221;{}&#8221;]<\/p>\n<h3>JUNTA DE ESTUDIOS MINISTERIALES<\/h3>\n<p>[\/et_pb_text][\/et_pb_column][\/et_pb_row][et_pb_row column_structure=&#8221;1_2,1_2&#8243; _builder_version=&#8221;4.16&#8243; _module_preset=&#8221;default&#8221; width=&#8221;100%&#8221; width_tablet=&#8221;100%&#8221; width_phone=&#8221;&#8221; width_last_edited=&#8221;on|phone&#8221; max_width=&#8221;1315px&#8221; custom_margin=&#8221;|auto|55px|auto||&#8221; custom_padding=&#8221;|20px|50px|20px|false|true&#8221; border_color_bottom=&#8221;#0C71C3&#8243; global_colors_info=&#8221;{}&#8221;][et_pb_column type=&#8221;1_2&#8243; _builder_version=&#8221;4.16&#8243; _module_preset=&#8221;default&#8221; global_colors_info=&#8221;{}&#8221;][et_pb_blurb title=&#8221;Presb\u00edtero&#8221; image=&#8221;https:\/\/venezuelaprimero.org\/website\/wp-content\/uploads\/2023\/03\/yuri.jpg&#8221; image_icon_width=&#8221;250px&#8221; image_icon_width_tablet=&#8221;250px&#8221; image_icon_width_phone=&#8221;250px&#8221; image_icon_width_last_edited=&#8221;on|phone&#8221; module_class=&#8221;imgRedonda&#8221; _builder_version=&#8221;4.19.2&#8243; _module_preset=&#8221;default&#8221; header_font=&#8221;|700|||||||&#8221; header_text_align=&#8221;center&#8221; header_font_size=&#8221;22px&#8221; body_text_align=&#8221;center&#8221; module_alignment=&#8221;center&#8221; border_radii_image=&#8221;on|100%|100%|100%|100%&#8221; border_width_all_image=&#8221;3px&#8221; image_max_width=&#8221;250px&#8221; image_max_width_tablet=&#8221;&#8221; image_max_width_phone=&#8221;&#8221; image_max_width_last_edited=&#8221;on|phone&#8221; global_colors_info=&#8221;{}&#8221;]<\/p>\n<p><strong>Rev. Yuris Correa<\/strong><\/p>\n<p>[\/et_pb_blurb][\/et_pb_column][et_pb_column type=&#8221;1_2&#8243; _builder_version=&#8221;4.16&#8243; _module_preset=&#8221;default&#8221; global_colors_info=&#8221;{}&#8221;][et_pb_blurb title=&#8221;Presb\u00edtero&#8221; image=&#8221;https:\/\/venezuelaprimero.org\/website\/wp-content\/uploads\/2023\/03\/MANUEL.jpg&#8221; image_icon_width=&#8221;250px&#8221; image_icon_width_tablet=&#8221;250px&#8221; image_icon_width_phone=&#8221;250px&#8221; image_icon_width_last_edited=&#8221;on|phone&#8221; module_class=&#8221;imgRedonda&#8221; _builder_version=&#8221;4.20.2&#8243; _module_preset=&#8221;default&#8221; header_font=&#8221;|700|||||||&#8221; header_text_align=&#8221;center&#8221; header_font_size=&#8221;22px&#8221; body_text_align=&#8221;center&#8221; module_alignment=&#8221;center&#8221; border_radii_image=&#8221;on|100%|100%|100%|100%&#8221; border_width_all_image=&#8221;3px&#8221; image_max_width=&#8221;250px&#8221; image_max_width_tablet=&#8221;&#8221; image_max_width_phone=&#8221;&#8221; image_max_width_last_edited=&#8221;on|phone&#8221; global_colors_info=&#8221;{}&#8221;]<\/p>\n<p><strong>Rev. Manuel Fajardo<\/strong><\/p>\n<p>[\/et_pb_blurb][\/et_pb_column][\/et_pb_row][et_pb_row column_structure=&#8221;1_3,1_3,1_3&#8243; _builder_version=&#8221;4.16&#8243; _module_preset=&#8221;default&#8221; width=&#8221;100%&#8221; width_tablet=&#8221;100%&#8221; width_phone=&#8221;&#8221; width_last_edited=&#8221;on|phone&#8221; max_width=&#8221;1315px&#8221; custom_margin=&#8221;|auto|55px|auto||&#8221; custom_padding=&#8221;|20px|50px|20px|false|true&#8221; border_color_bottom=&#8221;#0C71C3&#8243; global_colors_info=&#8221;{}&#8221;][et_pb_column type=&#8221;1_3&#8243; _builder_version=&#8221;4.16&#8243; _module_preset=&#8221;default&#8221; global_colors_info=&#8221;{}&#8221;][et_pb_blurb title=&#8221;Presb\u00edtero&#8221; image=&#8221;https:\/\/venezuelaprimero.org\/website\/wp-content\/uploads\/2023\/03\/Imagen1.png&#8221; image_icon_width=&#8221;250px&#8221; image_icon_width_tablet=&#8221;250px&#8221; image_icon_width_phone=&#8221;250px&#8221; image_icon_width_last_edited=&#8221;on|phone&#8221; module_class=&#8221;imgRedonda&#8221; _builder_version=&#8221;4.20.2&#8243; _module_preset=&#8221;default&#8221; header_font=&#8221;|700|||||||&#8221; header_text_align=&#8221;center&#8221; header_font_size=&#8221;22px&#8221; body_text_align=&#8221;center&#8221; module_alignment=&#8221;center&#8221; border_radii_image=&#8221;on|100%|100%|100%|100%&#8221; border_width_all_image=&#8221;3px&#8221; image_max_width=&#8221;250px&#8221; image_max_width_tablet=&#8221;&#8221; image_max_width_phone=&#8221;&#8221; image_max_width_last_edited=&#8221;on|phone&#8221; global_colors_info=&#8221;{}&#8221;]<\/p>\n<p><strong>Rev. Ejean Occeas<\/strong><\/p>\n<p>[\/et_pb_blurb][\/et_pb_column][et_pb_column type=&#8221;1_3&#8243; _builder_version=&#8221;4.16&#8243; _module_preset=&#8221;default&#8221; global_colors_info=&#8221;{}&#8221;][et_pb_blurb title=&#8221;Presb\u00edtero&#8221; image=&#8221;https:\/\/venezuelaprimero.org\/website\/wp-content\/uploads\/2023\/03\/nilson.jpg&#8221; image_icon_width=&#8221;250px&#8221; image_icon_width_tablet=&#8221;250px&#8221; image_icon_width_phone=&#8221;250px&#8221; image_icon_width_last_edited=&#8221;on|phone&#8221; module_class=&#8221;imgRedonda&#8221; _builder_version=&#8221;4.20.2&#8243; _module_preset=&#8221;default&#8221; header_font=&#8221;|700|||||||&#8221; header_text_align=&#8221;center&#8221; header_font_size=&#8221;22px&#8221; body_text_align=&#8221;center&#8221; module_alignment=&#8221;center&#8221; border_radii_image=&#8221;on|100%|100%|100%|100%&#8221; border_width_all_image=&#8221;3px&#8221; image_max_width=&#8221;250px&#8221; image_max_width_tablet=&#8221;&#8221; image_max_width_phone=&#8221;&#8221; image_max_width_last_edited=&#8221;on|phone&#8221; global_colors_info=&#8221;{}&#8221;]<\/p>\n<p><strong>Rev. Nilson D\u00edaz<\/strong><\/p>\n<p>[\/et_pb_blurb][\/et_pb_column][et_pb_column type=&#8221;1_3&#8243; _builder_version=&#8221;4.16&#8243; _module_preset=&#8221;default&#8221; global_colors_info=&#8221;{}&#8221;][et_pb_blurb title=&#8221;Presb\u00edtero&#8221; image=&#8221;https:\/\/venezuelaprimero.org\/website\/wp-content\/uploads\/2023\/03\/octavio.jpg&#8221; image_icon_width=&#8221;250px&#8221; image_icon_width_tablet=&#8221;250px&#8221; image_icon_width_phone=&#8221;250px&#8221; image_icon_width_last_edited=&#8221;on|phone&#8221; module_class=&#8221;imgRedonda&#8221; _builder_version=&#8221;4.20.2&#8243; _module_preset=&#8221;default&#8221; header_font=&#8221;|700|||||||&#8221; header_text_align=&#8221;center&#8221; header_font_size=&#8221;22px&#8221; body_text_align=&#8221;center&#8221; module_alignment=&#8221;center&#8221; border_radii_image=&#8221;on|100%|100%|100%|100%&#8221; border_width_all_image=&#8221;3px&#8221; image_max_width=&#8221;250px&#8221; image_max_width_tablet=&#8221;&#8221; image_max_width_phone=&#8221;&#8221; image_max_width_last_edited=&#8221;on|phone&#8221; global_colors_info=&#8221;{}&#8221;]<\/p>\n<p><strong>Rev. Octavio Galvis<\/strong><\/p>\n<p>[\/et_pb_blurb][\/et_pb_column][\/et_pb_row][et_pb_row _builder_version=&#8221;4.16&#8243; _module_preset=&#8221;default&#8221; global_colors_info=&#8221;{}&#8221;][et_pb_column type=&#8221;4_4&#8243; _builder_version=&#8221;4.16&#8243; _module_preset=&#8221;default&#8221; global_colors_info=&#8221;{}&#8221;][et_pb_text module_class=&#8221;puntosBlack&#8221; _builder_version=&#8221;4.16&#8243; _module_preset=&#8221;default&#8221; text_line_height=&#8221;2.2em&#8221; header_3_font=&#8221;|700|||||||&#8221; header_3_text_align=&#8221;center&#8221; header_3_line_height=&#8221;1.9em&#8221; width=&#8221;45%&#8221; width_tablet=&#8221;78%&#8221; width_phone=&#8221;100%&#8221; width_last_edited=&#8221;on|tablet&#8221; module_alignment=&#8221;center&#8221; global_colors_info=&#8221;{}&#8221;]<\/p>\n<h3>JUNTA DE PROPIEDADES<\/h3>\n<p>[\/et_pb_text][\/et_pb_column][\/et_pb_row][et_pb_row column_structure=&#8221;1_3,1_3,1_3&#8243; _builder_version=&#8221;4.16&#8243; _module_preset=&#8221;default&#8221; width=&#8221;100%&#8221; width_tablet=&#8221;100%&#8221; width_phone=&#8221;&#8221; width_last_edited=&#8221;on|phone&#8221; max_width=&#8221;1315px&#8221; custom_margin=&#8221;|auto|55px|auto||&#8221; custom_padding=&#8221;|20px|50px|20px|false|true&#8221; border_width_bottom=&#8221;1px&#8221; border_color_bottom=&#8221;#0C71C3&#8243; global_colors_info=&#8221;{}&#8221;][et_pb_column type=&#8221;1_3&#8243; _builder_version=&#8221;4.16&#8243; _module_preset=&#8221;default&#8221; global_colors_info=&#8221;{}&#8221;][et_pb_blurb title=&#8221;Presb\u00edtero&#8221; image=&#8221;https:\/\/venezuelaprimero.org\/website\/wp-content\/uploads\/2023\/03\/yuri.jpg&#8221; image_icon_width=&#8221;250px&#8221; image_icon_width_tablet=&#8221;250px&#8221; image_icon_width_phone=&#8221;250px&#8221; image_icon_width_last_edited=&#8221;on|phone&#8221; module_class=&#8221;imgRedonda&#8221; _builder_version=&#8221;4.19.2&#8243; _module_preset=&#8221;default&#8221; header_font=&#8221;|700|||||||&#8221; header_text_align=&#8221;center&#8221; header_font_size=&#8221;22px&#8221; body_text_align=&#8221;center&#8221; module_alignment=&#8221;center&#8221; border_radii_image=&#8221;on|100%|100%|100%|100%&#8221; border_width_all_image=&#8221;3px&#8221; image_max_width=&#8221;250px&#8221; image_max_width_tablet=&#8221;&#8221; image_max_width_phone=&#8221;&#8221; image_max_width_last_edited=&#8221;on|phone&#8221; global_colors_info=&#8221;{}&#8221;]<\/p>\n<p><strong>Rev. Yuris Correa<\/strong><\/p>\n<p>[\/et_pb_blurb][\/et_pb_column][et_pb_column type=&#8221;1_3&#8243; _builder_version=&#8221;4.16&#8243; _module_preset=&#8221;default&#8221; global_colors_info=&#8221;{}&#8221;][et_pb_blurb title=&#8221;Presb\u00edtero&#8221; image=&#8221;https:\/\/venezuelaprimero.org\/website\/wp-content\/uploads\/2023\/03\/MANUEL.jpg&#8221; image_icon_width=&#8221;250px&#8221; image_icon_width_tablet=&#8221;250px&#8221; image_icon_width_phone=&#8221;250px&#8221; image_icon_width_last_edited=&#8221;on|phone&#8221; module_class=&#8221;imgRedonda&#8221; _builder_version=&#8221;4.20.2&#8243; _module_preset=&#8221;default&#8221; header_font=&#8221;|700|||||||&#8221; header_text_align=&#8221;center&#8221; header_font_size=&#8221;22px&#8221; body_text_align=&#8221;center&#8221; module_alignment=&#8221;center&#8221; border_radii_image=&#8221;on|100%|100%|100%|100%&#8221; border_width_all_image=&#8221;3px&#8221; image_max_width=&#8221;250px&#8221; image_max_width_tablet=&#8221;&#8221; image_max_width_phone=&#8221;&#8221; image_max_width_last_edited=&#8221;on|phone&#8221; global_colors_info=&#8221;{}&#8221;]<\/p>\n<p><strong>Rev. Manuel Fajardo<\/strong><\/p>\n<p>[\/et_pb_blurb][\/et_pb_column][et_pb_column type=&#8221;1_3&#8243; _builder_version=&#8221;4.16&#8243; _module_preset=&#8221;default&#8221; global_colors_info=&#8221;{}&#8221;][et_pb_blurb title=&#8221;Presb\u00edtero&#8221; image=&#8221;https:\/\/venezuelaprimero.org\/website\/wp-content\/uploads\/2023\/03\/Imagen1.png&#8221; image_icon_width=&#8221;250px&#8221; image_icon_width_tablet=&#8221;250px&#8221; image_icon_width_phone=&#8221;250px&#8221; image_icon_width_last_edited=&#8221;on|phone&#8221; module_class=&#8221;imgRedonda&#8221; _builder_version=&#8221;4.20.2&#8243; _module_preset=&#8221;default&#8221; header_font=&#8221;|700|||||||&#8221; header_text_align=&#8221;center&#8221; header_font_size=&#8221;22px&#8221; body_text_align=&#8221;center&#8221; module_alignment=&#8221;center&#8221; border_radii_image=&#8221;on|100%|100%|100%|100%&#8221; border_width_all_image=&#8221;3px&#8221; image_max_width=&#8221;250px&#8221; image_max_width_tablet=&#8221;&#8221; image_max_width_phone=&#8221;&#8221; image_max_width_last_edited=&#8221;on|phone&#8221; global_colors_info=&#8221;{}&#8221;]<\/p>\n<p><strong>Rev. Ejean Occeas<\/strong><\/p>\n<p>[\/et_pb_blurb][\/et_pb_column][\/et_pb_row][et_pb_row _builder_version=&#8221;4.16&#8243; _module_preset=&#8221;default&#8221; global_colors_info=&#8221;{}&#8221;][et_pb_column type=&#8221;4_4&#8243; _builder_version=&#8221;4.16&#8243; _module_preset=&#8221;default&#8221; global_colors_info=&#8221;{}&#8221;][et_pb_text module_class=&#8221; &#8221; _builder_version=&#8221;4.16&#8243; _module_preset=&#8221;default&#8221; text_font=&#8221;|||on|||||&#8221; text_line_height=&#8221;2.2em&#8221; header_3_text_align=&#8221;center&#8221; header_3_line_height=&#8221;1.9em&#8221; width=&#8221;24%&#8221; width_tablet=&#8221;78%&#8221; width_phone=&#8221;100%&#8221; width_last_edited=&#8221;on|tablet&#8221; module_alignment=&#8221;center&#8221; global_colors_info=&#8221;{}&#8221;]<\/p>\n<h3 style=\"text-align: center;\"><strong>Laicos<\/strong><\/h3>\n<p>[\/et_pb_text][\/et_pb_column][\/et_pb_row][et_pb_row column_structure=&#8221;1_2,1_2&#8243; _builder_version=&#8221;4.16&#8243; _module_preset=&#8221;default&#8221; width=&#8221;100%&#8221; width_tablet=&#8221;100%&#8221; width_phone=&#8221;&#8221; width_last_edited=&#8221;on|phone&#8221; max_width=&#8221;1315px&#8221; custom_margin=&#8221;|auto|55px|auto||&#8221; custom_padding=&#8221;|20px|50px|20px|false|true&#8221; global_colors_info=&#8221;{}&#8221;][et_pb_column type=&#8221;1_2&#8243; _builder_version=&#8221;4.16&#8243; _module_preset=&#8221;default&#8221; global_colors_info=&#8221;{}&#8221;][et_pb_blurb title=&#8221;Miembro Laico&#8221; image=&#8221;https:\/\/venezuelaprimero.org\/website\/wp-content\/uploads\/2023\/03\/yeli.jpg&#8221; image_icon_width=&#8221;250px&#8221; image_icon_width_tablet=&#8221;250px&#8221; image_icon_width_phone=&#8221;250px&#8221; image_icon_width_last_edited=&#8221;on|phone&#8221; module_class=&#8221;imgRedonda&#8221; _builder_version=&#8221;4.20.2&#8243; _module_preset=&#8221;default&#8221; header_font=&#8221;|700|||||||&#8221; header_text_align=&#8221;center&#8221; header_font_size=&#8221;22px&#8221; body_text_align=&#8221;center&#8221; module_alignment=&#8221;center&#8221; border_radii_image=&#8221;on|100%|100%|100%|100%&#8221; border_width_all_image=&#8221;3px&#8221; image_max_width=&#8221;250px&#8221; image_max_width_tablet=&#8221;&#8221; image_max_width_phone=&#8221;&#8221; image_max_width_last_edited=&#8221;on|phone&#8221; global_colors_info=&#8221;{}&#8221;]<\/p>\n<p><strong>Yelitza Rodr\u00edguez<\/strong><\/p>\n<p>[\/et_pb_blurb][\/et_pb_column][et_pb_column type=&#8221;1_2&#8243; _builder_version=&#8221;4.16&#8243; _module_preset=&#8221;default&#8221; global_colors_info=&#8221;{}&#8221;][et_pb_blurb title=&#8221;Miembro Laico&#8221; image=&#8221;https:\/\/venezuelaprimero.org\/website\/wp-content\/uploads\/2023\/03\/magali.jpg&#8221; image_icon_width=&#8221;250px&#8221; image_icon_width_tablet=&#8221;250px&#8221; image_icon_width_phone=&#8221;250px&#8221; image_icon_width_last_edited=&#8221;on|phone&#8221; module_class=&#8221;imgRedonda&#8221; _builder_version=&#8221;4.20.2&#8243; _module_preset=&#8221;default&#8221; header_font=&#8221;|700|||||||&#8221; header_text_align=&#8221;center&#8221; header_font_size=&#8221;22px&#8221; body_text_align=&#8221;center&#8221; module_alignment=&#8221;center&#8221; border_radii_image=&#8221;on|100%|100%|100%|100%&#8221; border_width_all_image=&#8221;3px&#8221; image_max_width=&#8221;250px&#8221; image_max_width_tablet=&#8221;&#8221; image_max_width_phone=&#8221;&#8221; image_max_width_last_edited=&#8221;on|phone&#8221; global_colors_info=&#8221;{}&#8221;]<\/p>\n<p><strong>Magaly Hern\u00e1ndez<\/strong><\/p>\n<p>[\/et_pb_blurb][\/et_pb_column][\/et_pb_row][\/et_pb_section]<\/p>\n","protected":false},"excerpt":{"rendered":"<p>Superintendente de DistritoLuis Monsalve AndradesIris Morales de Malav\u00e9Carmen LacruzCoordinadores Distritales de MinisteriosMoraf Jim\u00e9nezEstherline NoreMar\u00eda BlonderRev. Mar\u00eda Guaita de Su\u00e1rezJes\u00fas Rodr\u00edguezMabel VerenzuelaAn\u00edbal Rodr\u00edguezRev. Mar\u00eda de MonsalveCarlos CadavidJes\u00fas y Dilcia de BoggioSa\u00fal G\u00f3mez Ysmar de Jim\u00e9nezRev. William Su\u00e1rez JUNTA CONSULTORA DE DISTRITOPresb\u00edterosRev. Yuris CorreaRev. Manuel FajardoRev. Ejean OcceasLaicosYelitza Rodr\u00edguezMagaly Hern\u00e1ndezMario DellepereJUNTA DE CREDENCIALES DE DISTRITORev. Yuris CorreaRev. [&hellip;]<\/p>\n","protected":false},"author":1,"featured_media":0,"parent":0,"menu_order":0,"comment_status":"closed","ping_status":"closed","template":"","meta":{"_acf_changed":false,"_et_pb_use_builder":"on","_et_pb_old_content":"","_et_gb_content_width":"","footnotes":""},"class_list":["post-33049","page","type-page","status-publish","hentry"],"acf":[],"yoast_head":"<!-- This site is optimized with the Yoast SEO plugin v23.5 - https:\/\/yoast.com\/wordpress\/plugins\/seo\/ -->\n<title>Nuestro Equipo - Venezuela primero<\/title>\n<meta name=\"robots\" content=\"index, follow, max-snippet:-1, max-image-preview:large, max-video-preview:-1\" \/>\n<link rel=\"canonical\" href=\"https:\/\/venezuelaprimero.org\/website\/nuestro-equipo\/\" \/>\n<meta property=\"og:locale\" content=\"es_ES\" \/>\n<meta property=\"og:type\" content=\"article\" \/>\n<meta property=\"og:title\" content=\"Nuestro Equipo - Venezuela primero\" \/>\n<meta property=\"og:description\" content=\"Superintendente de DistritoLuis Monsalve AndradesIris Morales de Malav\u00e9Carmen LacruzCoordinadores Distritales de MinisteriosMoraf Jim\u00e9nezEstherline NoreMar\u00eda BlonderRev. Mar\u00eda Guaita de Su\u00e1rezJes\u00fas Rodr\u00edguezMabel VerenzuelaAn\u00edbal Rodr\u00edguezRev. Mar\u00eda de MonsalveCarlos CadavidJes\u00fas y Dilcia de BoggioSa\u00fal G\u00f3mez Ysmar de Jim\u00e9nezRev. William Su\u00e1rez JUNTA CONSULTORA DE DISTRITOPresb\u00edterosRev. Yuris CorreaRev. Manuel FajardoRev. Ejean OcceasLaicosYelitza Rodr\u00edguezMagaly Hern\u00e1ndezMario DellepereJUNTA DE CREDENCIALES DE DISTRITORev. Yuris CorreaRev. [&hellip;]\" \/>\n<meta property=\"og:url\" content=\"https:\/\/venezuelaprimero.org\/website\/nuestro-equipo\/\" \/>\n<meta property=\"og:site_name\" content=\"Venezuela primero\" \/>\n<meta property=\"article:modified_time\" content=\"2025-12-02T17:29:31+00:00\" \/>\n<meta name=\"twitter:card\" content=\"summary_large_image\" \/>\n<meta name=\"twitter:label1\" content=\"Tiempo de lectura\" \/>\n\t<meta name=\"twitter:data1\" content=\"30 minutos\" \/>\n<script type=\"application\/ld+json\" class=\"yoast-schema-graph\">{\"@context\":\"https:\/\/schema.org\",\"@graph\":[{\"@type\":\"WebPage\",\"@id\":\"https:\/\/venezuelaprimero.org\/website\/nuestro-equipo\/\",\"url\":\"https:\/\/venezuelaprimero.org\/website\/nuestro-equipo\/\",\"name\":\"Nuestro Equipo - Venezuela primero\",\"isPartOf\":{\"@id\":\"https:\/\/venezuelaprimero.org\/website\/#website\"},\"datePublished\":\"2021-06-01T15:04:29+00:00\",\"dateModified\":\"2025-12-02T17:29:31+00:00\",\"breadcrumb\":{\"@id\":\"https:\/\/venezuelaprimero.org\/website\/nuestro-equipo\/#breadcrumb\"},\"inLanguage\":\"es\",\"potentialAction\":[{\"@type\":\"ReadAction\",\"target\":[\"https:\/\/venezuelaprimero.org\/website\/nuestro-equipo\/\"]}]},{\"@type\":\"BreadcrumbList\",\"@id\":\"https:\/\/venezuelaprimero.org\/website\/nuestro-equipo\/#breadcrumb\",\"itemListElement\":[{\"@type\":\"ListItem\",\"position\":1,\"name\":\"Portada\",\"item\":\"https:\/\/venezuelaprimero.org\/website\/\"},{\"@type\":\"ListItem\",\"position\":2,\"name\":\"Nuestro Equipo\"}]},{\"@type\":\"WebSite\",\"@id\":\"https:\/\/venezuelaprimero.org\/website\/#website\",\"url\":\"https:\/\/venezuelaprimero.org\/website\/\",\"name\":\"Pagina web del distrito Venezuela Primero\",\"description\":\"Iglesia del nazareno venezuela\",\"publisher\":{\"@id\":\"https:\/\/venezuelaprimero.org\/website\/#organization\"},\"potentialAction\":[{\"@type\":\"SearchAction\",\"target\":{\"@type\":\"EntryPoint\",\"urlTemplate\":\"https:\/\/venezuelaprimero.org\/website\/?s={search_term_string}\"},\"query-input\":{\"@type\":\"PropertyValueSpecification\",\"valueRequired\":true,\"valueName\":\"search_term_string\"}}],\"inLanguage\":\"es\"},{\"@type\":\"Organization\",\"@id\":\"https:\/\/venezuelaprimero.org\/website\/#organization\",\"name\":\"Pagina web del distrito Venezulea Primero- Iglesia del Nazareno\",\"url\":\"https:\/\/venezuelaprimero.org\/website\/\",\"logo\":{\"@type\":\"ImageObject\",\"inLanguage\":\"es\",\"@id\":\"https:\/\/venezuelaprimero.org\/website\/#\/schema\/logo\/image\/\",\"url\":\"https:\/\/venezuelaprimero.org\/website\/wp-content\/uploads\/2021\/05\/logo-2.png\",\"contentUrl\":\"https:\/\/venezuelaprimero.org\/website\/wp-content\/uploads\/2021\/05\/logo-2.png\",\"width\":1318,\"height\":383,\"caption\":\"Pagina web del distrito Venezulea Primero- Iglesia del Nazareno\"},\"image\":{\"@id\":\"https:\/\/venezuelaprimero.org\/website\/#\/schema\/logo\/image\/\"}}]}<\/script>\n<!-- \/ Yoast SEO plugin. -->","yoast_head_json":{"title":"Nuestro Equipo - Venezuela primero","robots":{"index":"index","follow":"follow","max-snippet":"max-snippet:-1","max-image-preview":"max-image-preview:large","max-video-preview":"max-video-preview:-1"},"canonical":"https:\/\/venezuelaprimero.org\/website\/nuestro-equipo\/","og_locale":"es_ES","og_type":"article","og_title":"Nuestro Equipo - Venezuela primero","og_description":"Superintendente de DistritoLuis Monsalve AndradesIris Morales de Malav\u00e9Carmen LacruzCoordinadores Distritales de MinisteriosMoraf Jim\u00e9nezEstherline NoreMar\u00eda BlonderRev. Mar\u00eda Guaita de Su\u00e1rezJes\u00fas Rodr\u00edguezMabel VerenzuelaAn\u00edbal Rodr\u00edguezRev. Mar\u00eda de MonsalveCarlos CadavidJes\u00fas y Dilcia de BoggioSa\u00fal G\u00f3mez Ysmar de Jim\u00e9nezRev. William Su\u00e1rez JUNTA CONSULTORA DE DISTRITOPresb\u00edterosRev. Yuris CorreaRev. Manuel FajardoRev. Ejean OcceasLaicosYelitza Rodr\u00edguezMagaly Hern\u00e1ndezMario DellepereJUNTA DE CREDENCIALES DE DISTRITORev. Yuris CorreaRev. [&hellip;]","og_url":"https:\/\/venezuelaprimero.org\/website\/nuestro-equipo\/","og_site_name":"Venezuela primero","article_modified_time":"2025-12-02T17:29:31+00:00","twitter_card":"summary_large_image","twitter_misc":{"Tiempo de lectura":"30 minutos"},"schema":{"@context":"https:\/\/schema.org","@graph":[{"@type":"WebPage","@id":"https:\/\/venezuelaprimero.org\/website\/nuestro-equipo\/","url":"https:\/\/venezuelaprimero.org\/website\/nuestro-equipo\/","name":"Nuestro Equipo - Venezuela primero","isPartOf":{"@id":"https:\/\/venezuelaprimero.org\/website\/#website"},"datePublished":"2021-06-01T15:04:29+00:00","dateModified":"2025-12-02T17:29:31+00:00","breadcrumb":{"@id":"https:\/\/venezuelaprimero.org\/website\/nuestro-equipo\/#breadcrumb"},"inLanguage":"es","potentialAction":[{"@type":"ReadAction","target":["https:\/\/venezuelaprimero.org\/website\/nuestro-equipo\/"]}]},{"@type":"BreadcrumbList","@id":"https:\/\/venezuelaprimero.org\/website\/nuestro-equipo\/#breadcrumb","itemListElement":[{"@type":"ListItem","position":1,"name":"Portada","item":"https:\/\/venezuelaprimero.org\/website\/"},{"@type":"ListItem","position":2,"name":"Nuestro Equipo"}]},{"@type":"WebSite","@id":"https:\/\/venezuelaprimero.org\/website\/#website","url":"https:\/\/venezuelaprimero.org\/website\/","name":"Pagina web del distrito Venezuela Primero","description":"Iglesia del nazareno venezuela","publisher":{"@id":"https:\/\/venezuelaprimero.org\/website\/#organization"},"potentialAction":[{"@type":"SearchAction","target":{"@type":"EntryPoint","urlTemplate":"https:\/\/venezuelaprimero.org\/website\/?s={search_term_string}"},"query-input":{"@type":"PropertyValueSpecification","valueRequired":true,"valueName":"search_term_string"}}],"inLanguage":"es"},{"@type":"Organization","@id":"https:\/\/venezuelaprimero.org\/website\/#organization","name":"Pagina web del distrito Venezulea Primero- Iglesia del Nazareno","url":"https:\/\/venezuelaprimero.org\/website\/","logo":{"@type":"ImageObject","inLanguage":"es","@id":"https:\/\/venezuelaprimero.org\/website\/#\/schema\/logo\/image\/","url":"https:\/\/venezuelaprimero.org\/website\/wp-content\/uploads\/2021\/05\/logo-2.png","contentUrl":"https:\/\/venezuelaprimero.org\/website\/wp-content\/uploads\/2021\/05\/logo-2.png","width":1318,"height":383,"caption":"Pagina web del distrito Venezulea Primero- Iglesia del Nazareno"},"image":{"@id":"https:\/\/venezuelaprimero.org\/website\/#\/schema\/logo\/image\/"}}]}},"_links":{"self":[{"href":"https:\/\/venezuelaprimero.org\/website\/wp-json\/wp\/v2\/pages\/33049","targetHints":{"allow":["GET"]}}],"collection":[{"href":"https:\/\/venezuelaprimero.org\/website\/wp-json\/wp\/v2\/pages"}],"about":[{"href":"https:\/\/venezuelaprimero.org\/website\/wp-json\/wp\/v2\/types\/page"}],"author":[{"embeddable":true,"href":"https:\/\/venezuelaprimero.org\/website\/wp-json\/wp\/v2\/users\/1"}],"replies":[{"embeddable":true,"href":"https:\/\/venezuelaprimero.org\/website\/wp-json\/wp\/v2\/comments?post=33049"}],"version-history":[{"count":126,"href":"https:\/\/venezuelaprimero.org\/website\/wp-json\/wp\/v2\/pages\/33049\/revisions"}],"predecessor-version":[{"id":36343,"href":"https:\/\/venezuelaprimero.org\/website\/wp-json\/wp\/v2\/pages\/33049\/revisions\/36343"}],"wp:attachment":[{"href":"https:\/\/venezuelaprimero.org\/website\/wp-json\/wp\/v2\/media?parent=33049"}],"curies":[{"name":"wp","href":"https:\/\/api.w.org\/{rel}","templated":true}]}}