{"id":33057,"date":"2021-06-01T15:27:57","date_gmt":"2021-06-01T19:27:57","guid":{"rendered":"https:\/\/venezuelaprimero.org\/website\/?page_id=33057"},"modified":"2021-06-22T10:02:29","modified_gmt":"2021-06-22T14:02:29","slug":"iglesia-del-nazareno","status":"publish","type":"page","link":"https:\/\/venezuelaprimero.org\/website\/iglesia-del-nazareno\/","title":{"rendered":"Iglesia Del Nazareno"},"content":{"rendered":"<p>[et_pb_section fb_built=&#8221;1&#8243; _builder_version=&#8221;4.8.1&#8243; _module_preset=&#8221;default&#8221; custom_padding=&#8221;||2px|||&#8221;][et_pb_row column_structure=&#8221;1_2,1_2&#8243; module_id=&#8221;historia&#8221; _builder_version=&#8221;4.8.1&#8243; _module_preset=&#8221;default&#8221; width=&#8221;100%&#8221; max_width=&#8221;100%&#8221; custom_padding=&#8221;0px||0px||false|false&#8221;][et_pb_column type=&#8221;1_2&#8243; _builder_version=&#8221;4.8.1&#8243; _module_preset=&#8221;default&#8221; background_image=&#8221;https:\/\/venezuelaprimero.org\/website\/wp-content\/uploads\/2021\/06\/Fundamentos-Encabezado.png&#8221; custom_css_main_element=&#8221;height: 475px;&#8221;][et_pb_image src=&#8221;https:\/\/venezuelaprimero.org\/website\/wp-content\/uploads\/2021\/06\/transparent.png&#8221; title_text=&#8221;transparent&#8221; _builder_version=&#8221;4.8.1&#8243; _module_preset=&#8221;default&#8221;][\/et_pb_image][\/et_pb_column][et_pb_column type=&#8221;1_2&#8243; _builder_version=&#8221;4.8.1&#8243; _module_preset=&#8221;default&#8221; custom_padding=&#8221;|20px||20px|false|true&#8221;][et_pb_text _builder_version=&#8221;4.8.1&#8243; _module_preset=&#8221;default&#8221; header_2_font_size=&#8221;28px&#8221; max_width=&#8221;560px&#8221; module_alignment=&#8221;center&#8221; custom_margin=&#8221;70px||23px||false|false&#8221; custom_margin_tablet=&#8221;20px||||false|false&#8221; custom_margin_phone=&#8221;20px||||false|false&#8221; custom_margin_last_edited=&#8221;on|phone&#8221; custom_padding=&#8221;||||false|true&#8221; custom_padding_tablet=&#8221;&#8221; custom_padding_phone=&#8221;&#8221; custom_padding_last_edited=&#8221;on|phone&#8221; hover_enabled=&#8221;0&#8243; module_alignment_tablet=&#8221;left&#8221; module_alignment_phone=&#8221;left&#8221; module_alignment_last_edited=&#8221;on|phone&#8221; max_width_last_edited=&#8221;on|tablet&#8221; max_width_tablet=&#8221;100%&#8221; sticky_enabled=&#8221;0&#8243;]<\/p>\n<h2 style=\"text-align: center;\">Historia<\/h2>\n<p>[\/et_pb_text][et_pb_text _builder_version=&#8221;4.8.1&#8243; _module_preset=&#8221;default&#8221; text_text_color=&#8221;#8c8c8c&#8221; text_font_size=&#8221;15px&#8221; max_width=&#8221;560px&#8221; max_width_tablet=&#8221;100%&#8221; max_width_phone=&#8221;&#8221; max_width_last_edited=&#8221;on|tablet&#8221; module_alignment=&#8221;center&#8221; custom_margin=&#8221;||29px|||&#8221; custom_padding=&#8221;||||false|true&#8221; module_alignment_tablet=&#8221;center&#8221; module_alignment_phone=&#8221;&#8221; module_alignment_last_edited=&#8221;on|tablet&#8221;]<\/p>\n<p style=\"text-align: center;\"><span>La Iglesia del Nazareno remonta su fecha de aniversario a 1908. Su organizaci\u00f3n fue un matrimonio que, como todo matrimonio, uni\u00f3 a las familias existentes y cre\u00f3 una nueva. Como expresi\u00f3n del movimiento de santidad y su \u00e9nfasis en la vida santificada, nuestros fundadores se unieron para formar un solo pueblo. Utilizando el evangelismo, los ministerios compasivos y la educaci\u00f3n, su iglesia se convirti\u00f3 en un pueblo de muchas culturas y lenguas.<\/span><\/p>\n<p>[\/et_pb_text][et_pb_button button_url=&#8221;@ET-DC@eyJkeW5hbWljIjp0cnVlLCJjb250ZW50IjoicG9zdF9saW5rX3VybF9wYWdlIiwic2V0dGluZ3MiOnsicG9zdF9pZCI6IjMyMzgyIn19@&#8221; button_text=&#8221;Ver m\u00e1s&#8221; button_alignment=&#8221;center&#8221; module_class=&#8221;btnBox&#8221; _builder_version=&#8221;4.8.1&#8243; _dynamic_attributes=&#8221;button_url&#8221; _module_preset=&#8221;default&#8221;][\/et_pb_button][\/et_pb_column][\/et_pb_row][et_pb_row column_structure=&#8221;1_2,1_2&#8243; module_id=&#8221;en-que-creemos&#8221; module_class=&#8221;rowDer&#8221; _builder_version=&#8221;4.8.1&#8243; _module_preset=&#8221;default&#8221; width=&#8221;100%&#8221; max_width=&#8221;100%&#8221; custom_padding=&#8221;0px||0px||false|false&#8221;][et_pb_column type=&#8221;1_2&#8243; _builder_version=&#8221;4.8.1&#8243; _module_preset=&#8221;default&#8221; custom_padding=&#8221;|20px||20px|false|true&#8221;][et_pb_text _builder_version=&#8221;4.8.1&#8243; _module_preset=&#8221;default&#8221; header_2_font_size=&#8221;28px&#8221; max_width=&#8221;560px&#8221; module_alignment=&#8221;center&#8221; custom_margin=&#8221;70px||23px||false|false&#8221; custom_margin_tablet=&#8221;20px||||false|false&#8221; custom_margin_phone=&#8221;20px||||false|false&#8221; custom_margin_last_edited=&#8221;on|phone&#8221; custom_padding=&#8221;||||false|true&#8221; custom_padding_tablet=&#8221;&#8221; custom_padding_phone=&#8221;&#8221; custom_padding_last_edited=&#8221;on|phone&#8221; module_alignment_tablet=&#8221;left&#8221; module_alignment_phone=&#8221;left&#8221; module_alignment_last_edited=&#8221;on|phone&#8221; max_width_tablet=&#8221;100%&#8221; max_width_last_edited=&#8221;on|tablet&#8221;]<\/p>\n<h2 style=\"text-align: center;\">En qu\u00e9 creemos<\/h2>\n<p>[\/et_pb_text][et_pb_text _builder_version=&#8221;4.8.1&#8243; _module_preset=&#8221;default&#8221; text_text_color=&#8221;#8c8c8c&#8221; text_font_size=&#8221;15px&#8221; max_width=&#8221;560px&#8221; max_width_tablet=&#8221;100%&#8221; max_width_phone=&#8221;&#8221; max_width_last_edited=&#8221;on|tablet&#8221; module_alignment=&#8221;center&#8221; custom_margin=&#8221;||29px|||&#8221; custom_padding=&#8221;||||false|true&#8221; module_alignment_tablet=&#8221;center&#8221; module_alignment_phone=&#8221;&#8221; module_alignment_last_edited=&#8221;on|tablet&#8221;]<\/p>\n<p style=\"text-align: center;\"><span>A fin de que mantengamos nuestra herencia dada por Dios, la fe una vez dada a los santos, especialmente la doctrina y experiencia de la entera santificaci\u00f3n como segunda obra de gracia, y tambi\u00e9n para que cooperemos eficazmente con otras ramas de la iglesia de Jesucristo en expandir el reino de Dios, nosotros, los ministros y los miembros laicos de la Iglesia del Nazareno en conformidad con los principios de la legislaci\u00f3n constitucional establecida entre nosotros, por la presente ordenamos, adoptamos y publicamos como la ley fundamental o Constituci\u00f3n de la Iglesia del Nazareno, los siguientes\u00a0<\/span><strong>Art\u00edculos de Fe<\/strong><span>.<\/span><\/p>\n<p>[\/et_pb_text][et_pb_button button_url=&#8221;@ET-DC@eyJkeW5hbWljIjp0cnVlLCJjb250ZW50IjoicG9zdF9saW5rX3VybF9wYWdlIiwic2V0dGluZ3MiOnsicG9zdF9pZCI6IjMyNDA5In19@&#8221; button_text=&#8221;Ver m\u00e1s&#8221; button_alignment=&#8221;center&#8221; module_class=&#8221;btnBox&#8221; _builder_version=&#8221;4.8.1&#8243; _dynamic_attributes=&#8221;button_url&#8221; _module_preset=&#8221;default&#8221;][\/et_pb_button][\/et_pb_column][et_pb_column type=&#8221;1_2&#8243; _builder_version=&#8221;4.8.1&#8243; _module_preset=&#8221;default&#8221; background_image=&#8221;https:\/\/v2.samnaz.org\/wp-content\/uploads\/2021\/04\/hero_0-scaled.jpg&#8221; custom_css_main_element=&#8221;height: 475px;&#8221;][et_pb_image src=&#8221;https:\/\/venezuelaprimero.org\/website\/wp-content\/uploads\/2021\/06\/transparent.png&#8221; title_text=&#8221;transparent&#8221; _builder_version=&#8221;4.8.1&#8243; _module_preset=&#8221;default&#8221;][\/et_pb_image][\/et_pb_column][\/et_pb_row][et_pb_row column_structure=&#8221;1_2,1_2&#8243; module_id=&#8221;nuestros-valores&#8221; _builder_version=&#8221;4.8.1&#8243; _module_preset=&#8221;default&#8221; width=&#8221;100%&#8221; max_width=&#8221;100%&#8221; custom_padding=&#8221;0px||0px||false|false&#8221;][et_pb_column type=&#8221;1_2&#8243; _builder_version=&#8221;4.8.1&#8243; _module_preset=&#8221;default&#8221; background_image=&#8221;https:\/\/venezuelaprimero.org\/website\/wp-content\/uploads\/2021\/06\/abrazo.jpg&#8221; custom_css_main_element=&#8221;height: 475px;&#8221;][et_pb_image src=&#8221;https:\/\/venezuelaprimero.org\/website\/wp-content\/uploads\/2021\/06\/transparent.png&#8221; title_text=&#8221;transparent&#8221; _builder_version=&#8221;4.8.1&#8243; _module_preset=&#8221;default&#8221;][\/et_pb_image][\/et_pb_column][et_pb_column type=&#8221;1_2&#8243; _builder_version=&#8221;4.8.1&#8243; _module_preset=&#8221;default&#8221; custom_padding=&#8221;|20px||20px|false|true&#8221;][et_pb_text _builder_version=&#8221;4.8.1&#8243; _module_preset=&#8221;default&#8221; header_2_font_size=&#8221;28px&#8221; max_width=&#8221;560px&#8221; module_alignment=&#8221;center&#8221; custom_margin=&#8221;107px||23px||false|false&#8221; custom_margin_tablet=&#8221;20px||||false|false&#8221; custom_margin_phone=&#8221;20px||||false|false&#8221; custom_margin_last_edited=&#8221;on|phone&#8221; custom_padding=&#8221;||||false|true&#8221; custom_padding_tablet=&#8221;&#8221; custom_padding_phone=&#8221;&#8221; custom_padding_last_edited=&#8221;on|phone&#8221; module_alignment_tablet=&#8221;left&#8221; module_alignment_phone=&#8221;left&#8221; module_alignment_last_edited=&#8221;on|phone&#8221; max_width_tablet=&#8221;100%&#8221; max_width_last_edited=&#8221;on|tablet&#8221;]<\/p>\n<h2 style=\"text-align: center;\">Nuestros valores<\/h2>\n<p>[\/et_pb_text][et_pb_text _builder_version=&#8221;4.8.1&#8243; _module_preset=&#8221;default&#8221; text_text_color=&#8221;#8c8c8c&#8221; text_font_size=&#8221;15px&#8221; max_width=&#8221;560px&#8221; max_width_tablet=&#8221;100%&#8221; max_width_phone=&#8221;&#8221; max_width_last_edited=&#8221;on|tablet&#8221; module_alignment=&#8221;center&#8221; custom_margin=&#8221;||29px|||&#8221; custom_padding=&#8221;||||false|true&#8221; module_alignment_tablet=&#8221;center&#8221; module_alignment_phone=&#8221;&#8221; module_alignment_last_edited=&#8221;on|tablet&#8221;]<\/p>\n<p style=\"text-align: center;\"><span>Toda organizaci\u00f3n que permanece a trav\u00e9s del tiempo se basa en una profunda combinaci\u00f3n de prop\u00f3sito, creencia y valores compartidos. As\u00ed nos sucede en la Iglesia del Nazareno. Nuestra iglesia se fund\u00f3 para transformar al mundo diseminando la santidad b\u00edblica. Somos una iglesia de la Gran Comisi\u00f3n y de santidad al mismo tiempo. Nuestra misi\u00f3n es hacer disc\u00edpulos\u00a0semejantes a Cristo\u00a0en todas las naciones.<\/span><\/p>\n<p>[\/et_pb_text][et_pb_button button_url=&#8221;@ET-DC@eyJkeW5hbWljIjp0cnVlLCJjb250ZW50IjoicG9zdF9saW5rX3VybF9wYWdlIiwic2V0dGluZ3MiOnsicG9zdF9pZCI6IjMyNDIyIn19@&#8221; button_text=&#8221;Ver m\u00e1s&#8221; button_alignment=&#8221;center&#8221; module_class=&#8221;btnBox&#8221; _builder_version=&#8221;4.8.1&#8243; _dynamic_attributes=&#8221;button_url&#8221; _module_preset=&#8221;default&#8221;][\/et_pb_button][\/et_pb_column][\/et_pb_row][\/et_pb_section][et_pb_section fb_built=&#8221;1&#8243; _builder_version=&#8221;4.8.1&#8243; _module_preset=&#8221;default&#8221;][et_pb_row column_structure=&#8221;1_3,1_3,1_3&#8243; _builder_version=&#8221;4.8.1&#8243; _module_preset=&#8221;default&#8221;][et_pb_column type=&#8221;1_3&#8243; _builder_version=&#8221;4.8.1&#8243; _module_preset=&#8221;default&#8221;][\/et_pb_column][et_pb_column type=&#8221;1_3&#8243; _builder_version=&#8221;4.8.1&#8243; _module_preset=&#8221;default&#8221;][et_pb_text _builder_version=&#8221;4.8.1&#8243; _module_preset=&#8221;default&#8221; header_2_font_size=&#8221;28px&#8221; max_width=&#8221;560px&#8221; module_alignment=&#8221;center&#8221; custom_margin=&#8221;70px||23px||false|false&#8221; custom_margin_tablet=&#8221;20px||||false|false&#8221; custom_margin_phone=&#8221;20px||||false|false&#8221; custom_margin_last_edited=&#8221;on|phone&#8221; custom_padding=&#8221;||||false|true&#8221; custom_padding_tablet=&#8221;&#8221; custom_padding_phone=&#8221;&#8221; custom_padding_last_edited=&#8221;on|phone&#8221; module_alignment_tablet=&#8221;left&#8221; module_alignment_phone=&#8221;left&#8221; module_alignment_last_edited=&#8221;on|phone&#8221; max_width_tablet=&#8221;100%&#8221; max_width_last_edited=&#8221;on|tablet&#8221;]<\/p>\n<h2 style=\"text-align: center;\">Nuestro Equipo<\/h2>\n<p>[\/et_pb_text][\/et_pb_column][et_pb_column type=&#8221;1_3&#8243; _builder_version=&#8221;4.8.1&#8243; _module_preset=&#8221;default&#8221;][\/et_pb_column][\/et_pb_row][et_pb_row column_structure=&#8221;1_3,1_3,1_3&#8243; _builder_version=&#8221;4.8.1&#8243; _module_preset=&#8221;default&#8221;][et_pb_column type=&#8221;1_3&#8243; _builder_version=&#8221;4.8.1&#8243; _module_preset=&#8221;default&#8221;][et_pb_team_member name=&#8221;Jenny Hern\u00e1ndez&#8221; position=&#8221;Secretaria del Distrito&#8221; image_url=&#8221;https:\/\/venezuelaprimero.org\/website\/wp-content\/uploads\/2021\/06\/jenny.jpg&#8221; module_class=&#8221;imagenTeam&#8221; _builder_version=&#8221;4.8.1&#8243; _module_preset=&#8221;default&#8221; header_font=&#8221;|700||on|||||&#8221; header_text_align=&#8221;center&#8221; header_font_size=&#8221;18px&#8221; body_text_align=&#8221;center&#8221; body_font_size=&#8221;17px&#8221; position_text_align=&#8221;center&#8221; width=&#8221;100%&#8221; max_width=&#8221;100%&#8221; module_alignment=&#8221;center&#8221; custom_margin=&#8221;|0px||0px|false|true&#8221; custom_padding=&#8221;|0px||0px|false|false&#8221; locked=&#8221;off&#8221;]<\/p>\n<p><a href=\"mailto:jdo1969@gmail.com\">jdo1969@gmail.com<\/a><\/p>\n<p>[\/et_pb_team_member][\/et_pb_column][et_pb_column type=&#8221;1_3&#8243; _builder_version=&#8221;4.8.1&#8243; _module_preset=&#8221;default&#8221;][et_pb_team_member name=&#8221;Lember Romero&#8221; position=&#8221;Superintendente Distrital&#8221; image_url=&#8221;https:\/\/venezuelaprimero.org\/website\/wp-content\/uploads\/2021\/06\/lember.jpg&#8221; module_class=&#8221;imagenTeam&#8221; _builder_version=&#8221;4.8.1&#8243; _module_preset=&#8221;default&#8221; header_font=&#8221;|700||on|||||&#8221; header_text_align=&#8221;center&#8221; header_font_size=&#8221;18px&#8221; body_text_align=&#8221;center&#8221; body_font_size=&#8221;17px&#8221; position_text_align=&#8221;center&#8221; width=&#8221;100%&#8221; max_width=&#8221;100%&#8221; module_alignment=&#8221;center&#8221; custom_margin=&#8221;|0px||0px|false|true&#8221; custom_padding=&#8221;|0px||0px|false|false&#8221; locked=&#8221;off&#8221;]<\/p>\n<p><a href=\"mailto:lromero@jle.org.ve\" target=\"_blank\" rel=\"noopener\">lromero@jle.org.ve<\/a><\/p>\n<p>[\/et_pb_team_member][\/et_pb_column][et_pb_column type=&#8221;1_3&#8243; _builder_version=&#8221;4.8.1&#8243; _module_preset=&#8221;default&#8221;][et_pb_team_member name=&#8221;Yecenia Ascanio&#8221; position=&#8221;Tesorera del Dsitrito&#8221; image_url=&#8221;https:\/\/venezuelaprimero.org\/website\/wp-content\/uploads\/2021\/06\/yecenia.jpg&#8221; module_class=&#8221;imagenTeam&#8221; _builder_version=&#8221;4.8.1&#8243; _module_preset=&#8221;default&#8221; header_font=&#8221;|700||on|||||&#8221; header_text_align=&#8221;center&#8221; header_font_size=&#8221;18px&#8221; body_text_align=&#8221;center&#8221; body_font_size=&#8221;17px&#8221; position_text_align=&#8221;center&#8221; width=&#8221;100%&#8221; max_width=&#8221;100%&#8221; module_alignment=&#8221;center&#8221; custom_margin=&#8221;|0px||0px|false|true&#8221; custom_padding=&#8221;|0px||0px|false|false&#8221; locked=&#8221;off&#8221;]<\/p>\n<p><a href=\"mailto:yascanio@jle.org.ve\" target=\"_blank\" rel=\"noopener\">yascanio@jle.org.ve<\/a><\/p>\n<p>[\/et_pb_team_member][\/et_pb_column][\/et_pb_row][et_pb_row _builder_version=&#8221;4.8.1&#8243; _module_preset=&#8221;default&#8221;][et_pb_column type=&#8221;4_4&#8243; _builder_version=&#8221;4.8.1&#8243; _module_preset=&#8221;default&#8221;][et_pb_button button_url=&#8221;@ET-DC@eyJkeW5hbWljIjp0cnVlLCJjb250ZW50IjoicG9zdF9saW5rX3VybF9wYWdlIiwic2V0dGluZ3MiOnsicG9zdF9pZCI6IjMzMDQ5In19@&#8221; button_text=&#8221;Ver m\u00e1s&#8221; button_alignment=&#8221;center&#8221; module_class=&#8221;btnBox&#8221; _builder_version=&#8221;4.8.1&#8243; _dynamic_attributes=&#8221;button_url&#8221; _module_preset=&#8221;default&#8221;][\/et_pb_button][\/et_pb_column][\/et_pb_row][\/et_pb_section]<\/p>\n","protected":false},"excerpt":{"rendered":"<p>HistoriaLa Iglesia del Nazareno remonta su fecha de aniversario a 1908. Su organizaci\u00f3n fue un matrimonio que, como todo matrimonio, uni\u00f3 a las familias existentes y cre\u00f3 una nueva. Como expresi\u00f3n del movimiento de santidad y su \u00e9nfasis en la vida santificada, nuestros fundadores se unieron para formar un solo pueblo. Utilizando el evangelismo, los [&hellip;]<\/p>\n","protected":false},"author":1,"featured_media":0,"parent":0,"menu_order":0,"comment_status":"closed","ping_status":"closed","template":"","meta":{"_acf_changed":false,"_et_pb_use_builder":"on","_et_pb_old_content":"","_et_gb_content_width":"","footnotes":""},"class_list":["post-33057","page","type-page","status-publish","hentry"],"acf":[],"yoast_head":"<!-- This site is optimized with the Yoast SEO plugin v23.5 - https:\/\/yoast.com\/wordpress\/plugins\/seo\/ -->\n<title>Iglesia Del Nazareno - Venezuela primero<\/title>\n<meta name=\"robots\" content=\"index, follow, max-snippet:-1, max-image-preview:large, max-video-preview:-1\" \/>\n<link rel=\"canonical\" href=\"https:\/\/venezuelaprimero.org\/website\/iglesia-del-nazareno\/\" \/>\n<meta property=\"og:locale\" content=\"es_ES\" \/>\n<meta property=\"og:type\" content=\"article\" \/>\n<meta property=\"og:title\" content=\"Iglesia Del Nazareno - Venezuela primero\" \/>\n<meta property=\"og:description\" content=\"HistoriaLa Iglesia del Nazareno remonta su fecha de aniversario a 1908. Su organizaci\u00f3n fue un matrimonio que, como todo matrimonio, uni\u00f3 a las familias existentes y cre\u00f3 una nueva. Como expresi\u00f3n del movimiento de santidad y su \u00e9nfasis en la vida santificada, nuestros fundadores se unieron para formar un solo pueblo. Utilizando el evangelismo, los [&hellip;]\" \/>\n<meta property=\"og:url\" content=\"https:\/\/venezuelaprimero.org\/website\/iglesia-del-nazareno\/\" \/>\n<meta property=\"og:site_name\" content=\"Venezuela primero\" \/>\n<meta property=\"article:modified_time\" content=\"2021-06-22T14:02:29+00:00\" \/>\n<meta name=\"twitter:card\" content=\"summary_large_image\" \/>\n<meta name=\"twitter:label1\" content=\"Tiempo de lectura\" \/>\n\t<meta name=\"twitter:data1\" content=\"8 minutos\" \/>\n<script type=\"application\/ld+json\" class=\"yoast-schema-graph\">{\"@context\":\"https:\/\/schema.org\",\"@graph\":[{\"@type\":\"WebPage\",\"@id\":\"https:\/\/venezuelaprimero.org\/website\/iglesia-del-nazareno\/\",\"url\":\"https:\/\/venezuelaprimero.org\/website\/iglesia-del-nazareno\/\",\"name\":\"Iglesia Del Nazareno - Venezuela primero\",\"isPartOf\":{\"@id\":\"https:\/\/venezuelaprimero.org\/website\/#website\"},\"datePublished\":\"2021-06-01T19:27:57+00:00\",\"dateModified\":\"2021-06-22T14:02:29+00:00\",\"breadcrumb\":{\"@id\":\"https:\/\/venezuelaprimero.org\/website\/iglesia-del-nazareno\/#breadcrumb\"},\"inLanguage\":\"es\",\"potentialAction\":[{\"@type\":\"ReadAction\",\"target\":[\"https:\/\/venezuelaprimero.org\/website\/iglesia-del-nazareno\/\"]}]},{\"@type\":\"BreadcrumbList\",\"@id\":\"https:\/\/venezuelaprimero.org\/website\/iglesia-del-nazareno\/#breadcrumb\",\"itemListElement\":[{\"@type\":\"ListItem\",\"position\":1,\"name\":\"Portada\",\"item\":\"https:\/\/venezuelaprimero.org\/website\/\"},{\"@type\":\"ListItem\",\"position\":2,\"name\":\"Iglesia Del Nazareno\"}]},{\"@type\":\"WebSite\",\"@id\":\"https:\/\/venezuelaprimero.org\/website\/#website\",\"url\":\"https:\/\/venezuelaprimero.org\/website\/\",\"name\":\"Pagina web del distrito Venezuela Primero\",\"description\":\"Iglesia del nazareno venezuela\",\"publisher\":{\"@id\":\"https:\/\/venezuelaprimero.org\/website\/#organization\"},\"potentialAction\":[{\"@type\":\"SearchAction\",\"target\":{\"@type\":\"EntryPoint\",\"urlTemplate\":\"https:\/\/venezuelaprimero.org\/website\/?s={search_term_string}\"},\"query-input\":{\"@type\":\"PropertyValueSpecification\",\"valueRequired\":true,\"valueName\":\"search_term_string\"}}],\"inLanguage\":\"es\"},{\"@type\":\"Organization\",\"@id\":\"https:\/\/venezuelaprimero.org\/website\/#organization\",\"name\":\"Pagina web del distrito Venezulea Primero- Iglesia del Nazareno\",\"url\":\"https:\/\/venezuelaprimero.org\/website\/\",\"logo\":{\"@type\":\"ImageObject\",\"inLanguage\":\"es\",\"@id\":\"https:\/\/venezuelaprimero.org\/website\/#\/schema\/logo\/image\/\",\"url\":\"https:\/\/venezuelaprimero.org\/website\/wp-content\/uploads\/2021\/05\/logo-2.png\",\"contentUrl\":\"https:\/\/venezuelaprimero.org\/website\/wp-content\/uploads\/2021\/05\/logo-2.png\",\"width\":1318,\"height\":383,\"caption\":\"Pagina web del distrito Venezulea Primero- Iglesia del Nazareno\"},\"image\":{\"@id\":\"https:\/\/venezuelaprimero.org\/website\/#\/schema\/logo\/image\/\"}}]}<\/script>\n<!-- \/ Yoast SEO plugin. -->","yoast_head_json":{"title":"Iglesia Del Nazareno - Venezuela primero","robots":{"index":"index","follow":"follow","max-snippet":"max-snippet:-1","max-image-preview":"max-image-preview:large","max-video-preview":"max-video-preview:-1"},"canonical":"https:\/\/venezuelaprimero.org\/website\/iglesia-del-nazareno\/","og_locale":"es_ES","og_type":"article","og_title":"Iglesia Del Nazareno - Venezuela primero","og_description":"HistoriaLa Iglesia del Nazareno remonta su fecha de aniversario a 1908. Su organizaci\u00f3n fue un matrimonio que, como todo matrimonio, uni\u00f3 a las familias existentes y cre\u00f3 una nueva. Como expresi\u00f3n del movimiento de santidad y su \u00e9nfasis en la vida santificada, nuestros fundadores se unieron para formar un solo pueblo. Utilizando el evangelismo, los [&hellip;]","og_url":"https:\/\/venezuelaprimero.org\/website\/iglesia-del-nazareno\/","og_site_name":"Venezuela primero","article_modified_time":"2021-06-22T14:02:29+00:00","twitter_card":"summary_large_image","twitter_misc":{"Tiempo de lectura":"8 minutos"},"schema":{"@context":"https:\/\/schema.org","@graph":[{"@type":"WebPage","@id":"https:\/\/venezuelaprimero.org\/website\/iglesia-del-nazareno\/","url":"https:\/\/venezuelaprimero.org\/website\/iglesia-del-nazareno\/","name":"Iglesia Del Nazareno - Venezuela primero","isPartOf":{"@id":"https:\/\/venezuelaprimero.org\/website\/#website"},"datePublished":"2021-06-01T19:27:57+00:00","dateModified":"2021-06-22T14:02:29+00:00","breadcrumb":{"@id":"https:\/\/venezuelaprimero.org\/website\/iglesia-del-nazareno\/#breadcrumb"},"inLanguage":"es","potentialAction":[{"@type":"ReadAction","target":["https:\/\/venezuelaprimero.org\/website\/iglesia-del-nazareno\/"]}]},{"@type":"BreadcrumbList","@id":"https:\/\/venezuelaprimero.org\/website\/iglesia-del-nazareno\/#breadcrumb","itemListElement":[{"@type":"ListItem","position":1,"name":"Portada","item":"https:\/\/venezuelaprimero.org\/website\/"},{"@type":"ListItem","position":2,"name":"Iglesia Del Nazareno"}]},{"@type":"WebSite","@id":"https:\/\/venezuelaprimero.org\/website\/#website","url":"https:\/\/venezuelaprimero.org\/website\/","name":"Pagina web del distrito Venezuela Primero","description":"Iglesia del nazareno venezuela","publisher":{"@id":"https:\/\/venezuelaprimero.org\/website\/#organization"},"potentialAction":[{"@type":"SearchAction","target":{"@type":"EntryPoint","urlTemplate":"https:\/\/venezuelaprimero.org\/website\/?s={search_term_string}"},"query-input":{"@type":"PropertyValueSpecification","valueRequired":true,"valueName":"search_term_string"}}],"inLanguage":"es"},{"@type":"Organization","@id":"https:\/\/venezuelaprimero.org\/website\/#organization","name":"Pagina web del distrito Venezulea Primero- Iglesia del Nazareno","url":"https:\/\/venezuelaprimero.org\/website\/","logo":{"@type":"ImageObject","inLanguage":"es","@id":"https:\/\/venezuelaprimero.org\/website\/#\/schema\/logo\/image\/","url":"https:\/\/venezuelaprimero.org\/website\/wp-content\/uploads\/2021\/05\/logo-2.png","contentUrl":"https:\/\/venezuelaprimero.org\/website\/wp-content\/uploads\/2021\/05\/logo-2.png","width":1318,"height":383,"caption":"Pagina web del distrito Venezulea Primero- Iglesia del Nazareno"},"image":{"@id":"https:\/\/venezuelaprimero.org\/website\/#\/schema\/logo\/image\/"}}]}},"_links":{"self":[{"href":"https:\/\/venezuelaprimero.org\/website\/wp-json\/wp\/v2\/pages\/33057","targetHints":{"allow":["GET"]}}],"collection":[{"href":"https:\/\/venezuelaprimero.org\/website\/wp-json\/wp\/v2\/pages"}],"about":[{"href":"https:\/\/venezuelaprimero.org\/website\/wp-json\/wp\/v2\/types\/page"}],"author":[{"embeddable":true,"href":"https:\/\/venezuelaprimero.org\/website\/wp-json\/wp\/v2\/users\/1"}],"replies":[{"embeddable":true,"href":"https:\/\/venezuelaprimero.org\/website\/wp-json\/wp\/v2\/comments?post=33057"}],"version-history":[{"count":9,"href":"https:\/\/venezuelaprimero.org\/website\/wp-json\/wp\/v2\/pages\/33057\/revisions"}],"predecessor-version":[{"id":33751,"href":"https:\/\/venezuelaprimero.org\/website\/wp-json\/wp\/v2\/pages\/33057\/revisions\/33751"}],"wp:attachment":[{"href":"https:\/\/venezuelaprimero.org\/website\/wp-json\/wp\/v2\/media?parent=33057"}],"curies":[{"name":"wp","href":"https:\/\/api.w.org\/{rel}","templated":true}]}}